{"id":962,"date":"2019-03-13T16:57:01","date_gmt":"2019-03-13T19:57:01","guid":{"rendered":"http:\/\/uenf.br\/cbb\/lca\/files\/2019\/03\/Equipamento-5.png"},"modified":"2019-05-21T14:32:43","modified_gmt":"2019-05-21T17:32:43","slug":"equipamento-5","status":"inherit","type":"attachment","link":"https:\/\/uenf.br\/cbb\/lca\/apresentacao\/infraestrutura\/central-analitica\/equipamento-5\/","title":{"rendered":"Analisador de \u00c1rea Superficial"},"author":18,"featured_media":0,"comment_status":"closed","ping_status":"closed","template":"","meta":[],"class_list":["post-962","attachment","type-attachment","status-inherit","hentry"],"description":{"rendered":"<p class=\"attachment\"><a href='https:\/\/uenf.br\/cbb\/lca\/files\/2019\/03\/Equipamento-5.png'><img decoding=\"async\" width=\"300\" height=\"260\" src=\"https:\/\/uenf.br\/cbb\/lca\/files\/2019\/03\/Equipamento-5.png\" class=\"attachment-medium size-medium\" alt=\"\" loading=\"lazy\" \/><\/a><\/p>\n<p>Este equipamento \u00e9 fundamental para a caracteriza\u00e7\u00e3o textural de diferentes materiais, como por exemplo, s\u00edlicas mesoporosas, ze\u00f3litas, pol\u00edmeros de coordena\u00e7\u00e3o, catalisadores, dentre outros.<\/p>\n"},"caption":{"rendered":"<p>Analisador de \u00c1rea Superficial<\/p>\n"},"alt_text":"","media_type":"image","mime_type":"image\/png","media_details":{"width":2000,"height":1732,"file":"2019\/03\/Equipamento-5.png","image_meta":{"aperture":"0","credit":"","camera":"","caption":"","created_timestamp":"0","copyright":"","focal_length":"0","iso":"0","shutter_speed":"0","title":"","orientation":"0","keywords":[]},"sizes":{}},"post":149,"source_url":"https:\/\/uenf.br\/cbb\/lca\/files\/2019\/03\/Equipamento-5.png","_links":{"self":[{"href":"https:\/\/uenf.br\/cbb\/lca\/wp-json\/wp\/v2\/media\/962","targetHints":{"allow":["GET"]}}],"collection":[{"href":"https:\/\/uenf.br\/cbb\/lca\/wp-json\/wp\/v2\/media"}],"about":[{"href":"https:\/\/uenf.br\/cbb\/lca\/wp-json\/wp\/v2\/types\/attachment"}],"author":[{"embeddable":true,"href":"https:\/\/uenf.br\/cbb\/lca\/wp-json\/wp\/v2\/users\/18"}],"replies":[{"embeddable":true,"href":"https:\/\/uenf.br\/cbb\/lca\/wp-json\/wp\/v2\/comments?post=962"}],"wp:attached-to":[{"embeddable":true,"post_type":"page","id":149,"href":"https:\/\/uenf.br\/cbb\/lca\/wp-json\/wp\/v2\/pages\/149"}],"curies":[{"name":"wp","href":"https:\/\/api.w.org\/{rel}","templated":true}]}}