{"id":77,"date":"2012-07-05T15:37:43","date_gmt":"2012-07-05T18:37:43","guid":{"rendered":"http:\/\/uenf.br\/cch\/leea\/?page_id=77"},"modified":"2021-04-09T10:43:10","modified_gmt":"2021-04-09T13:43:10","slug":"nets","status":"publish","type":"page","link":"https:\/\/uenf.br\/cch\/leea\/grupos-de-pesquisa\/nets\/","title":{"rendered":"NETS"},"content":{"rendered":"<p><strong>NUCLEO DE ESTUDOS DE TEORIA SOCIAL<\/strong><\/p>\n<p>Coordenadora <em>Prof\u00aa Adelia Miglievich Ribeiro<\/em><\/p>\n<p>miglirib@uenf.br<\/p>\n<p>O N\u00facleo de Estudos em Teoria Social (NETS), coordenado pela Prof \u00aa Adelia Miglievich, \u00e9 composto por graduandos de Ci\u00eancias Sociais e de Ci\u00eancia da Educa\u00e7\u00e3o bem como mestrandos em Pol\u00edticas Sociais e Cogni\u00e7\u00e3o Linguagem, tamb\u00e9m por professores de distintos laborat\u00f3rios e centros da UENF, al\u00e9m de convidados de outras institui\u00e7\u00f5es de ensino superior na cidade de Campos que se articulam no desenvolvimento de projetos de pesquisa, publica\u00e7\u00f5es, organiza\u00e7\u00e3o de encontros e participa\u00e7\u00e3o em Congressos visando ao aprofundamento e \u00e0 atualiza\u00e7\u00e3o das teorias sociol\u00f3gicas e pol\u00edticas em forte conex\u00e3o \u00e0 crise da modernidade, portanto, aos desafios da reorganiza\u00e7\u00e3o do trabalho, da ci\u00eancia, do direito, do Estado, da democracia. Al\u00e9m dos eventos externos, o N\u00facleo realiza semanalmente os Gt \u201cAm\u00e9rica Latina\u201d e os \u201cSemin\u00e1rios em Teoria Social\u201d. O N\u00facleo tem sua express\u00e3o na comunidade cient\u00edfica atrav\u00e9s do grupo de pesquisa \u201cTeorias Sociais, Pol\u00eamicas e S\u00ednteses\u201d (DGP-CNPq), co-liderado por Prof. Hern\u00e1n Mamani (UFF-Campos)<\/p>\n<p><!-- \/ layout --><\/p>\n<p><!-- \/ layout --><\/p>\n<p><!-- \/ container --><\/p>\n<p><!-- \/ wrapper --><\/p>\n<div id=\"assinatura\"><\/div>\n","protected":false},"excerpt":{"rendered":"<p>NUCLEO DE ESTUDOS DE TEORIA SOCIAL Coordenadora Prof\u00aa Adelia Miglievich Ribeiro miglirib@uenf.br O N\u00facleo de Estudos em Teoria Social (NETS),&#8230;<\/p>\n","protected":false},"author":9,"featured_media":0,"parent":66,"menu_order":30,"comment_status":"open","ping_status":"open","template":"","meta":{"footnotes":""},"class_list":["post-77","page","type-page","status-publish","hentry"],"_links":{"self":[{"href":"https:\/\/uenf.br\/cch\/leea\/wp-json\/wp\/v2\/pages\/77","targetHints":{"allow":["GET"]}}],"collection":[{"href":"https:\/\/uenf.br\/cch\/leea\/wp-json\/wp\/v2\/pages"}],"about":[{"href":"https:\/\/uenf.br\/cch\/leea\/wp-json\/wp\/v2\/types\/page"}],"author":[{"embeddable":true,"href":"https:\/\/uenf.br\/cch\/leea\/wp-json\/wp\/v2\/users\/9"}],"replies":[{"embeddable":true,"href":"https:\/\/uenf.br\/cch\/leea\/wp-json\/wp\/v2\/comments?post=77"}],"version-history":[{"count":0,"href":"https:\/\/uenf.br\/cch\/leea\/wp-json\/wp\/v2\/pages\/77\/revisions"}],"up":[{"embeddable":true,"href":"https:\/\/uenf.br\/cch\/leea\/wp-json\/wp\/v2\/pages\/66"}],"wp:attachment":[{"href":"https:\/\/uenf.br\/cch\/leea\/wp-json\/wp\/v2\/media?parent=77"}],"curies":[{"name":"wp","href":"https:\/\/api.w.org\/{rel}","templated":true}]}}