{"id":124,"date":"2013-02-28T00:21:00","date_gmt":"2013-02-28T00:21:00","guid":{"rendered":"http:\/\/uenf.br\/cch\/leel\/?page_id=124"},"modified":"2014-07-11T21:17:32","modified_gmt":"2014-07-11T21:17:32","slug":"prof-sergio-arruda-de-moura","status":"publish","type":"page","link":"https:\/\/uenf.br\/cch\/leel\/docentes-efetivos\/prof-sergio-arruda-de-moura\/","title":{"rendered":"Prof. S\u00e9rgio Arruda de Moura"},"content":{"rendered":"<p><a href=\"https:\/\/uenf.br\/cch\/leel\/files\/2013\/02\/Sergio-Arruda.jpg\"><img loading=\"lazy\" decoding=\"async\" class=\"alignnone size-thumbnail wp-image-307\" alt=\"Sergio Arruda\" src=\"https:\/\/uenf.br\/cch\/leel\/files\/2013\/02\/Sergio-Arruda-150x150.jpg\" width=\"150\" height=\"150\" srcset=\"https:\/\/uenf.br\/cch\/leel\/files\/2013\/02\/Sergio-Arruda-150x150.jpg 150w, https:\/\/uenf.br\/cch\/leel\/files\/2013\/02\/Sergio-Arruda-300x300.jpg 300w, https:\/\/uenf.br\/cch\/leel\/files\/2013\/02\/Sergio-Arruda-400x400.jpg 400w, https:\/\/uenf.br\/cch\/leel\/files\/2013\/02\/Sergio-Arruda.jpg 497w\" sizes=\"auto, (max-width: 150px) 100vw, 150px\" \/><\/a>Prof. Associado I<\/p>\n<p>Doutor em Literatura Comparada \/ Universidade Federal do Rio de Janeiro-UFRJ (1992)<\/p>\n<p><a href=\"http:\/\/buscatextual.cnpq.br\/buscatextual\/visualizacv.do?id=K4786395E0\">CV Lattes<\/a><a href=\"http:\/\/buscatextual.cnpq.br\/buscatextual\/visualizacv.jsp?id=K4786395E0\"><br \/>\n<\/a><br \/>\n<strong>e-mail<\/strong>: <a href=\"mailto:arruda@uenf.br\">arruda@uenf.br<\/a> , <a href=\"mailto:arruda.sergio@gmail.com\">arruda.sergio@gmail.com<\/a><\/p>\n<p><strong>\u00c1reas de interesse<\/strong>: An\u00e1lise do Discurso; Ling\u00fc\u00edstica.<\/p>\n<p><strong>Projetos<\/strong>:<br \/>\n* Pol\u00edticas Ling\u00fc\u00edsticas nas Escolas da Rede P\u00fablica;<br \/>\n* Linguagem e Intera\u00e7\u00f5es Sociocognitivas.<\/p>\n<p><strong>Disciplinas Ministradas<\/strong>:<br \/>\n* Leitura e Produ\u00e7\u00e3o de Textos I e II;<br \/>\n* Comunica\u00e7\u00e3o ling\u00fc\u00edstica e semi\u00f3tica;<br \/>\n* Pedagogia Ling\u00fc\u00edstica.<\/p>\n<p><strong>Sala <\/strong>202<\/p>\n<p><strong>Tel<\/strong>: 22 2739 7240<\/p>\n","protected":false},"excerpt":{"rendered":"<p>Prof. Associado I Doutor em Literatura Comparada \/ Universidade Federal do Rio de Janeiro-UFRJ (1992) CV Lattes e-mail: arruda@uenf.br ,&#8230;<\/p>\n","protected":false},"author":13,"featured_media":0,"parent":53,"menu_order":13,"comment_status":"closed","ping_status":"open","template":"","meta":{"footnotes":""},"class_list":["post-124","page","type-page","status-publish","hentry"],"_links":{"self":[{"href":"https:\/\/uenf.br\/cch\/leel\/wp-json\/wp\/v2\/pages\/124","targetHints":{"allow":["GET"]}}],"collection":[{"href":"https:\/\/uenf.br\/cch\/leel\/wp-json\/wp\/v2\/pages"}],"about":[{"href":"https:\/\/uenf.br\/cch\/leel\/wp-json\/wp\/v2\/types\/page"}],"author":[{"embeddable":true,"href":"https:\/\/uenf.br\/cch\/leel\/wp-json\/wp\/v2\/users\/13"}],"replies":[{"embeddable":true,"href":"https:\/\/uenf.br\/cch\/leel\/wp-json\/wp\/v2\/comments?post=124"}],"version-history":[{"count":0,"href":"https:\/\/uenf.br\/cch\/leel\/wp-json\/wp\/v2\/pages\/124\/revisions"}],"up":[{"embeddable":true,"href":"https:\/\/uenf.br\/cch\/leel\/wp-json\/wp\/v2\/pages\/53"}],"wp:attachment":[{"href":"https:\/\/uenf.br\/cch\/leel\/wp-json\/wp\/v2\/media?parent=124"}],"curies":[{"name":"wp","href":"https:\/\/api.w.org\/{rel}","templated":true}]}}