{"id":155,"date":"2018-09-12T03:17:01","date_gmt":"2018-09-12T03:17:01","guid":{"rendered":"http:\/\/www.uenf.br\/dic\/editora\/?page_id=155"},"modified":"2018-09-12T03:17:01","modified_gmt":"2018-09-12T03:17:01","slug":"projeto-revista-de-extensao-universitaria-um-instrumento-para-a-integracao-universidade-empresa-governo","status":"publish","type":"page","link":"https:\/\/uenf.br\/extensao\/editora\/projeto-revista-de-extensao-universitaria-um-instrumento-para-a-integracao-universidade-empresa-governo\/","title":{"rendered":"Projeto &#8211; Revista de extens\u00e3o Universit\u00e1ria: um instrumento para a integra\u00e7\u00e3o universidade \/ empresa \/ governo."},"content":{"rendered":"<p><strong>UENF<\/strong><\/p>\n<p><strong>Universidade Estadual do Norte Fluminense Darcy Ribeiro<\/strong><\/p>\n<p><strong>PROEX<\/strong><\/p>\n<p>&nbsp;<\/p>\n<p><strong>DADOS CADASTRAIS<\/strong><\/p>\n<p>1. DADOS DE IDENTIFICA\u00c7\u00c3O:<\/p>\n<p>1.1. <strong>Universidade Estadual do Norte Fluminense<\/strong><\/p>\n<p>1.2. <strong>Centro<\/strong>: Pr\u00f3-Reitoria de Extens\u00e3o<\/p>\n<p>1.3. <strong>Laborat\u00f3rio ou Setor<\/strong>:xxx<\/p>\n<p>1.4. <strong>Coordenador<\/strong>: Alcimar das Chagas Ribeiro, professor do Laborat\u00f3rio de Engenharia de Produ\u00e7\u00e3o &#8211; telefone (22) 99829-0223 &#8211; e-mail professoralcimar@gmail.com &#8211; CPF 347.818.207-78.<br \/>\n1.5. <strong>T\u00edtulo do Projeto<\/strong>: Revista de extens\u00e3o Universit\u00e1ria: um instrumento para a integra\u00e7\u00e3o universidade \/ empresa \/ governo.<\/p>\n<p>1.6. <strong>Grande \u00c1rea do Conhecimento do Projeto<\/strong>: Multidisciplinar<\/p>\n<p>Grande \u00c1rea<\/p>\n<p>Ci\u00eancias Biol\u00f3gicas e Fisiol\u00f3gicas x<\/p>\n<p>Ci\u00eancias Exatas e da Terra x<\/p>\n<p>Ci\u00eancias Agr\u00e1rias e Veterin\u00e1rias x<\/p>\n<p>Ci\u00eancias Humanas x<\/p>\n<p>Ci\u00eancias da Sa\u00fade x<\/p>\n<p>Ci\u00eancias Sociais e Aplicadas x<\/p>\n<p>Engenharias x<\/p>\n<p>Ling\u00fc\u00edstica x<\/p>\n<p>Letras e Artes x<\/p>\n<p>1.7 \u2013<strong> Linha de Extens\u00e3o do Projeto<\/strong>: Comunica\u00e7\u00e3o<\/p>\n<p>1.8. <strong>Resumo<\/strong>:<\/p>\n<p>Este projeto viabiliza, operacionalmente, a revista de extens\u00e3o universit\u00e1ria on-line da UENF, com periodicidade quadrimestral, cujo objetivo \u00e9 real\u00e7ar os resultados relativos a aplica\u00e7\u00e3o da ci\u00eancia, especialmente, nas regi\u00f5es Norte e Noroeste fluminense. Trata-se de uma a\u00e7\u00e3o estrat\u00e9gica para fortalecer as c\u00e9lulas internas da universidade e incentivar o debate na sociedade, de maneira a contribuir para a qualifica\u00e7\u00e3o do processo de formula\u00e7\u00e3o de pol\u00edticas p\u00fablicas. Entende-se que esta a\u00e7\u00e3o se justifica, j\u00e1 que a fun\u00e7\u00e3o &#8220;Extens\u00e3o Universit\u00e1ria&#8221;, por natureza, tem a propriedade de integrar os diversos grupos de conhecimentos da universidade. Afinal, \u00e9 consensual a ideia de que a extens\u00e3o universit\u00e1ria articulada \u00e0 cultura local pode ser um importante elemento de transforma\u00e7\u00e3o social.<\/p>\n<p>Metodologicamente o processo evolui na constru\u00e7\u00e3o de estrat\u00e9gias de articula\u00e7\u00e3o interna e externa, visando sensibilizar os extensionistas sobre a necessidade de disseminar os resultados dos projetos em andamento. Nesta etapa dois bolsistas atuam na gest\u00e3o das atividades planejadas.<\/p>\n<p>Paralelamente, s\u00e3o desenvolvidos os projetos gr\u00e1ficos para a montagem das edi\u00e7\u00f5es e as avalia\u00e7\u00f5es dos artigos submetidos. Nesta etapa atuam dois bolsistas, um profissional de design e um estudante de engenharia de produ\u00e7\u00e3o com experi\u00eancia em programa\u00e7\u00e3o.<\/p>\n<p>Como resultado, espera-se uma maior aproxima\u00e7\u00e3o entre os centros e laborat\u00f3rios da universidade, al\u00e9m de uma aproxima\u00e7\u00e3o mais produtiva com a sociedade. Esses elementos s\u00e3o essenciais para que a universidade possa desenvolver o seu efetivo papel de indutora das transforma\u00e7\u00f5es sociais, econ\u00f4micas, pol\u00edticas e culturais.<\/p>\n<p>No primeiro ano de atua\u00e7\u00e3o, al\u00e9m do planejamento e produ\u00e7\u00e3o da revista, foi desenvolvido o site com a denomina\u00e7\u00e3o &#8220;revextuenf.com&#8221; e o seu registro na CAPES. Duas edi\u00e7\u00f5es j\u00e1 est\u00e3o no ar com oito artigos e relatos de experi\u00eancias.<\/p>\n<p>1.9. <strong>Palavras \u2013 chave<\/strong>: Extens\u00e3o Universit\u00e1ria, desenvolvimento regional, integra\u00e7\u00e3o universidade-empresa-governo.<\/p>\n<p>1.10. <strong>P\u00fablico-Alvo (qualitativo)<\/strong>: Regi\u00f5es Norte e Noroeste Fluminense<\/p>\n<p>1.11. <strong>P\u00fablico Atingido (quantitativo)<\/strong>: Toda a popula\u00e7\u00e3o<\/p>\n<p>1.12. <strong>Carga Hor\u00e1ria<\/strong>: informar a carga hor\u00e1ria prevista para a execu\u00e7\u00e3o da proposta. Se a a\u00e7\u00e3o constitui-se de teoria e pr\u00e1tica, discriminar as cargas hor\u00e1rias para a\u00e7\u00f5es espec\u00edficas.<\/p>\n<p>1.13. <strong>Local de Atua\u00e7\u00e3o<\/strong>: Pr\u00f3-Reitoria de Extens\u00e3o da Universidade Estadual do Norte Fluminense Darcy Ribeiro &#8211; UENF.<\/p>\n<p>1.14. <strong>Per\u00edodo de realiza\u00e7\u00e3o<\/strong>: de 01\/06\/2018 a 31\/052019.<\/p>\n<p>1.15. <strong>Fonte de financiamento<\/strong>: xxx<\/p>\n<p>1.16. <strong>Parcerias<\/strong>: Faz parte do planejamento a busca de parcerias com universidades do Estado do Rio de Janeiro que atuem na pesquisa e extens\u00e3o (IFF, UFF, UERJ, UEZO). 1.17. Contatos:<\/p>\n<p>informar dados para contato com os participantes do projeto (endere\u00e7o, identidade, C.P.F, tel., e-mail, etc.) exceto coordenador, cujas informa\u00e7\u00f5es dever\u00e3o ser inseridas no item 1.5.<\/p>\n<p>2. <strong>CONTE\u00daDO DO PROJETO<\/strong>:<\/p>\n<p>2.1. <strong>T\u00cdTULO<\/strong>: Revista de extens\u00e3o Universit\u00e1ria: um instrumento para a integra\u00e7\u00e3o universidade \/ empresa \/ governo<\/p>\n<p>2.2. <strong>INTRODU\u00c7\u00c3O<\/strong><\/p>\n<p>A trajet\u00f3ria hist\u00f3rica da Extens\u00e3o Universit\u00e1ria, a partir do esfor\u00e7o de reflex\u00e3o sobre suas matizes conceituais, ou seja: (i) a transmiss\u00e3o vertical do conhecimento e extens\u00e3o dos servi\u00e7os, (ii) a a\u00e7\u00e3o volunt\u00e1ria sociocomunit\u00e1ria, (iii) a a\u00e7\u00e3o sociocomunit\u00e1ria institucional e, (iv) o acad\u00eamico institucional (Rocha, 2001), gerou um importante conjunto de conhecimentos, os quais possibilitaram o avan\u00e7o de algumas regi\u00f5es. Contrariamente, outras regi\u00f5es de perfil mais perif\u00e9rico ainda n\u00e3o conseguiram internalizar esses avan\u00e7os mais recentes da discuss\u00e3o e, consequentemente, apresentam dificuldades inibidoras de sua pr\u00f3pria transforma\u00e7\u00e3o.<\/p>\n<p>Nitidamente, observa-se est\u00e1gios bem diferentes de interven\u00e7\u00e3o universit\u00e1ria nos diferentes ambientes socioculturais. Da pr\u00e1tica pedag\u00f3gica verticalizada, onde ocorre a transmiss\u00e3o do saber autorit\u00e1ria da universidade para membros da sociedade, com acessibilidade para poucos; a extens\u00e3o universit\u00e1ria com interface entre o saber produzido no interior das universidades com a cultura local e desta com a cultura universit\u00e1ria. Na considera\u00e7\u00e3o do presente contexto, materializa-se a necessidade do planejamento e implanta\u00e7\u00e3o de a\u00e7\u00f5es end\u00f3genas no sentido de facilitar o fortalecimento da extens\u00e3o universit\u00e1ria e, consequentemente, o papel da universidade na sociedade nesses ambientes mais fragilizados.<\/p>\n<p>O projeto aqui proposto de cria\u00e7\u00e3o de uma revista de extens\u00e3o universit\u00e1ria, cujo objetivo deve real\u00e7ar os resultados da aplica\u00e7\u00e3o das ci\u00eancias nas regi\u00f5es do Estado do Rio de janeiro, representa esse tipo de a\u00e7\u00e3o. Por outro lado, se justifica tal iniciativa, j\u00e1 que a fun\u00e7\u00e3o &#8220;Extens\u00e3o Universit\u00e1ria&#8221;, por natureza, tem a propriedade de integrar os diversos grupos de conhecimentos da universidade. Afinal, \u00e9 consensual a ideia de que a extens\u00e3o universit\u00e1ria articulada \u00e0 cultura local pode ser um importante elemento de transforma\u00e7\u00e3o social.<\/p>\n<p>2.3. <strong>JUSTIFICATIVA<\/strong><\/p>\n<p>A justificativa do projeto est\u00e1 na pr\u00f3pria fun\u00e7\u00e3o &#8220;Extens\u00e3o Universit\u00e1ria&#8221; que, por natureza, tem a propriedade de integrar os diversos grupos de conhecimentos da universidade. Por outro lado, \u00e9 consensual a ideia de que a extens\u00e3o universit\u00e1ria articulada \u00e0 cultura local pode ser um importante elemento de transforma\u00e7\u00e3o social.<\/p>\n<p>2.4. <strong>OBJETIVOS E METAS<\/strong><\/p>\n<p>Geral: Disseminar os resultados da aplica\u00e7\u00e3o da ci\u00eancia no Estado do Rio de janeiro, especialmente, nas regi\u00f5es Norte e Noroeste Fluminense.<\/p>\n<p>Espec\u00edficos:<\/p>\n<p>* Fortalecer o processo de intera\u00e7\u00e3o entre os centros e laborat\u00f3rios na universidade<\/p>\n<p>* Aproximar os parceiros institucionais do projeto<\/p>\n<p>* Viabilizar financiamento para sustentar o projeto<\/p>\n<p>* Incentivar o debate com as organiza\u00e7\u00f5es e governos regionais<\/p>\n<p>2.5. <strong>METODOLOGIA DE A\u00c7\u00c3O <\/strong><\/p>\n<p>O projeto visa materializar a ideia de constru\u00e7\u00e3o de uma revista de extens\u00e3o universit\u00e1ria, buscando a integra\u00e7\u00e3o das institui\u00e7\u00f5es de ensino que tamb\u00e9m desenvolvem pesquisa e extens\u00e3o no Estado do Rio de Janeiro. Inicialmente as a\u00e7\u00f5es de articula\u00e7\u00e3o ter\u00e3o inicio no interior Norte e Noroeste Fluminense, avan\u00e7ando posteriormente para outras regi\u00f5es de interesse.<\/p>\n<p>Em fun\u00e7\u00e3o da restri\u00e7\u00e3o financeira, a revista divulgar\u00e1 as suas publica\u00e7\u00f5es on-line quadrimestralmente. A mesma apresenta, ainda, caracter\u00edstica de peri\u00f3dico cientifico eletr\u00f4nico e ser\u00e1 dirigida \u00e0 comunidade acad\u00eamica multidisciplinar e \u00e0s organiza\u00e7\u00f5es p\u00fablicas e privadas respons\u00e1veis pela formula\u00e7\u00e3o de pol\u00edticas p\u00fablicas. A revista tem como miss\u00e3o disseminar os resultados do esfor\u00e7o cientifico multidisciplinar da academia, de forma a induzir um amplo debate na sociedade em dire\u00e7\u00e3o a sua transforma\u00e7\u00e3o social, cultural, pol\u00edtica e econ\u00f4mica.<\/p>\n<p>A primeira fase se constituiu da constru\u00e7\u00e3o do projeto gr\u00e1fico da revista, que ficou a cargo de um profissional com experi\u00eancia na \u00e1rea de design. Esse profissional tem v\u00ednculo de bolsa na modalidade Universidade Aberta, financiada pela Universidade Estadual do Norte Fluminense Darcy Ribeiro (UENF). O projeto tamb\u00e9m conta com um aluno da mesma universidade como apoio operacional, sendo contratado como bolsista de extens\u00e3o.<\/p>\n<p>A segunda fase j\u00e1 operacional, desenvolve as atividades de planejamento, estrat\u00e9gias de aproxima\u00e7\u00e3o aos laborat\u00f3rios, com vista, a sensibilizar os professores extensionistas a submeter artigos, aproxima\u00e7\u00e3o com outras universidades, avalia\u00e7\u00e3o de artigos e a constru\u00e7\u00e3o, propriamente dita, das edi\u00e7\u00f5es. Al\u00e9m de parceiros sem v\u00ednculo formal, atuam cinco bolsistas financiados pela UENF.<\/p>\n<p>Nessa estrutura, as fun\u00e7\u00f5es de pesquisa, ensino e extens\u00e3o se complementam como estrat\u00e9gia de produ\u00e7\u00e3o de conhecimento. A revista de extens\u00e3o se insere no processo como um instrumento que aproxima as unidades internas. Captura resultados das aplica\u00e7\u00f5es do conhecimento e, no relacionamento com a assessoria de comunica\u00e7\u00e3o, planeja e implementa m\u00e9todos de divulga\u00e7\u00e3o mais amig\u00e1veis, facilitando a formula\u00e7\u00e3o de pol\u00edticas p\u00fablicas. O processo visto, sistemicamente, fortalece a abordagem end\u00f3gena da integra\u00e7\u00e3o universidade &#8211; governo &#8211; empresa, condi\u00e7\u00e3o fundamental para o desenvolvimento econ\u00f4mico em regi\u00f5es menos favorecidas.<\/p>\n<p>2.6. <strong>Resultados<\/strong><\/p>\n<p>Como resultado preliminar do projeto, pode-se afirmar que a primeira fase de constru\u00e7\u00e3o do projeto gr\u00e1fico, sob a responsabilidade de profissional com experi\u00eancia na \u00e1rea de design, foi conclu\u00edda com sucesso, assim como, as atividades de programa\u00e7\u00e3o necess\u00e1rias para colocar a revista online. O \u00eaxito desse esfor\u00e7o inicial pode ser verificado no perfil amig\u00e1vel do site e em sua est\u00e9tica agrad\u00e1vel para o usu\u00e1rio.<\/p>\n<p>A segunda fase, compreendida pelos esfor\u00e7os do Comit\u00ea Editorial, no sentido de aproximar os pesquisadores do projeto, sensibilizando-os sobre a import\u00e2ncia de divulgar os resultados de seus projetos de extens\u00e3o, tem alcan\u00e7ado \u00eaxito, j\u00e1 que a revista conseguiu publicar tr\u00eas edi\u00e7\u00f5es nos prazos estipulados e com artigos de qualidade indiscut\u00edvel.<\/p>\n<p>A quarta edi\u00e7\u00e3o para dezembro j\u00e1 est\u00e1 garantida, em fun\u00e7\u00e3o da parceria com o Centro de Ci\u00eancias Biol\u00f3gicas (CBB) da UENF, que se encarregou de editar um n\u00famero especial com resultados de extens\u00e3o do pr\u00f3prio centro. Outras iniciativas, como a publica\u00e7\u00e3o dos resumos da Mostra de Extens\u00e3o de 2015 e a publica\u00e7\u00e3o dos melhores artigos apresentados no mesmo evento, est\u00e3o sendo planejadas para uma edi\u00e7\u00e3o especial.<\/p>\n<p>2.7. <strong>IMPACTOS DESEJADOS<\/strong><\/p>\n<p>* Maior sensibiliza\u00e7\u00e3o dos atores para o debate qualificado<\/p>\n<p>* Maior intera\u00e7\u00e3o no interior da universidade<\/p>\n<p>* Maior di\u00e1logo entre o conhecimento e pratica<\/p>\n<p>* Melhor qualifica\u00e7\u00e3o das pol\u00edticas p\u00fablicas<\/p>\n<p>2.8. <strong>AVALIA\u00c7\u00c3O<\/strong><\/p>\n<p>* Indicadores de conv\u00eanios de coopera\u00e7\u00e3o t\u00e9cnica<\/p>\n<p>* Indicadores de divulga\u00e7\u00e3o jornal\u00edstica de projetos t\u00e9cnicos<\/p>\n<p>* Pol\u00edticas p\u00fablicas embasadas nos projetos cient\u00edficos<\/p>\n<p>* Indicadores sociais e econ\u00f4micos<\/p>\n<p>Campos dos Goytacazes, 02 de abril de 2018<\/p>\n<p>_______________________________________ __________________________________________ Coordenador do Projeto Chefe de Laborat\u00f3rio<\/p>\n<p>_________________________________ Pr\u00f3-Reitor de Extens\u00e3o<\/p>\n<p>&nbsp;<\/p>\n<p>&nbsp;<\/p>\n","protected":false},"excerpt":{"rendered":"<p>UENF Universidade Estadual do Norte Fluminense Darcy Ribeiro PROEX &nbsp; DADOS CADASTRAIS 1. DADOS DE IDENTIFICA\u00c7\u00c3O: 1.1. Universidade Estadual do Norte Fluminense 1.2. Centro: Pr\u00f3-Reitoria de Extens\u00e3o 1.3. Laborat\u00f3rio ou Setor:xxx 1.4. Coordenador: Alcimar das Chagas Ribeiro, professor do Laborat\u00f3rio de Engenharia de Produ\u00e7\u00e3o &#8211; telefone (22) 99829-0223 &#8211; e-mail professoralcimar@gmail.com &#8211; CPF 347.818.207-78. 1.5. [&hellip;]<\/p>\n","protected":false},"author":2,"featured_media":0,"parent":0,"menu_order":0,"comment_status":"closed","ping_status":"closed","template":"","meta":{"ocean_post_layout":"","ocean_both_sidebars_style":"","ocean_both_sidebars_content_width":0,"ocean_both_sidebars_sidebars_width":0,"ocean_sidebar":"","ocean_second_sidebar":"","ocean_disable_margins":"enable","ocean_add_body_class":"","ocean_shortcode_before_top_bar":"","ocean_shortcode_after_top_bar":"","ocean_shortcode_before_header":"","ocean_shortcode_after_header":"","ocean_has_shortcode":"","ocean_shortcode_after_title":"","ocean_shortcode_before_footer_widgets":"","ocean_shortcode_after_footer_widgets":"","ocean_shortcode_before_footer_bottom":"","ocean_shortcode_after_footer_bottom":"","ocean_display_top_bar":"default","ocean_display_header":"default","ocean_header_style":"","ocean_center_header_left_menu":"","ocean_custom_header_template":"","ocean_custom_logo":0,"ocean_custom_retina_logo":0,"ocean_custom_logo_max_width":0,"ocean_custom_logo_tablet_max_width":0,"ocean_custom_logo_mobile_max_width":0,"ocean_custom_logo_max_height":0,"ocean_custom_logo_tablet_max_height":0,"ocean_custom_logo_mobile_max_height":0,"ocean_header_custom_menu":"","ocean_menu_typo_font_family":"","ocean_menu_typo_font_subset":"","ocean_menu_typo_font_size":0,"ocean_menu_typo_font_size_tablet":0,"ocean_menu_typo_font_size_mobile":0,"ocean_menu_typo_font_size_unit":"px","ocean_menu_typo_font_weight":"","ocean_menu_typo_font_weight_tablet":"","ocean_menu_typo_font_weight_mobile":"","ocean_menu_typo_transform":"","ocean_menu_typo_transform_tablet":"","ocean_menu_typo_transform_mobile":"","ocean_menu_typo_line_height":0,"ocean_menu_typo_line_height_tablet":0,"ocean_menu_typo_line_height_mobile":0,"ocean_menu_typo_line_height_unit":"","ocean_menu_typo_spacing":0,"ocean_menu_typo_spacing_tablet":0,"ocean_menu_typo_spacing_mobile":0,"ocean_menu_typo_spacing_unit":"","ocean_menu_link_color":"","ocean_menu_link_color_hover":"","ocean_menu_link_color_active":"","ocean_menu_link_background":"","ocean_menu_link_hover_background":"","ocean_menu_link_active_background":"","ocean_menu_social_links_bg":"","ocean_menu_social_hover_links_bg":"","ocean_menu_social_links_color":"","ocean_menu_social_hover_links_color":"","ocean_disable_title":"default","ocean_disable_heading":"default","ocean_post_title":"","ocean_post_subheading":"","ocean_post_title_style":"","ocean_post_title_background_color":"","ocean_post_title_background":0,"ocean_post_title_bg_image_position":"","ocean_post_title_bg_image_attachment":"","ocean_post_title_bg_image_repeat":"","ocean_post_title_bg_image_size":"","ocean_post_title_height":0,"ocean_post_title_bg_overlay":0.5,"ocean_post_title_bg_overlay_color":"","ocean_disable_breadcrumbs":"default","ocean_breadcrumbs_color":"","ocean_breadcrumbs_separator_color":"","ocean_breadcrumbs_links_color":"","ocean_breadcrumbs_links_hover_color":"","ocean_display_footer_widgets":"default","ocean_display_footer_bottom":"default","ocean_custom_footer_template":"","footnotes":""},"class_list":["post-155","page","type-page","status-publish","hentry","entry"],"_links":{"self":[{"href":"https:\/\/uenf.br\/extensao\/editora\/wp-json\/wp\/v2\/pages\/155","targetHints":{"allow":["GET"]}}],"collection":[{"href":"https:\/\/uenf.br\/extensao\/editora\/wp-json\/wp\/v2\/pages"}],"about":[{"href":"https:\/\/uenf.br\/extensao\/editora\/wp-json\/wp\/v2\/types\/page"}],"author":[{"embeddable":true,"href":"https:\/\/uenf.br\/extensao\/editora\/wp-json\/wp\/v2\/users\/2"}],"replies":[{"embeddable":true,"href":"https:\/\/uenf.br\/extensao\/editora\/wp-json\/wp\/v2\/comments?post=155"}],"version-history":[{"count":0,"href":"https:\/\/uenf.br\/extensao\/editora\/wp-json\/wp\/v2\/pages\/155\/revisions"}],"wp:attachment":[{"href":"https:\/\/uenf.br\/extensao\/editora\/wp-json\/wp\/v2\/media?parent=155"}],"curies":[{"name":"wp","href":"https:\/\/api.w.org\/{rel}","templated":true}]}}