{"id":135,"date":"2014-07-28T17:10:44","date_gmt":"2014-07-28T17:10:44","guid":{"rendered":"http:\/\/uenf.br\/reitoria\/escolaextensao\/?page_id=135"},"modified":"2025-07-17T15:15:27","modified_gmt":"2025-07-17T18:15:27","slug":"duvidas-frequentes","status":"publish","type":"page","link":"https:\/\/uenf.br\/extensao\/escolaextensao\/duvidas-frequentes\/","title":{"rendered":"D\u00favidas frequentes"},"content":{"rendered":"<p style=\"text-align: center\">Esclarecimentos sobre cursos de Extens\u00e3o.<\/p>\n<p style=\"text-align: left\">1. O que \u00e9 e para que serve a Escola de Extens\u00e3o ?<\/p>\n<p style=\"text-align: left\">Resposta: a Escola de Extens\u00e3o \u00e9 \u00f3rg\u00e3o suplementar da Universidade, subordinada \u00e0 Pr\u00f3-Reitoria de Extens\u00e3o,\u00a0 tem sua sede situada no Campus Leonel Brizola, em um ambiente de apoio t\u00e9cnico-administrativo voltado para a divulga\u00e7\u00e3o e implanta\u00e7\u00e3o de cursos de extens\u00e3o propostos pelos Centros, \u00f3rg\u00e3os de ensino e administrativos da Universidade. Tem por objetivos oferecer cursos de extens\u00e3o pela UENF, contribuir na formula\u00e7\u00e3o, implementa\u00e7\u00e3o e acompanhamento das pol\u00edticas p\u00fablicas, estimular a rela\u00e7\u00e3o bilateral com os outros setores da sociedade, pela intera\u00e7\u00e3o do conhecimento e experi\u00eancia acumulados na academia com o saber popular e articular com organiza\u00e7\u00f5es de outros setores da sociedade com vista ao desenvolvimento regional e nacional.<\/p>\n<p style=\"text-align: left\">2. O que compete \u00e0 Escola de Extens\u00e3o ?<\/p>\n<p style=\"text-align: left\">Resposta: (1) Proporcionar suporte administrativo, t\u00e9cnico e pedag\u00f3gico ao desenvolvimento dos cursos de extens\u00e3o, bem como promover pesquisas de levantamento de necessidades e discutir estrat\u00e9gias que atendam as demandas da comunidade em geral e (2) Proporcionar a oferta das seguintes modalidades de cursos de Extens\u00e3o: ___________________________<\/p>\n<p style=\"text-align: left\">3. O que \u00e9 um curso de Extens\u00e3o ?<\/p>\n<p style=\"text-align: left\">Resposta: a denomina\u00e7\u00e3o &#8220;Curso de Extens\u00e3o&#8221; significa toda atividade de ensino acad\u00eamico, t\u00e9cnico, cultural ou art\u00edstico, n\u00e3o capitulada no \u00e2mbito regulamentar de ensino de gradua\u00e7\u00e3o e da p\u00f3s-gradua\u00e7\u00e3o <em>Stricto Sensu<\/em> da UENF.<\/p>\n<p style=\"text-align: left\">4. Quais as modalidades de cursos oferecidas pela Escola de Extens\u00e3o ?<\/p>\n<p style=\"text-align: left\">Resposta: (1) Mini-cursos, com carga hor\u00e1ria m\u00ednima de 8 e m\u00e1xima de 16 horas-aula. (2) Cursos de atualiza\u00e7\u00e3o universit\u00e1ria, destinados aos graduados em cursos superiores, tendo por objetivo atualizar e melhorar conhecimentos e t\u00e9cnicas de trabalho. Estes cursos ter\u00e3o carga m\u00ednima de 180 horas-aula;\u00a0 (3) Cursos de capacita\u00e7\u00e3o t\u00e9cnica, destinados aos graduados de cursos t\u00e9cnicos do segundo grau ou n\u00edvel m\u00e9dio, tendo por objetivo preparar especialistas em setores restritos das atividades profissionais. Estes cursos ter\u00e3o carga m\u00ednima de 180 horas-aula. (4) Cursos de treinamento, reciclagem e outros que venham a ser criados pela Escola de Extens\u00e3o da UENF. Define-se como hora-aula 1 (uma) hora de dura\u00e7\u00e3o.<\/p>\n<p style=\"text-align: left\">5. Quem pode oferecer cursos de Extens\u00e3o na UENF ?<\/p>\n<p style=\"text-align: left\">Resposta: os cursos de Extens\u00e3o poder\u00e3o ser oferecidos pela pr\u00f3pria UENF, isoladamente ou mediante contrato ou conv\u00eanio com outras institui\u00e7\u00f5es, p\u00fablicas ou privadas.<\/p>\n<p style=\"text-align: left\">6. Quem pode coordenar cursos de Extens\u00e3o na UENF ?<\/p>\n<p style=\"text-align: left\">Resposta: cada curso de Extens\u00e3o ter\u00e1 um coordenador e um vice-coordenador ocupantes do quadro efetivo da UENF.<\/p>\n<p style=\"text-align: left\">7. Qual o n\u00famero de cursos \u00a0que o professor poder\u00e1 coordenar ?<\/p>\n<p style=\"text-align: left\">Resposta: h\u00e1 limite.<\/p>\n<p style=\"text-align: left\">8. Coordenadores de cursos e professores poder\u00e3o receber remunera\u00e7\u00e3o ?<\/p>\n<p style=\"text-align: left\">Resposta: o docente ou t\u00e9cnico da UENF, que participar de cursos de Extens\u00e3o <strong>como atividade exercida para al\u00e9m de sua carga hor\u00e1ria regular<\/strong>, poder\u00e1 receber remunera\u00e7\u00e3o por essas atividades conforme Resolu\u00e7\u00e3o CONSUNI n\u00ba 02\/2012, aprovada em 30 de outubro de 2012.<\/p>\n<p style=\"text-align: left\">9. Existe limite de carga hor\u00e1ria para o docente que participa dos cursos de Extens\u00e3o remunerados ?<\/p>\n<p style=\"text-align: left\">Resposta: sim. O docente da UENF s\u00f3 poder\u00e1 participar de <strong>no m\u00e1ximo 160 (cento e sessenta) horas por ano em Cursos de Extens\u00e3o com remunera\u00e7\u00e3o<\/strong>.<\/p>\n<p style=\"text-align: left\">10. Como \u00e9 formado o corpo docente dos cursos de Extens\u00e3o da PROEX ?<\/p>\n<p style=\"text-align: left\">Resposta: o corpo docente dos Cursos de Extens\u00e3o poder\u00e1 ser formado por servidores da UENF, docentes e t\u00e9cnicos administrativos de n\u00edvel superior, bem como profissionais externos a UENF.<\/p>\n<p style=\"text-align: left\">11. Um curso de Extens\u00e3o pode contar com professores que n\u00e3o sejam da UENF ?<\/p>\n<p style=\"text-align: left\">Resposta: os cursos de que trata esta Resolu\u00e7\u00e3o ser\u00e3o ministrados por professores da UENF, <strong>eventualmente<\/strong> associados a profissionais de outras institui\u00e7\u00f5es de ensino superior, n\u00e3o devendo a participa\u00e7\u00e3o de docentes externos \u00e0 UENF exceder em <strong>30% o n\u00famero de docentes<\/strong>, <strong>nem 30% da carga hor\u00e1ria do curso<\/strong>, salvo se nas respectivas unidades n\u00e3o existirem docentes que possam ministrar as disciplinas previstas no curso, como comprovado mediante declara\u00e7\u00e3o dos dirigentes das unidades envolvidas. Observa\u00e7\u00f5es: (1) Nas \u00e1reas em que o quadro de docentes da UENF for insuficiente para atender \u00e0s exig\u00eancias previstas, a propor\u00e7\u00e3o de docentes externos pode ser maior, desde que tenham parecer favor\u00e1vel das unidades envolvidas e da C\u00e2mara de Extens\u00e3o e Assuntos Comunit\u00e1rios da PROEX. (2) Em caso de cursos interinstitucionais, a propor\u00e7\u00e3o de docentes externos \u00e0 UENF poder\u00e1 ser maior que a citada anteriormente, desde que justificada no projeto.<\/p>\n<p style=\"text-align: left\">12. Como se d\u00e1 a log\u00edstica da coordena\u00e7\u00e3o de um curso de Extens\u00e3o ?<\/p>\n<p style=\"text-align: left\">Resposta: todo curso de Extens\u00e3o promovido pela Escola de Extens\u00e3o dever\u00e1 contar com uma <strong>equipe de apoio espec\u00edfica do Curso de Extens\u00e3o<\/strong>. A essa equipe compete:<br \/>\nI &#8211; auxiliar o Coordenador no processo seletivo, se couber;<br \/>\nII &#8211; elabora\u00e7\u00e3o de material did\u00e1tico;<br \/>\nIII &#8211; prepara\u00e7\u00e3o de aulas te\u00f3ricas e pr\u00e1ticas;<br \/>\nIV &#8211; solicita\u00e7\u00e3o de salas, equipamentos e transporte;<br \/>\nV &#8211; encaminhar \u00e0 PROEX a rela\u00e7\u00e3o dos participantes junto com os certificados para registro;<br \/>\nVI &#8211; encaminhar \u00e0 PROEX relat\u00f3rio t\u00e9cnico e financeiro no final da atividade desenvolvida;<br \/>\nVII &#8211; manter atualizada a documenta\u00e7\u00e3o do Curso de Extens\u00e3o;<br \/>\nVIII &#8211; manter o controle dos pagamentos efetuados nos Cursos de Extens\u00e3o que fixarem taxas de inscri\u00e7\u00e3o, matr\u00edcula e mensalidades conforme as normas da CEAC.<\/p>\n<p style=\"text-align: left\">\u00c0s <strong>Secretarias Administrativa e Acad\u00eamica da Escola de Extens\u00e3o<\/strong>, competem:<br \/>\nI &#8211; receber e encaminhar ao comit\u00ea de an\u00e1lise a documenta\u00e7\u00e3o relativa aos Cursos de Extens\u00e3o, visando ao credenciamento;<br \/>\nII &#8211; inscrever candidatos e matricular alunos, quando couber;<br \/>\nIII &#8211; registrar certificados de participa\u00e7\u00e3o, organiza\u00e7\u00e3o, coordena\u00e7\u00e3o e atividades afins;<br \/>\nIV &#8211; emitir relat\u00f3rios de Cursos de Extens\u00e3o.<\/p>\n<p style=\"text-align: left\">13. Qual o tr\u00e2mite b\u00e1sico para a submiss\u00e3o de uma proposta de curso de Extens\u00e3o ?<\/p>\n<p style=\"text-align: left\">Resposta: o oferecimento de cursos de Extens\u00e3o dever\u00e1 ser encaminhado \u00e0 Coordena\u00e7\u00e3o de Extens\u00e3o (COOEX) do Centro em quest\u00e3o e, posteriormente, enviado para aprova\u00e7\u00e3o da C\u00e2mara de Extens\u00e3o &#8211; CEXT. Quando proposto por um \u00f3rg\u00e3o da Reitoria ser\u00e1 encaminhado diretamente \u00e0 CEAC.<\/p>\n<p style=\"text-align: left\">14. Como s\u00e3o providos os recursos financeiros dos cursos de Extens\u00e3o ?<\/p>\n<p style=\"text-align: left\">Resposta: os cursos poder\u00e3o ser\u00a0 gratuitos, atendendo as demandas sociais existentes, respeitadas as disponibilidades, financeiras, de recursos humanos e de infraestrutura da institui\u00e7\u00e3o, e autofinanciados, com os custos totais ou parciais sendo sustentados pelos alunos.<\/p>\n<p style=\"text-align: left\">15. Como s\u00e3o geridos os recursos financeiros captados pelos cursos de Extens\u00e3o ?<\/p>\n<p style=\"text-align: left\">Resposta: os recursos financeiros captados para a execu\u00e7\u00e3o dos cursos de Extens\u00e3o dever\u00e3o ser, independentemente de sua natureza, geridos exclusivamente por FUNDA\u00c7\u00c3O de apoio credenciada pela UENF, a partir de um contrato ou conv\u00eanio espec\u00edfico, cabendo ao coordenador do curso definir o emprego dos recursos, bem como efetuar o ordenamento de despesas e elaborar a presta\u00e7\u00e3o de contas.<\/p>\n<p style=\"text-align: left\">16. Existe um Fundo Financeiro para a Extens\u00e3o ? Como \u00e9 mantido ?<\/p>\n<p style=\"text-align: left\">Resposta: sim. Dentre as taxas administrativas previstas para a execu\u00e7\u00e3o dos contratos e conv\u00eanios, do total de 10% (dez por cento) destinados \u00e0 manuten\u00e7\u00e3o de um fundo de Extens\u00e3o.<\/p>\n<p style=\"text-align: left\">17. Como s\u00e3o definidas as taxas bem como os reajustes dos valores dos cursos de Extens\u00e3o ?<\/p>\n<p style=\"text-align: left\">Resposta: as taxas ou limites de taxas bem como seus reajustes, ser\u00e3o estabelecidos pelo Coordenador do Curso e aprovadas pela CEAC, atrav\u00e9s de resolu\u00e7\u00e3o espec\u00edfica sobre a mat\u00e9ria.<\/p>\n<p style=\"text-align: left\">18. Qual a destina\u00e7\u00e3o dos recursos obtidos com taxas pagas durante o curso de Extens\u00e3o ?<\/p>\n<p style=\"text-align: left\">Resposta: os cursos de Extens\u00e3o de contrato e conv\u00eanio ou autofinanciados poder\u00e3o destinar recursos para pagamento e\/ou cobrir despesas com:<\/p>\n<p>a) horas-aula para preparar e ministrar disciplinas;<br \/>\nb) atividades de orienta\u00e7\u00e3o de trabalhos de conclus\u00e3o de curso;<br \/>\nc) participa\u00e7\u00e3o em bancas de defesa de monografias;<br \/>\nd) atividades de coordena\u00e7\u00e3o, secretaria e apoio administrativo do curso;<br \/>\ne) deslocamento, hospedagem ou di\u00e1rias para professores do curso;<br \/>\nf) material de apoio did\u00e1tico-pedag\u00f3gico;<br \/>\ng) melhoria da infraestrutura das unidades e subunidades executoras do curso; e<br \/>\nh) outras finalidades compat\u00edveis com a proposta e justificadas no projeto original do curso.<\/p>\n<p>19. Qual o destino do material permanente obtido com recursos financeiros do curso de Extens\u00e3o ?<\/p>\n<p>Resposta: todo material permanente adquirido com recursos obtidos para o curso em quest\u00e3o dever\u00e1 ser tombado na Unidade Acad\u00eamica referente ao curso de Extens\u00e3o, as quais findam as atividades, juntamente com a sobra do material de consumo, os alocar\u00e1 de acordo com decis\u00e3o das Unidades envolvidas.<\/p>\n<p>20. Docentes e servidores t\u00e9cnicos e administrativos poder\u00e3o receber remunera\u00e7\u00e3o nos cursos de Extens\u00e3o ?<\/p>\n<p>Resposta: docentes da UENF, com comprovada contribui\u00e7\u00e3o a Extens\u00e3o da UENF, poder\u00e3o participar de cursos de Extens\u00e3o autofinanciados e serem remunerados pelas atividades definidas nas al\u00edneas a, b, c e d &#8211; ARTIGO 5\u00ba da RESOLU\u00c7\u00c3O CONSUNI N\u00ba 02 DE 30 DE OUTUBRO DE 2012 (veja a Pergunta n\u00ba 20). Os servidores t\u00e9cnico administrativos poder\u00e3o receber remunera\u00e7\u00e3o pelas atividades de apoio a curso de Extens\u00e3o, desde que as mesmas n\u00e3o constem de seus planos de trabalho, n\u00e3o conflitem com as suas fun\u00e7\u00f5es e n\u00e3o ultrapassem a m\u00e9dia de 8 (oito) horas semanais.<\/p>\n<p>21. Como s\u00e3o determinados os valores para pagamento da hora\/aula ?<\/p>\n<p>Resposta: os valores previstos para remunera\u00e7\u00e3o a ser atribu\u00edda por hora\/aula dever\u00e3o se adequar \u00e0s normas vigentes na UENF.<\/p>\n<p>&nbsp;<\/p>\n<p>ATEN\u00c7\u00c3O ! NOSSA P\u00c1GINA EST\u00c1 SENDO ATUALIZADA.<\/p>\n","protected":false},"excerpt":{"rendered":"<p>Esclarecimentos sobre cursos de Extens\u00e3o. 1. O que \u00e9 e para que serve a Escola de Extens\u00e3o ? Resposta: a Escola de Extens\u00e3o \u00e9 \u00f3rg\u00e3o suplementar da Universidade, subordinada \u00e0 Pr\u00f3-Reitoria de Extens\u00e3o,\u00a0 tem sua sede situada no Campus Leonel Brizola, em um ambiente de apoio t\u00e9cnico-administrativo voltado para a divulga\u00e7\u00e3o e implanta\u00e7\u00e3o de cursos [&hellip;]<\/p>\n","protected":false},"author":2,"featured_media":0,"parent":0,"menu_order":5,"comment_status":"open","ping_status":"open","template":"","meta":{"ocean_post_layout":"","ocean_both_sidebars_style":"","ocean_both_sidebars_content_width":0,"ocean_both_sidebars_sidebars_width":0,"ocean_sidebar":"","ocean_second_sidebar":"","ocean_disable_margins":"enable","ocean_add_body_class":"","ocean_shortcode_before_top_bar":"","ocean_shortcode_after_top_bar":"","ocean_shortcode_before_header":"","ocean_shortcode_after_header":"","ocean_has_shortcode":"","ocean_shortcode_after_title":"","ocean_shortcode_before_footer_widgets":"","ocean_shortcode_after_footer_widgets":"","ocean_shortcode_before_footer_bottom":"","ocean_shortcode_after_footer_bottom":"","ocean_display_top_bar":"default","ocean_display_header":"default","ocean_header_style":"","ocean_center_header_left_menu":"","ocean_custom_header_template":"","ocean_custom_logo":0,"ocean_custom_retina_logo":0,"ocean_custom_logo_max_width":0,"ocean_custom_logo_tablet_max_width":0,"ocean_custom_logo_mobile_max_width":0,"ocean_custom_logo_max_height":0,"ocean_custom_logo_tablet_max_height":0,"ocean_custom_logo_mobile_max_height":0,"ocean_header_custom_menu":"","ocean_menu_typo_font_family":"","ocean_menu_typo_font_subset":"","ocean_menu_typo_font_size":0,"ocean_menu_typo_font_size_tablet":0,"ocean_menu_typo_font_size_mobile":0,"ocean_menu_typo_font_size_unit":"px","ocean_menu_typo_font_weight":"","ocean_menu_typo_font_weight_tablet":"","ocean_menu_typo_font_weight_mobile":"","ocean_menu_typo_transform":"","ocean_menu_typo_transform_tablet":"","ocean_menu_typo_transform_mobile":"","ocean_menu_typo_line_height":0,"ocean_menu_typo_line_height_tablet":0,"ocean_menu_typo_line_height_mobile":0,"ocean_menu_typo_line_height_unit":"","ocean_menu_typo_spacing":0,"ocean_menu_typo_spacing_tablet":0,"ocean_menu_typo_spacing_mobile":0,"ocean_menu_typo_spacing_unit":"","ocean_menu_link_color":"","ocean_menu_link_color_hover":"","ocean_menu_link_color_active":"","ocean_menu_link_background":"","ocean_menu_link_hover_background":"","ocean_menu_link_active_background":"","ocean_menu_social_links_bg":"","ocean_menu_social_hover_links_bg":"","ocean_menu_social_links_color":"","ocean_menu_social_hover_links_color":"","ocean_disable_title":"default","ocean_disable_heading":"default","ocean_post_title":"","ocean_post_subheading":"","ocean_post_title_style":"","ocean_post_title_background_color":"","ocean_post_title_background":0,"ocean_post_title_bg_image_position":"","ocean_post_title_bg_image_attachment":"","ocean_post_title_bg_image_repeat":"","ocean_post_title_bg_image_size":"","ocean_post_title_height":0,"ocean_post_title_bg_overlay":0.5,"ocean_post_title_bg_overlay_color":"","ocean_disable_breadcrumbs":"default","ocean_breadcrumbs_color":"","ocean_breadcrumbs_separator_color":"","ocean_breadcrumbs_links_color":"","ocean_breadcrumbs_links_hover_color":"","ocean_display_footer_widgets":"default","ocean_display_footer_bottom":"default","ocean_custom_footer_template":"","footnotes":""},"class_list":["post-135","page","type-page","status-publish","hentry","entry"],"_links":{"self":[{"href":"https:\/\/uenf.br\/extensao\/escolaextensao\/wp-json\/wp\/v2\/pages\/135","targetHints":{"allow":["GET"]}}],"collection":[{"href":"https:\/\/uenf.br\/extensao\/escolaextensao\/wp-json\/wp\/v2\/pages"}],"about":[{"href":"https:\/\/uenf.br\/extensao\/escolaextensao\/wp-json\/wp\/v2\/types\/page"}],"author":[{"embeddable":true,"href":"https:\/\/uenf.br\/extensao\/escolaextensao\/wp-json\/wp\/v2\/users\/2"}],"replies":[{"embeddable":true,"href":"https:\/\/uenf.br\/extensao\/escolaextensao\/wp-json\/wp\/v2\/comments?post=135"}],"version-history":[{"count":5,"href":"https:\/\/uenf.br\/extensao\/escolaextensao\/wp-json\/wp\/v2\/pages\/135\/revisions"}],"predecessor-version":[{"id":488,"href":"https:\/\/uenf.br\/extensao\/escolaextensao\/wp-json\/wp\/v2\/pages\/135\/revisions\/488"}],"wp:attachment":[{"href":"https:\/\/uenf.br\/extensao\/escolaextensao\/wp-json\/wp\/v2\/media?parent=135"}],"curies":[{"name":"wp","href":"https:\/\/api.w.org\/{rel}","templated":true}]}}