{"id":2965,"date":"2020-11-09T19:40:02","date_gmt":"2020-11-09T19:40:02","guid":{"rendered":"http:\/\/uenf.br\/posgraduacao\/engenharia-civil\/?page_id=2965"},"modified":"2026-04-29T14:19:27","modified_gmt":"2026-04-29T14:19:27","slug":"mestrado","status":"publish","type":"page","link":"https:\/\/uenf.br\/posgraduacao\/engenharia-civil\/processos-seletivos\/mestrado\/","title":{"rendered":"Mestrado e Doutorado"},"content":{"rendered":"<p><\/p>\n<h1><strong>Processo seletivo para MESTRADO e DOUTORADO 2026.2<\/strong><\/h1>\n<p><strong><span style=\"color: #ff0000\"><span style=\"color: #800000\">Per\u00edodo de inscri\u00e7\u00e3o:<\/span> 01\/05\/2026 &#8211; 19\/06\/2026<\/span><\/strong><\/p>\n<p>&nbsp;<\/p>\n<p><a href=\"https:\/\/uenf.br\/posgraduacao\/engenharia-civil\/wp-content\/uploads\/sites\/3\/2026\/04\/f20151024184914742.png\"><img loading=\"lazy\" decoding=\"async\" class=\"alignnone wp-image-3950\" src=\"https:\/\/uenf.br\/posgraduacao\/engenharia-civil\/wp-content\/uploads\/sites\/3\/2026\/04\/f20151024184914742.png\" alt=\"\" width=\"296\" height=\"253\" \/><\/a><\/p>\n<p>&nbsp;<\/p>\n<p>&nbsp;<\/p>\n<h1><strong>Processo seletivo para DOUTORADO 2026.1<\/strong><\/h1>\n<p><strong><span style=\"color: #ff0000\"><span style=\"color: #800000\">Per\u00edodo de inscri\u00e7\u00e3o:<\/span> 29\/09\/2025 &#8211; 28\/11\/2025<\/span><\/strong><\/p>\n<p><strong>E-mail: uenfppgec.inscricao@gmail.com<\/strong><\/p>\n<p><strong><span style=\"color: #ff0000\"><span style=\"color: #800000\">Informa\u00e7\u00f5es:<\/span> <a style=\"color: #ff0000\" href=\"https:\/\/uenf.br\/posgraduacao\/engenharia-civil\/wp-content\/uploads\/sites\/3\/2025\/09\/Edital_DSc_26_01_PPGEC.pdf\">Edital_DSc_26_01_PPGEC<\/a><\/span><\/strong><\/p>\n<p>Formul\u00e1rio de inscri\u00e7\u00e3o: <a href=\"https:\/\/uenf.br\/posgraduacao\/engenharia-civil\/wp-content\/uploads\/sites\/3\/2024\/11\/Download-aqui-2.pdf\">Download aqui<\/a><\/p>\n<p>Formul\u00e1rio Socioecon\u00f4mico:\u00a0<a href=\"https:\/\/uenf.br\/posgraduacao\/gmp\/wp-content\/uploads\/sites\/6\/2016\/10\/Formul%C3%A1rios-de-Informa%C3%A7%C3%B5es-Socioecon%C3%B4micas.pdf\">Download aqui<\/a><\/p>\n<p>Autodeclara\u00e7\u00e3o \u00c9tnico-Racial:\u00a0<a href=\"https:\/\/uenf.br\/posgraduacao\/gmp\/wp-content\/uploads\/sites\/6\/2016\/10\/Autodeclara%C3%A7%C3%A3o-%C3%89tnico-Racial.pdf\">Download aqui<\/a><\/p>\n<p>Autodeclara\u00e7\u00e3o para ind\u00edgenas:\u00a0<a href=\"https:\/\/uenf.br\/posgraduacao\/gmp\/wp-content\/uploads\/sites\/6\/2016\/10\/Autodeclara%C3%A7%C3%A3o-Ind%C3%ADgenas.pdf\">Download aqui<\/a><\/p>\n<p>Tabela de pontua\u00e7\u00e3o do Doutorado: <a href=\"https:\/\/uenf.br\/posgraduacao\/engenharia-civil\/wp-content\/uploads\/sites\/3\/2025\/09\/Download-aqui.pdf\">Download aqui<\/a><\/p>\n<p>Formul\u00e1rio para recursos: <a href=\"https:\/\/uenf.br\/posgraduacao\/engenharia-civil\/wp-content\/uploads\/sites\/3\/2024\/01\/Download-Aqui.pdf\">Download Aqui<\/a><\/p>\n<p>&nbsp;<\/p>\n<h1><strong>Resultado Final<\/strong><\/h1>\n<table width=\"574\">\n<tbody>\n<tr>\n<td width=\"181\">Candidato(a)<\/td>\n<td width=\"91\">Avalia\u00e7\u00e3o de t\u00edtulos (NH)<\/td>\n<td width=\"117\">Nota do Projeto de Pesquisa (NP)<\/td>\n<td width=\"91\">Nota final<\/td>\n<td width=\"94\">Resultado<\/td>\n<\/tr>\n<tr>\n<td width=\"181\">Ad\u00e9le Vanelle Chemgne Dijekeu<\/td>\n<td width=\"91\">6,2<\/td>\n<td width=\"117\">9,0<\/td>\n<td width=\"91\">7,8<\/td>\n<td width=\"94\">Aprovado(a)<\/td>\n<\/tr>\n<tr>\n<td width=\"181\">Ana Carolina Morato Teixeira<\/td>\n<td width=\"91\">5,3<\/td>\n<td width=\"117\">9,7<\/td>\n<td width=\"91\">7,9<\/td>\n<td width=\"94\">Aprovado(a)<\/td>\n<\/tr>\n<tr>\n<td width=\"181\">Cleiton Cabral Martins<\/td>\n<td width=\"91\">3,7<\/td>\n<td width=\"117\">&#8211;<\/td>\n<td width=\"91\">&#8211;<\/td>\n<td width=\"94\">Reprovado(a)<\/td>\n<\/tr>\n<tr>\n<td width=\"181\">Jos\u00e9 Carlos da Silva Gama J\u00fanior<\/td>\n<td width=\"91\">4,1<\/td>\n<td width=\"117\">9,7<\/td>\n<td width=\"91\">7,4<\/td>\n<td width=\"94\">Aprovado(a)<\/td>\n<\/tr>\n<tr>\n<td width=\"181\">Mayara Silva de Almeida<\/td>\n<td width=\"91\">9,0<\/td>\n<td width=\"117\">8,3<\/td>\n<td width=\"91\">8,5<\/td>\n<td width=\"94\">Aprovado(a)<\/td>\n<\/tr>\n<\/tbody>\n<\/table>\n<p>___________________________________________________________________________________________<\/p>\n<h1><strong>Processo seletivo para MESTRADO 2026.1<\/strong><\/h1>\n<p><strong><span style=\"color: #ff0000\"><span style=\"color: #800000\">Per\u00edodo de inscri\u00e7\u00e3o: <span style=\"color: #ff0000\">29\/09\/2025 &#8211; 28\/11\/2025<\/span><\/span><\/span><\/strong><\/p>\n<p><strong><span style=\"color: #ff0000\"><span style=\"color: #800000\">Data da prova: <span style=\"color: #ff0000\">17\/12\/2025 &#8211; 9h00 (chegar com 30 min de anteced\u00eancia)<\/span><\/span><\/span><\/strong><\/p>\n<p><strong>Local da prova: UENF, Pr\u00e9dio das Oficinas, Sala de Semin\u00e1rios do LECIV<\/strong> (chegar com 30 min de anteced\u00eancia) <span style=\"color: #993366\"><strong><a style=\"color: #993366\" href=\"https:\/\/www.google.com\/maps\/place\/Pr%C3%A9dio+das+Oficinas+-+UENF\/@-21.760953,-41.2962423,17z\/data=!3m1!4b1!4m6!3m5!1s0xbdd59a58d4be0b:0x7f468124a88a0c48!8m2!3d-21.760958!4d-41.2936674!16s%2Fg%2F11hb2ng97v?authuser=0&amp;entry=ttu\">mapa<\/a><\/strong><\/span><\/p>\n<p><strong><span style=\"color: #ff0000\"><span style=\"color: #800000\">Informa\u00e7\u00f5es:<\/span> <a style=\"color: #ff0000\" href=\"https:\/\/uenf.br\/posgraduacao\/engenharia-civil\/wp-content\/uploads\/sites\/3\/2025\/09\/Edital_MSc_26_01_PPGEC.pdf\">Edital_MSc_26_01_PPGEC<\/a><\/span><\/strong><\/p>\n<p>Formul\u00e1rio de inscri\u00e7\u00e3o: <a href=\"https:\/\/uenf.br\/posgraduacao\/engenharia-civil\/wp-content\/uploads\/sites\/3\/2024\/11\/Download-aqui-3.pdf\">Download aqui<\/a><\/p>\n<p>Formul\u00e1rio Socioecon\u00f4mico:\u00a0<a href=\"https:\/\/uenf.br\/posgraduacao\/gmp\/wp-content\/uploads\/sites\/6\/2016\/10\/Formul%C3%A1rios-de-Informa%C3%A7%C3%B5es-Socioecon%C3%B4micas.pdf\">Download aqui<\/a><\/p>\n<p>Autodeclara\u00e7\u00e3o \u00c9tnico-Racial:\u00a0<a href=\"https:\/\/uenf.br\/posgraduacao\/gmp\/wp-content\/uploads\/sites\/6\/2016\/10\/Autodeclara%C3%A7%C3%A3o-%C3%89tnico-Racial.pdf\">Download aqui<\/a><\/p>\n<p>Autodeclara\u00e7\u00e3o para ind\u00edgenas:\u00a0<a href=\"https:\/\/uenf.br\/posgraduacao\/gmp\/wp-content\/uploads\/sites\/6\/2016\/10\/Autodeclara%C3%A7%C3%A3o-Ind%C3%ADgenas.pdf\">Download aqui<\/a><\/p>\n<p>Tabela de pontua\u00e7\u00e3o do Mestrado: <a href=\"https:\/\/uenf.br\/posgraduacao\/engenharia-civil\/wp-content\/uploads\/sites\/3\/2025\/04\/Download-aqui-1.pdf\">Download aqui<\/a><\/p>\n<p>Formul\u00e1rio para recursos: <a href=\"https:\/\/uenf.br\/posgraduacao\/engenharia-civil\/wp-content\/uploads\/sites\/3\/2024\/01\/Download-Aqui.pdf\">Download Aqui<\/a><\/p>\n<p>Observa\u00e7\u00e3o: <strong>Candidatos(as) ao Mestrado que residam em munic\u00edpios situados fora das regi\u00f5es Norte e Noroeste Fluminense poder\u00e3o realizar a prova em outras localidades. Para isso, o(a) candidato(a) dever\u00e1 entrar em contato com a Coordena\u00e7\u00e3o do PPGEC, por meio do endere\u00e7o eletr\u00f4nico <span style=\"color: #ff0000\">ppgec@uenf.br<\/span>, e verificar a possibilidade at\u00e9 o dia 28\/11, impreterivelmente.<\/strong><\/p>\n<h1><\/h1>\n<h1><strong>Resultado Final<\/strong><\/h1>\n<table width=\"574\">\n<tbody>\n<tr>\n<td width=\"181\">Candidato(a)<\/td>\n<td width=\"91\">Nota da prova (NP)<\/td>\n<td width=\"117\">Avalia\u00e7\u00e3o de t\u00edtulos (NH)<\/td>\n<td width=\"91\">Nota final<\/td>\n<td width=\"94\">Resultado<\/td>\n<\/tr>\n<tr>\n<td width=\"181\">Glauber Soriano Ribeiro<\/td>\n<td width=\"91\">2,8<\/td>\n<td width=\"117\">&#8211;<\/td>\n<td width=\"91\">&#8211;<\/td>\n<td width=\"94\">Reprovado(a)<\/td>\n<\/tr>\n<tr>\n<td width=\"181\">Iggo Ricardo da Silva<\/td>\n<td width=\"91\">2,0<\/td>\n<td width=\"117\">&#8211;<\/td>\n<td width=\"91\">&#8211;<\/td>\n<td width=\"94\">Reprovado(a)<\/td>\n<\/tr>\n<tr>\n<td width=\"181\">Ingrid da Costa Trindade<\/td>\n<td width=\"91\">6,4<\/td>\n<td width=\"117\">1,8<\/td>\n<td width=\"91\">5,0<\/td>\n<td width=\"94\">Aprovado(a)<\/td>\n<\/tr>\n<tr>\n<td width=\"181\">Isabella Martins F\u00e9res de Souza<\/td>\n<td width=\"91\">4,6<\/td>\n<td width=\"117\">&#8211;<\/td>\n<td width=\"91\">&#8211;<\/td>\n<td width=\"94\">Reprovado(a)<\/td>\n<\/tr>\n<tr>\n<td width=\"181\">Jair Santos Bastos J\u00fanior<\/td>\n<td width=\"91\">6,0<\/td>\n<td width=\"117\">2,0<\/td>\n<td width=\"91\">4,8<\/td>\n<td width=\"94\">Aprovado(a)<\/td>\n<\/tr>\n<tr>\n<td width=\"181\">Mariana Tavares do Nascimento<\/td>\n<td width=\"91\">7,4<\/td>\n<td width=\"117\">3,8<\/td>\n<td width=\"91\">6,3<\/td>\n<td width=\"94\">Aprovado(a)<\/td>\n<\/tr>\n<tr>\n<td width=\"181\">Matheus Gomes Rezende Motta<\/td>\n<td width=\"91\">6,6<\/td>\n<td width=\"117\">2,9<\/td>\n<td width=\"91\">5,4<\/td>\n<td width=\"94\">Aprovado(a)<\/td>\n<\/tr>\n<tr>\n<td width=\"181\">Nathan Fran\u00e7a Fanni Freitas<\/td>\n<td width=\"91\">7,4<\/td>\n<td width=\"117\">0,5<\/td>\n<td width=\"91\">5,3<\/td>\n<td width=\"94\">Aprovado(a)<\/td>\n<\/tr>\n<tr>\n<td width=\"181\">Raphael Gomes Pinheiro<\/td>\n<td width=\"91\">7,0<\/td>\n<td width=\"117\">1,0<\/td>\n<td width=\"91\">5,2<\/td>\n<td width=\"94\">Aprovado(a)<\/td>\n<\/tr>\n<\/tbody>\n<\/table>\n<p>&nbsp;<\/p>\n<h1><a href=\"https:\/\/uenf.br\/posgraduacao\/engenharia-civil\/processos-seletivos-encerrados\/\"><strong>Processos Encerrados<\/strong><\/a><\/h1>\n<p>&nbsp;<\/p>\n<p>&nbsp;<\/p>","protected":false},"excerpt":{"rendered":"<p>Processo seletivo para MESTRADO e DOUTORADO 2026.2 Per\u00edodo de inscri\u00e7\u00e3o: 01\/05\/2026 &#8211; 19\/06\/2026 &nbsp; &nbsp; &nbsp; Processo seletivo para DOUTORADO&#8230;<\/p>\n","protected":false},"author":7,"featured_media":0,"parent":2180,"menu_order":0,"comment_status":"closed","ping_status":"closed","template":"","meta":{"footnotes":""},"class_list":["post-2965","page","type-page","status-publish","hentry"],"_links":{"self":[{"href":"https:\/\/uenf.br\/posgraduacao\/engenharia-civil\/wp-json\/wp\/v2\/pages\/2965","targetHints":{"allow":["GET"]}}],"collection":[{"href":"https:\/\/uenf.br\/posgraduacao\/engenharia-civil\/wp-json\/wp\/v2\/pages"}],"about":[{"href":"https:\/\/uenf.br\/posgraduacao\/engenharia-civil\/wp-json\/wp\/v2\/types\/page"}],"author":[{"embeddable":true,"href":"https:\/\/uenf.br\/posgraduacao\/engenharia-civil\/wp-json\/wp\/v2\/users\/7"}],"replies":[{"embeddable":true,"href":"https:\/\/uenf.br\/posgraduacao\/engenharia-civil\/wp-json\/wp\/v2\/comments?post=2965"}],"version-history":[{"count":2,"href":"https:\/\/uenf.br\/posgraduacao\/engenharia-civil\/wp-json\/wp\/v2\/pages\/2965\/revisions"}],"predecessor-version":[{"id":3953,"href":"https:\/\/uenf.br\/posgraduacao\/engenharia-civil\/wp-json\/wp\/v2\/pages\/2965\/revisions\/3953"}],"up":[{"embeddable":true,"href":"https:\/\/uenf.br\/posgraduacao\/engenharia-civil\/wp-json\/wp\/v2\/pages\/2180"}],"wp:attachment":[{"href":"https:\/\/uenf.br\/posgraduacao\/engenharia-civil\/wp-json\/wp\/v2\/media?parent=2965"}],"curies":[{"name":"wp","href":"https:\/\/api.w.org\/{rel}","templated":true}]}}