{"id":143,"date":"2014-01-27T13:19:20","date_gmt":"2014-01-27T13:19:20","guid":{"rendered":"http:\/\/uenf.br\/pos-graduacao\/producao-vegetal\/?page_id=143"},"modified":"2017-10-23T11:08:58","modified_gmt":"2017-10-23T13:08:58","slug":"mestrado-conclusao-em-2010","status":"publish","type":"page","link":"https:\/\/uenf.br\/posgraduacao\/producao-vegetal\/teses-e-dissertacoes-concluidas\/mestrado\/mestrado-conclusao-em-2010\/","title":{"rendered":"Mestrado &#8211; conclus\u00e3o em 2010"},"content":{"rendered":"<p>Aluno: Ismael Louren\u00e7o de Jesus Freitas<br \/>\nOrientador: Prof. Antonio Teixeira do Amaral J\u00fanior<br \/>\nData de In\u00edcio: 03\/2008<br \/>\nData de Defesa de Tese: 12\/01\/2010<br \/>\nT\u00edtulo da Tese: <a title=\"Disserta\u00e7\u00f5es 2010 - Conclu\u00eddas\" href=\"https:\/\/uenf.br\/posgraduacao\/producao-vegetal\/wp-content\/uploads\/sites\/10\/2014\/09\/Ismael.pdf\">Seletividade e efici\u00eancia de herbicidas no manejo de plantas daninhas em milho pipoca. <\/a><\/p>\n<p>&nbsp;<\/p>\n<hr \/>\n<p>Aluno: Reynaldo Tancredo Amim<br \/>\nOrientador: Prof. Silv\u00e9rio de Paiva Freitas<br \/>\nData de In\u00edcio: 03\/2008<br \/>\nData de Defesa de Tese: 22\/01\/2010<br \/>\nT\u00edtulo da Tese: <a title=\"Disserta\u00e7\u00f5es 2010 - Conclu\u00eddas\" href=\"https:\/\/uenf.br\/posgraduacao\/producao-vegetal\/wp-content\/uploads\/sites\/10\/2014\/09\/Reynaldo.pdf\">Influ\u00eancia de plantas de cobertura do solo na din\u00e2mica de plantas daninhas e no desempenho do milho-pipoca em plantio direto. <\/a><\/p>\n<p>&nbsp;<\/p>\n<hr \/>\n<p>&nbsp;<\/p>\n<p>&nbsp;<\/p>\n<p>Aluno: Natalia Ribeiro Bernardes<br \/>\nOrientador: Prof\u00aa Daniela Barros de Oliveira<br \/>\nData de In\u00edcio: 03\/2008<br \/>\nData de Defesa de Tese: 02\/02\/2010<br \/>\nT\u00edtulo da Tese: <a title=\"Disserta\u00e7\u00f5es 2010 - Conclu\u00eddas\" href=\"https:\/\/uenf.br\/posgraduacao\/producao-vegetal\/wp-content\/uploads\/sites\/10\/2014\/09\/Natalia-Bernardes.pdf\">Estudo da composi\u00e7\u00e3o qu\u00edmica e dos efeitos imunofarmacol\u00f3gicos do extrato dos frutos da aroeira (<em>Schinus terebinthfolius<\/em> Raddi). <\/a><\/p>\n<p>&nbsp;<\/p>\n<p>&nbsp;<\/p>\n<hr \/>\n<p>Aluno: Thiago de Freitas Ferreira<br \/>\nOrientador: Prof. Ricardo Moreira de Souza<br \/>\nData de In\u00edcio: 03\/2008<br \/>\nData de Defesa de Tese: 03\/02\/2010<br \/>\nT\u00edtulo da Tese: <a title=\"Disserta\u00e7\u00f5es 2010 - Conclu\u00eddas\" href=\"https:\/\/uenf.br\/posgraduacao\/producao-vegetal\/wp-content\/uploads\/sites\/10\/2014\/09\/Thiago-Ferreira.pdf\">Influ\u00eancia do nemat\u00f3ide entomopatog\u00eanico <em>Heterorhabditis baujardi<\/em> isolado LPP7 na embriog\u00eanese, eclos\u00e3o dos juvenis de segundo est\u00e1dio, infec\u00e7\u00e3o e na prolificidade do nemat\u00f3ide fitoparasita <em>Meloidogyne mayaguensis<\/em> (Tylenchida: Meloidoginidae). <\/a><\/p>\n<p>&nbsp;<\/p>\n<hr \/>\n<p>&nbsp;<\/p>\n<p>&nbsp;<\/p>\n<p>Aluno: Drieli Aparecida Rossi<br \/>\nOrientador: Prof. Rog\u00e9rio Figueiredo Daher<br \/>\nData de In\u00edcio: 03\/2008<br \/>\nData de Defesa de Tese: 10\/02\/2010<br \/>\nT\u00edtulo da Tese: <a title=\"Disserta\u00e7\u00f5es 2010 - Conclu\u00eddas\" href=\"https:\/\/uenf.br\/posgraduacao\/producao-vegetal\/wp-content\/uploads\/sites\/10\/2014\/09\/Drieli.pdf\">Avalia\u00e7\u00e3o morfoagron\u00f4mica e da qualidade da biomassa de acessos de capim-elefante (<em>Pennisetum purpureum Schum<\/em>.) para fins energ\u00e9ticos no Norte Fluminense. <\/a><\/p>\n<p>&nbsp;<\/p>\n<p>&nbsp;<\/p>\n<hr \/>\n<p>Aluno: Ziraldo Moreno dos santos<br \/>\nOrientador: Prof. Geraldo de Amaral Gravina<br \/>\nData de In\u00edcio: 03\/2008<br \/>\nData de Defesa de Tese: 10\/02\/2010<br \/>\nT\u00edtulo da Tese: <a title=\"Disserta\u00e7\u00f5es 2010 - Conclu\u00eddas\" href=\"https:\/\/uenf.br\/posgraduacao\/producao-vegetal\/wp-content\/uploads\/sites\/10\/2014\/09\/Ziraldo.pdf\">Caracteres agron\u00f4micos da cultura do pinh\u00e3o-manso (<em>Jatropha curcas<\/em> L.) em diferentes espa\u00e7amentos, aduba\u00e7\u00f5es e poda. <\/a><\/p>\n<p>&nbsp;<\/p>\n<hr \/>\n<p>&nbsp;<\/p>\n<p>&nbsp;<\/p>\n<p>Aluno: Suelen Alvarenga Regis<br \/>\nOrientador: Prof. Eder Dutra de Resende<br \/>\nData de In\u00edcio: 03\/2008<br \/>\nData de Defesa de Tese: 18\/02\/2010<br \/>\nT\u00edtulo da Tese: Conte\u00fado e qualidade do \u00f3leo das sementes em fun\u00e7\u00e3o dos est\u00e1dios de matura\u00e7\u00e3o dos frutos e do processo de purifica\u00e7\u00e3o do res\u00edduo do maracuj\u00e1.<\/p>\n<p>&nbsp;<\/p>\n<hr \/>\n<p>Aluno: Andr\u00e9ia Boechat Delatorre<br \/>\nOrientador: Prof\u00aa Meire Lelis Leal Martins<br \/>\nData de In\u00edcio: 03\/2009<br \/>\nData de Defesa de Tese: 19\/02\/2010<br \/>\nT\u00edtulo da Tese: <a title=\"Disserta\u00e7\u00f5es 2010 - Conclu\u00eddas\" href=\"https:\/\/uenf.br\/posgraduacao\/producao-vegetal\/wp-content\/uploads\/sites\/10\/2014\/09\/Andr%C3%A9ia.pdf\">Produ\u00e7\u00e3o de celulases pelo microrganismo termof\u00edlico <em>Bacillus<\/em> sp SMIA-2.<\/a><\/p>\n<hr \/>\n<p>Aluno: K\u00e9ssia Barreto Lima<br \/>\nOrientador: Prof. Marco Antonio Martins<br \/>\nData de In\u00edcio: 03\/2008<br \/>\nData de Defesa de Tese: 19\/02\/2010<br \/>\nT\u00edtulo da Tese: <a title=\"Disserta\u00e7\u00f5es 2010 - Conclu\u00eddas\" href=\"https:\/\/uenf.br\/posgraduacao\/producao-vegetal\/wp-content\/uploads\/sites\/10\/2014\/09\/K%C3%A9ssia.pdf\">Fungos micorr\u00edzicos arbusculares, bact\u00e9rias diazotr\u00f3ficas e aduba\u00e7\u00e3o fosfatada em mudas de mamoeiro.<\/a><\/p>\n<p>&nbsp;<\/p>\n<hr \/>\n<p>&nbsp;<\/p>\n<p>&nbsp;<\/p>\n<p>Aluno: Andrezza da Silva Machado Neto<br \/>\nOrientador: Prof\u00aa Janie Mendes Jasmim<br \/>\nData de In\u00edcio: 03\/2008<br \/>\nData de Defesa de Tese: 22\/02\/2010<br \/>\nT\u00edtulo da Tese: <a title=\"Disserta\u00e7\u00f5es 2010 - Conclu\u00eddas\" href=\"https:\/\/uenf.br\/posgraduacao\/producao-vegetal\/wp-content\/uploads\/sites\/10\/2014\/09\/Andrezza.pdf\">Caracteriza\u00e7\u00e3o e viabilidade econ\u00f4mica do sistema produtivo de flores tropicais no Rio de Janeiro.<\/a><\/p>\n<p>&nbsp;<\/p>\n<hr \/>\n<p>Aluno: Juliana Sobreira de Souza<br \/>\nOrientador: Prof\u00aa Juliana Sobreira de Souza<br \/>\nData de In\u00edcio: 03\/2008<br \/>\nData de Defesa de Tese: 22\/02\/2010<br \/>\nT\u00edtulo da Tese: <a title=\"Disserta\u00e7\u00f5es 2010 - Conclu\u00eddas\" href=\"https:\/\/uenf.br\/posgraduacao\/producao-vegetal\/wp-content\/uploads\/sites\/10\/2014\/09\/Juliana-Souza.pdf\">Produtividade de minicepas de cedro australiano e remo\u00e7\u00e3o de nutrientes pela coleta sucessiva de miniestacas.<\/a><a href=\"http:\/\/www.uenf.br\/Uenf\/Downloads\/PRODVEGETAL_3434_1272888165.pdf\"><br \/>\n<\/a><\/p>\n<p>&nbsp;<\/p>\n<hr \/>\n<p>Aluno: Luiz Fernando Miranda da Silva<br \/>\nOrientador: Prof\u00aa Karla Silva Ferreira<br \/>\nData de In\u00edcio: 03\/2008<br \/>\nData de Defesa de Tese: 22\/02\/2010<br \/>\nT\u00edtulo da Tese: <a title=\"Disserta\u00e7\u00f5es 2010 - Conclu\u00eddas\" href=\"https:\/\/uenf.br\/posgraduacao\/producao-vegetal\/wp-content\/uploads\/sites\/10\/2014\/09\/Luiz-Fernando.pdf\">Avalia\u00e7\u00e3o de produtos alimentares para fins especiais.<\/a><\/p>\n<p>&nbsp;<\/p>\n<hr \/>\n<p>Aluno: Priscila Pixoline Eiras<br \/>\nOrientador: Prof. F\u00e1bio Cunha Coelho<br \/>\nData de In\u00edcio: 03\/2008<br \/>\nData de Defesa de Tese: 22\/02\/2010<br \/>\nT\u00edtulo da Tese: <a title=\"Disserta\u00e7\u00f5es 2010 - Conclu\u00eddas\" href=\"https:\/\/uenf.br\/posgraduacao\/producao-vegetal\/wp-content\/uploads\/sites\/10\/2014\/09\/Priscila-Eiras.pdf\">Avalia\u00e7\u00e3o de diferentes densidades de semeadura e da poda na produ\u00e7\u00e3o de sementes de <em>Crotalaria juncea<\/em> L.<\/a><a href=\"http:\/\/www.uenf.br\/Uenf\/Downloads\/PRODVEGETAL_3434_1274969958.pdf\"><br \/>\n<\/a><\/p>\n<p>&nbsp;<\/p>\n<hr \/>\n<p>Aluno: Mirian Peixoto Soares da Silva<br \/>\nOrientador: Prof\u00aa Deborah Guerra Barroso<br \/>\nData de In\u00edcio: 03\/2008<br \/>\nData de Defesa de Tese: 23\/02\/2010<br \/>\nT\u00edtulo da Tese: <a title=\"Disserta\u00e7\u00f5es 2010 - Conclu\u00eddas\" href=\"https:\/\/uenf.br\/posgraduacao\/producao-vegetal\/wp-content\/uploads\/sites\/10\/2014\/09\/M%C3%ADrian.pdf\">Qualidade das mudas produzidas por miniestaquia e produtividade de minicepas de cedro australiano, manejadas em canalet\u00f5es e tubetes.<\/a><\/p>\n<p>&nbsp;<\/p>\n<hr \/>\n<p>Aluno: Willy Pedro Vasconcellos Prellwitz<br \/>\nOrientador: Prof. F\u00e1bio cunha Coelho<br \/>\nData de In\u00edcio: 03\/2008<br \/>\nData de Defesa de Tese: 23\/02\/2010<br \/>\nT\u00edtulo da Tese: <a title=\"Disserta\u00e7\u00f5es 2010 - Conclu\u00eddas\" href=\"https:\/\/uenf.br\/posgraduacao\/producao-vegetal\/wp-content\/uploads\/sites\/10\/2014\/09\/Willy-Pedro.pdf\">Intercultivo em soqueira de cana-de-a\u00e7\u00facar com <em>Crotalaria juncea<\/em> L.<\/a><\/p>\n<p>&nbsp;<\/p>\n<hr \/>\n<p>Aluno: D\u00e9bora Jesus Dantas<br \/>\nOrientador: Prof. Luciano Pasqualoto Canellas<br \/>\nData de In\u00edcio: 03\/2008<br \/>\nData de Defesa de Tese: 24\/02\/2010<br \/>\nT\u00edtulo da Tese: <a title=\"Disserta\u00e7\u00f5es 2010 - Conclu\u00eddas\" href=\"https:\/\/uenf.br\/posgraduacao\/producao-vegetal\/wp-content\/uploads\/sites\/10\/2014\/09\/Debora.pdf\">Promo\u00e7\u00e3o do crescimento radicular por fra\u00e7\u00f5es moleculares de \u00e1cido h\u00famico isolado de vermicomposto.<\/a><\/p>\n<p>&nbsp;<\/p>\n<hr \/>\n<p>Aluno: Leisiani Maria Batista dos Santos<br \/>\nOrientador: Prof. Antonio Carlos da Gama-Rodrigues<br \/>\nData de In\u00edcio: 03\/2007<br \/>\nData de Defesa de Tese: 24\/02\/2010<br \/>\nT\u00edtulo da Tese: <a title=\"Disserta\u00e7\u00f5es 2010 - Conclu\u00eddas\" href=\"https:\/\/uenf.br\/posgraduacao\/producao-vegetal\/wp-content\/uploads\/sites\/10\/2014\/09\/Leisiani.pdf\">Caracteriza\u00e7\u00e3o qu\u00edmica das subst\u00e2ncias fen\u00f3licas de diferentes coberturas florestais. <\/a><\/p>\n<p>&nbsp;<\/p>\n<hr \/>\n<p>Aluno: Jana\u00edna Aparecida Hottzz Rima<br \/>\nOrientador: Prof. Luciano Pasqualoto Canellas<br \/>\nData de In\u00edcio: 03\/2008<br \/>\nData de Defesa de Tese: 26\/02\/2010<br \/>\nT\u00edtulo da Tese: <a title=\"Disserta\u00e7\u00f5es 2010 - Conclu\u00eddas\" href=\"https:\/\/uenf.br\/posgraduacao\/producao-vegetal\/wp-content\/uploads\/sites\/10\/2014\/09\/Jana%C3%ADna.pdf\">Bioatividade de \u00e1cidos h\u00famicos em solu\u00e7\u00e3o tratados com \u00e1cido c\u00edtrico.<\/a><a href=\"http:\/\/www.uenf.br\/Uenf\/Downloads\/PRODVEGETAL_3434_1282679699.pdf\"><br \/>\n<\/a><\/p>\n<p>&nbsp;<\/p>\n<hr \/>\n<p>Aluno: Priscilla Brites Xavier<br \/>\nOrientador: Prof\u00aa Janie Mendes Jasmim<br \/>\nData de In\u00edcio: 03\/2008<br \/>\nData de Defesa de Tese: 17\/03\/2010<br \/>\nT\u00edtulo da Tese: <a title=\"Disserta\u00e7\u00f5es 2010 - Conclu\u00eddas\" href=\"https:\/\/uenf.br\/posgraduacao\/producao-vegetal\/wp-content\/uploads\/sites\/10\/2014\/09\/Priscilla-Xavier.pdf\">Germina\u00e7\u00e3o e aclimatiza\u00e7\u00e3o de <em>Hamatocactus setispinus<\/em> (Cactaceae). <\/a><\/p>\n<p>&nbsp;<\/p>\n<hr \/>\n<p>&nbsp;<\/p>\n<p>&nbsp;<\/p>\n<p>Aluno: Luciane do Nascimento Siqueira<br \/>\nOrientador: Prof. Ricardo Enrique Bressan-Smith<br \/>\nData de In\u00edcio: 03\/2008<br \/>\nData de Defesa de Tese: 13\/05\/2010<br \/>\nT\u00edtulo da Tese: <a title=\"Disserta\u00e7\u00f5es 2010 - Conclu\u00eddas\" href=\"https:\/\/uenf.br\/posgraduacao\/producao-vegetal\/wp-content\/uploads\/sites\/10\/2014\/09\/Luciane-siqueira.pdf\">Desbaste de cachos em videiras &#8216;Niagara Rosada&#8217; (<em>Vitis labrusca<\/em> L.) cultivadas no Norte Fluminense: ac\u00famulo de reservas, caracter\u00edsticas quantitativas e qualitativas da uva.<\/a><\/p>\n<hr \/>\n<p>&nbsp;<\/p>\n<p>Aluno: Paula Alessandra Gomes<br \/>\nOrientador: Prof. Silv\u00e9rio de Paiva Freitas<br \/>\nData de In\u00edcio: 03\/2008<br \/>\nData de Defesa de Tese: 21\/05\/2010<br \/>\nT\u00edtulo da Tese: <a title=\"Disserta\u00e7\u00f5es 2010 - Conclu\u00eddas\" href=\"https:\/\/uenf.br\/posgraduacao\/producao-vegetal\/wp-content\/uploads\/sites\/10\/2014\/09\/Paula-Alessandra.pdf\">\u00d3leo essencial da erva-baleeira (<em>Cordia verbenacea<\/em> L.) de \u00e1reas nativas.<\/a><\/p>\n<p>&nbsp;<\/p>\n<p>&nbsp;<\/p>\n<hr \/>\n<p>Aluno: Fernanda Fraga Pessanha<br \/>\nOrientador: Prof\u00aa Daniela Barros de Oliveira<br \/>\nData de In\u00edcio: 03\/2008<br \/>\nData de Defesa de Tese: 07\/06\/2010<br \/>\nT\u00edtulo da Tese: <a title=\"Disserta\u00e7\u00f5es 2010 - Conclu\u00eddas\" href=\"https:\/\/uenf.br\/posgraduacao\/producao-vegetal\/wp-content\/uploads\/sites\/10\/2014\/09\/Fernanda-Pessanha.pdf\"><em>Eugenia uniflora<\/em> L. (Mirtaceae): caracteriza\u00e7\u00e3o e avalia\u00e7\u00e3o dos compostos fen\u00f3licos, da vitamina C e da atividade antioxidante dos frutos da pitangueira.<\/a><\/p>\n<p>&nbsp;<\/p>\n<hr \/>\n<p>&nbsp;<\/p>\n<p>Aluno: Wanderson Souza Rabello<br \/>\nOrientador: Prof. Pedro Henrique Monnerat<br \/>\nData de In\u00edcio: 03\/2008<br \/>\nData de Defesa de Tese: 21\/10\/2010<br \/>\nT\u00edtulo da Tese: <a title=\"Disserta\u00e7\u00f5es 2010 - Conclu\u00eddas\" href=\"https:\/\/uenf.br\/posgraduacao\/producao-vegetal\/wp-content\/uploads\/sites\/10\/2014\/09\/Wanderson.pdf\">Absor\u00e7\u00e3o de nutrientes minerais em feijoeiro comum em resposta a subdoses de Glyphosate.<\/a><\/p>\n<p>&nbsp;<\/p>\n<hr \/>\n<p>Aluno: C\u00e1tia Oliveira de Paula<br \/>\nOrientador: Prof. Richard Ian Samuels<br \/>\nData de In\u00edcio: 03\/2008<br \/>\nData de Defesa de Tese: 22\/10\/2010<br \/>\nT\u00edtulo da Tese: <a title=\"Disserta\u00e7\u00f5es 2010 - Conclu\u00eddas\" href=\"https:\/\/uenf.br\/posgraduacao\/producao-vegetal\/wp-content\/uploads\/sites\/10\/2014\/09\/C%C3%A1tia-Paula.pdf\">Resist\u00eancia de larvas de <em>Aedes aegypti<\/em> ao Temef\u00f3s e intera\u00e7\u00e3o do larvicida com o fungo entomopatog\u00eanico <em>Metarhizium anisopliae<\/em>.<\/a><\/p>\n<p>&nbsp;<\/p>\n<hr \/>\n<p>Aluno: Cezar Vasconcellos Sanfim Cardoso<br \/>\nOrientador: Prof. Jos\u00e9 Geraldo de Ara\u00fajo Carneiro<br \/>\nData de In\u00edcio: 08\/2007<br \/>\nData de Defesa de Tese: 27\/10\/2010<br \/>\nT\u00edtulo da Tese: Estudo dos atributos qu\u00edmicos, uso da efici\u00eancia da \u00e1gua do solo e do crescimento, de povoamentos puros e consorciados de Eucalyptus tereticomis e Mimosa caesalpiniifolia.<\/p>\n<p>&nbsp;<\/p>\n","protected":false},"excerpt":{"rendered":"<p>Aluno: Ismael Louren\u00e7o de Jesus Freitas Orientador: Prof. Antonio Teixeira do Amaral J\u00fanior Data de In\u00edcio: 03\/2008 Data de Defesa&#8230;<\/p>\n","protected":false},"author":21,"featured_media":0,"parent":30,"menu_order":4,"comment_status":"closed","ping_status":"open","template":"","meta":{"footnotes":""},"class_list":["post-143","page","type-page","status-publish","hentry"],"_links":{"self":[{"href":"https:\/\/uenf.br\/posgraduacao\/producao-vegetal\/wp-json\/wp\/v2\/pages\/143","targetHints":{"allow":["GET"]}}],"collection":[{"href":"https:\/\/uenf.br\/posgraduacao\/producao-vegetal\/wp-json\/wp\/v2\/pages"}],"about":[{"href":"https:\/\/uenf.br\/posgraduacao\/producao-vegetal\/wp-json\/wp\/v2\/types\/page"}],"author":[{"embeddable":true,"href":"https:\/\/uenf.br\/posgraduacao\/producao-vegetal\/wp-json\/wp\/v2\/users\/21"}],"replies":[{"embeddable":true,"href":"https:\/\/uenf.br\/posgraduacao\/producao-vegetal\/wp-json\/wp\/v2\/comments?post=143"}],"version-history":[{"count":0,"href":"https:\/\/uenf.br\/posgraduacao\/producao-vegetal\/wp-json\/wp\/v2\/pages\/143\/revisions"}],"up":[{"embeddable":true,"href":"https:\/\/uenf.br\/posgraduacao\/producao-vegetal\/wp-json\/wp\/v2\/pages\/30"}],"wp:attachment":[{"href":"https:\/\/uenf.br\/posgraduacao\/producao-vegetal\/wp-json\/wp\/v2\/media?parent=143"}],"curies":[{"name":"wp","href":"https:\/\/api.w.org\/{rel}","templated":true}]}}