{"id":152,"date":"2014-01-27T16:30:55","date_gmt":"2014-01-27T16:30:55","guid":{"rendered":"http:\/\/uenf.br\/pos-graduacao\/producao-vegetal\/?page_id=152"},"modified":"2017-10-23T11:02:27","modified_gmt":"2017-10-23T13:02:27","slug":"mestrado-conclusao-em-2009","status":"publish","type":"page","link":"https:\/\/uenf.br\/posgraduacao\/producao-vegetal\/teses-e-dissertacoes-concluidas\/mestrado\/mestrado-conclusao-em-2009\/","title":{"rendered":"Mestrado &#8211; conclus\u00e3o em 2009"},"content":{"rendered":"<p>Aluno: Luciana Moreno dos Santos<br \/>\nOrientador: Prof. Silv\u00e9rio de Paiva Freitas<br \/>\nData de In\u00edcio: 03\/2007<br \/>\nData de Defesa de Tese: 10\/02\/2009<br \/>\nT\u00edtulo da Tese: Avalia\u00e7\u00e3o dos constituintes qu\u00edmicos polares e da atividade alelop\u00e1tica de Schinus terebinthifolius (Anacardiaceae).<\/p>\n<hr \/>\n<p>Aluno: Marcela Vicente Vieira Andrade<br \/>\nOrientador: Prof\u00aa Meire L\u00e9lis Leal Martins<br \/>\nData de In\u00edcio: 03\/2007<br \/>\nData de Defesa de Tese: 10\/02\/2009<br \/>\nT\u00edtulo da Tese: <a title=\"Disserta\u00e7\u00f5es 2009 - conclu\u00eddas\" href=\"https:\/\/uenf.br\/posgraduacao\/producao-vegetal\/wp-content\/uploads\/sites\/10\/2014\/10\/Marcela-Vicente.pdf\">Otimiza\u00e7\u00e3o de um meio de cultura para a produ\u00e7\u00e3o de poligalacturonases pelo termof\u00edlico <em>Bacillus<\/em> sp. SMIA-2 e propriedades da enzima.<\/a><a href=\"http:\/\/www.uenf.br\/Uenf\/Downloads\/PRODVEGETAL_3434_1251483972.pdf\"><br \/>\n<\/a><\/p>\n<p>&nbsp;<\/p>\n<hr \/>\n<p>&nbsp;<\/p>\n<p>Aluno: Thamy L\u00edvia Ribeiro Corr\u00eaa<br \/>\nOrientador: Prof\u00aa Meire L\u00e9lis Leal Martins<br \/>\nData de In\u00edcio: 03\/2007<br \/>\nData de Defesa de Tese: 10\/02\/2009<br \/>\nT\u00edtulo da Tese: <a title=\"Disserta\u00e7\u00f5es 2009 - conclu\u00eddas\" href=\"https:\/\/uenf.br\/posgraduacao\/producao-vegetal\/wp-content\/uploads\/sites\/10\/2014\/10\/Thamy-L%C3%ADvia.pdf\">Produ\u00e7\u00e3o simult\u00e2nea de \u221d-amilase e proteases pelo <em>Bacillus<\/em> sp. SMIA-2 termof\u00edlico e aplica\u00e7\u00e3o destas enzimas em formula\u00e7\u00f5es de detergente.<\/a><\/p>\n<p>&nbsp;<\/p>\n<hr \/>\n<p>&nbsp;<\/p>\n<p>Aluno: Vanessa Quitete Ribeiro da Silva<br \/>\nOrientador: Prof. Antonio Teixeira do Amaral J\u00fanior<br \/>\nData de In\u00edcio: 03\/2007<br \/>\nData de Defesa de Tese: 11\/02\/2009<br \/>\nT\u00edtulo da Tese: <a title=\"Disserta\u00e7\u00f5es 2009 - conclu\u00eddas\" href=\"https:\/\/uenf.br\/posgraduacao\/producao-vegetal\/wp-content\/uploads\/sites\/10\/2014\/10\/Vanessa-Silva.pdf\">Melhoramento de milho pipoca: capacidade combinat\u00f3ria de linhagens, parametriza\u00e7\u00e3o heter\u00f3tica e heran\u00e7a de caracter\u00edsticas agron\u00f4micas.<\/a><\/p>\n<p>&nbsp;<\/p>\n<p>&nbsp;<\/p>\n<hr \/>\n<p>&nbsp;<\/p>\n<p>Aluno: Silv\u00e2nia Alves Ladeira<br \/>\nOrientador: Prof\u00aa Meire L\u00e9lis Leal Martins<br \/>\nData de In\u00edcio: 03\/2007<br \/>\nData de Defesa de Tese: 11\/02\/2009<br \/>\nT\u00edtulo da Tese: Otimiza\u00e7\u00e3o de um meio de cultura para a produ\u00e7\u00e3o de proteases por Bacillus sp. SMIA-2 e propriedades da enzima.<\/p>\n<p>&nbsp;<\/p>\n<hr \/>\n<p>&nbsp;<\/p>\n<p>&nbsp;<\/p>\n<p>Aluno: Raquel Fialho Rubim<br \/>\nOrientador: Prof. Henrique Duarte Vieira<br \/>\nData de In\u00edcio: 03\/2007<br \/>\nData de Defesa de Tese: 12\/02\/2009<br \/>\nT\u00edtulo da Tese: <a title=\"Disserta\u00e7\u00f5es 2009 - conclu\u00eddas\" href=\"https:\/\/uenf.br\/posgraduacao\/producao-vegetal\/wp-content\/uploads\/sites\/10\/2014\/10\/Raquel-Rubim.pdf\">Avalia\u00e7\u00e3o da t\u00e9cnica secaf\u00e9 em sementes de caf\u00e9 conilon (<em>Coffea canephora<\/em>).<\/a><\/p>\n<p>&nbsp;<\/p>\n<hr \/>\n<p>&nbsp;<\/p>\n<p>Aluno: Anna Christina Sanaz\u00e1rio de Oliveira<br \/>\nOrientador: Prof. F\u00e1bio Cunha Coelho<br \/>\nData de In\u00edcio: 03\/2007<br \/>\nData de Defesa de Tese: 12\/02\/2009<br \/>\nT\u00edtulo da Tese: <a title=\"Disserta\u00e7\u00f5es 2009 - Conclu\u00eddas\" href=\"https:\/\/uenf.br\/posgraduacao\/producao-vegetal\/wp-content\/uploads\/sites\/10\/2014\/10\/Anna-Christina.pdf\">Qualidade fisiol\u00f3gica de sementes de milho armazenadas em diferentes embalagens reutiliz\u00e1veis sob dois ambientes.<\/a><\/p>\n<p>&nbsp;<\/p>\n<hr \/>\n<p>&nbsp;<\/p>\n<p>Aluno: Pedro Gon\u00e7alves Fernandes<br \/>\nOrientador: Prof. F\u00e1bio Cunha Coelho<br \/>\nData de In\u00edcio: 03\/2007<br \/>\nData de Defesa de Tese: 13\/02\/2009<br \/>\nT\u00edtulo da Tese: <a title=\"Disserta\u00e7\u00f5es 2009 - conclu\u00eddas\" href=\"https:\/\/uenf.br\/posgraduacao\/producao-vegetal\/wp-content\/uploads\/sites\/10\/2014\/10\/Pedro.pdf\">Formas de plantio de mudas de cana-de-a\u00e7\u00facar no sistema MEIOSI.<\/a><\/p>\n<p>&nbsp;<\/p>\n<p>&nbsp;<\/p>\n<hr \/>\n<p>&nbsp;<\/p>\n<p>Aluno: Raphael Cardoso Rodrigues<br \/>\nOrientador: Prof. Pedro Amorim Berbert<br \/>\nData de In\u00edcio: 03\/2007<br \/>\nData de Defesa de Tese: 16\/02\/2009<br \/>\nT\u00edtulo da Tese: <a title=\"Disserta\u00e7\u00f5es 2009 - conclu\u00eddas\" href=\"https:\/\/uenf.br\/posgraduacao\/producao-vegetal\/wp-content\/uploads\/sites\/10\/2014\/10\/Raphael.pdf\">Aproveitamento de xarope residual da desidrata\u00e7\u00e3o osm\u00f3tica de abacaxi para o cultivo de <em>Bacillus thuringiensis<\/em> var. <em>israelensis<\/em>.<\/a><\/p>\n<p>&nbsp;<\/p>\n<hr \/>\n<p>&nbsp;<\/p>\n<p>Aluno: Max Lacerda Ribas<br \/>\nOrientador: Prof. Geraldo de Amaral Gravina<br \/>\nData de In\u00edcio: 03\/2007<br \/>\nData de Defesa de Tese: 16\/02\/2009<br \/>\nT\u00edtulo da Tese: <a title=\"Disserta\u00e7\u00f5es 2009 - conclu\u00eddas\" href=\"https:\/\/uenf.br\/posgraduacao\/producao-vegetal\/wp-content\/uploads\/sites\/10\/2014\/10\/Max.pdf\">Caracteres agron\u00f4micos de cinco gen\u00f3tipos de girassol (<em>Helianthus annuus<\/em> L.) avaliados em Campos dos Goytacazes &#8211; RJ.<\/a><a href=\"http:\/\/www.uenf.br\/Uenf\/Downloads\/PRODVEGETAL_3434_1256661511.pdf\"><br \/>\n<\/a><\/p>\n<hr \/>\n<p>&nbsp;<\/p>\n<p>&nbsp;<\/p>\n<p>Aluno: Pablo Pereira Corr\u00eaa Klaver<br \/>\nOrientador: Prof. Ricardo Ferreira Garcia<br \/>\nData de In\u00edcio: 08\/2007<br \/>\nData de Defesa de Tese: 17\/02\/2009<br \/>\nT\u00edtulo da Tese: <a title=\"Disserta\u00e7\u00f5es 2009 - conclu\u00eddas\" href=\"https:\/\/uenf.br\/posgraduacao\/producao-vegetal\/wp-content\/uploads\/sites\/10\/2014\/10\/Pablo.pdf\">Desenvolvimento de programas computacionais visando a otimiza\u00e7\u00e3o de opera\u00e7\u00f5es agr\u00edcolas mecanizadas. <\/a><\/p>\n<p>&nbsp;<\/p>\n<p>&nbsp;<\/p>\n<hr \/>\n<p>Aluno: Marcos Vin\u00edcius da Silva Freitas<br \/>\nOrientador: Prof. Roberto Ferreira da Silva<br \/>\nData de In\u00edcio: 03\/2006<br \/>\nData de Defesa de Tese: 17\/02\/2009<br \/>\nT\u00edtulo da Tese: <a title=\"Disserta\u00e7\u00f5es 2009 - conclu\u00eddas\" href=\"https:\/\/uenf.br\/posgraduacao\/producao-vegetal\/wp-content\/uploads\/sites\/10\/2014\/10\/Marcos-Vin%C3%ADcius.pdf\">Qualidade fisiol\u00f3gica das sementes e par\u00e2metros gen\u00e9ticos de prog\u00eanies de maracujazeiro amarelo (<em>Passiflora edulis f. flavicarpa<\/em>).<\/a><\/p>\n<p>&nbsp;<\/p>\n<p>&nbsp;<\/p>\n<hr \/>\n<p>Aluno: Lucas Fernandes de Souza<br \/>\nOrientador: Prof. Elias Fernandes de Sousa<br \/>\nData de In\u00edcio: 03\/2007<br \/>\nData de Defesa de Tese: 18\/02\/2009<br \/>\nT\u00edtulo da Tese: <a title=\"Disserta\u00e7\u00f5es 2009 - conclu\u00eddas\" href=\"https:\/\/uenf.br\/posgraduacao\/producao-vegetal\/wp-content\/uploads\/sites\/10\/2014\/10\/Lucas.pdf\">Utiliza\u00e7\u00e3o da varia\u00e7\u00e3o dendrom\u00e9trica como indicador para o manejo da irriga\u00e7\u00e3o de plantas de caf\u00e9.<\/a><\/p>\n<p>&nbsp;<\/p>\n<hr \/>\n<p>&nbsp;<\/p>\n<p>Aluno: Liliana Parente Ribeiro<br \/>\nOrientador: Prof\u00aa Emanuela Forestieri da Gama-Rodrigues<br \/>\nData de In\u00edcio: 03\/2007<br \/>\nData de Defesa de Tese: 05\/03\/2009<br \/>\nT\u00edtulo da Tese: <a title=\"Disseta\u00e7\u00f5es 2009- conclu\u00eddas\" href=\"https:\/\/uenf.br\/posgraduacao\/producao-vegetal\/wp-content\/uploads\/sites\/10\/2014\/10\/liliana.pdf\">Aduba\u00e7\u00e3o qu\u00edmica em plantio de <em>Acacia auriculiformis<\/em>: influ\u00eancia sobre a fauna ed\u00e1fica.<\/a><a href=\"http:\/\/www.uenf.br\/Uenf\/Downloads\/PRODVEGETAL_3434_1254401633.pdf\"><br \/>\n<\/a><\/p>\n<hr \/>\n<p>&nbsp;<\/p>\n<p>&nbsp;<\/p>\n<p>Aluno: Eliana Monteiro Soares de Oliveira<br \/>\nOrientador: Prof. Eder Dutra de Resende<br \/>\nData de In\u00edcio: 03\/2007<br \/>\nData de Defesa de Tese: 10\/03\/2009<br \/>\nT\u00edtulo da Tese: <a title=\"Disserta\u00e7\u00f5es 2009 - Conclu\u00eddas\" href=\"https:\/\/uenf.br\/posgraduacao\/producao-vegetal\/wp-content\/uploads\/sites\/10\/2014\/10\/Eliana.pdf\">Caracteriza\u00e7\u00e3o de rendimento das sementes e do albedo do maracuj\u00e1 para aproveitamento industrial e obten\u00e7\u00e3o da farinha da casca e pectina. <\/a><\/p>\n<p>&nbsp;<\/p>\n<p>&nbsp;<\/p>\n<hr \/>\n<p>Aluno: Gleidson Morais de Souza<br \/>\nOrientador: Prof. Ricardo Enrique Bressan-Smith<br \/>\nData de In\u00edcio: 03\/2007<br \/>\nData de Defesa de Tese: 12\/03\/2009<br \/>\nT\u00edtulo da Tese: <a title=\"Disserta\u00e7\u00f5es 2009 - Conclu\u00eddas\" href=\"https:\/\/uenf.br\/posgraduacao\/producao-vegetal\/wp-content\/uploads\/sites\/10\/2014\/10\/Gleidson.pdf\">Avalia\u00e7\u00e3o n\u00e3o invasiva do desenvolvimento de frutos de videira pela fluoresc\u00eancia da Clorofila <em>a<\/em>. <\/a><\/p>\n<p>&nbsp;<\/p>\n<hr \/>\n<p>&nbsp;<\/p>\n<p>&nbsp;<\/p>\n<p>Aluno: Vanessa Pereira de Jesus<br \/>\nOrientador: Prof. F\u00e1bio Cunha Coelho<br \/>\nData de In\u00edcio: 03\/2007<br \/>\nData de Defesa de Tese: 06\/04\/2009<br \/>\nT\u00edtulo da Tese: <a title=\"Disserta\u00e7\u00f5es 2009 - conclu\u00eddas\" href=\"https:\/\/uenf.br\/posgraduacao\/producao-vegetal\/wp-content\/uploads\/sites\/10\/2014\/10\/Vanessa-Jesus.pdf\">Produ\u00e7\u00e3o de minimilho (<em>Zea mays<\/em> L.)em diferentes sistemas de manejo.<\/a><\/p>\n<p>&nbsp;<\/p>\n<hr \/>\n<p>&nbsp;<\/p>\n<p>Aluno: Luciane da Costa Barb\u00e9<br \/>\nOrientador: Prof. Paulo Marcelo de Souza<br \/>\nData de In\u00edcio: 03\/2007<br \/>\nData de Defesa de Tese: 14\/04\/2009<br \/>\nT\u00edtulo da Tese: <a title=\"Disserta\u00e7\u00f5es 2009- conclu\u00eddas\" href=\"https:\/\/uenf.br\/posgraduacao\/producao-vegetal\/wp-content\/uploads\/sites\/10\/2014\/10\/Luciane-Barb%C3%A9.pdf\">Caracteriza\u00e7\u00e3o de consumidores e produtores dos produtos agroecol\u00f3gicos\/org\u00e2nicos em Campos dos Goytacazes &#8211; RJ.<\/a><\/p>\n<p>&nbsp;<\/p>\n<hr \/>\n<p>&nbsp;<\/p>\n<p>Aluno: Laureana Aparecida Coimbra Pelegrini<br \/>\nOrientador: Prof. Elias Fernandes de Sousa<br \/>\nData de In\u00edcio: 03\/2007<br \/>\nData de Defesa de Tese: 16\/04\/2009<br \/>\nT\u00edtulo da Tese: Evapotranspira\u00e7\u00e3o e fun\u00e7\u00e3o de produ\u00e7\u00e3o da cultura do girassol em Campos dos Goytacazes, RJ.<\/p>\n<p>&nbsp;<\/p>\n<hr \/>\n<p>&nbsp;<\/p>\n<p>Aluno: Francinaide Oliveira da Silva<br \/>\nOrientador: Prof. Eder Dutra de Resende<br \/>\nData de In\u00edcio: 03\/2007<br \/>\nData de Defesa de Tese: 22\/04\/2009<br \/>\nT\u00edtulo da Tese: Qualidade do maracuj\u00e1-amarelo (Passiflora edulis Sims) armazenado sob refrigera\u00e7\u00e3o em condi\u00e7\u00f5es de atmosfera controlada.<\/p>\n<p>&nbsp;<\/p>\n<hr \/>\n<p>&nbsp;<\/p>\n<p>&nbsp;<\/p>\n<p>Aluno: Carla Cristina da Silva Pinto<br \/>\nOrientador: Prof\u00aa Claudia de melo Dolinski<br \/>\nData de In\u00edcio: 03\/2007<br \/>\nData de Defesa de Tese: 17\/04\/2009<br \/>\nT\u00edtulo da Tese: <a title=\"Disserta\u00e7\u00f5es 2009 - Conclu\u00eddas\" href=\"https:\/\/uenf.br\/posgraduacao\/producao-vegetal\/wp-content\/uploads\/sites\/10\/2014\/10\/Carla-Cristina.pdf\">Efeito de substratos com diferentes classes texturais na mobilidade do nemat\u00f3ide entomopatog\u00eanico <em>Heterorhabditis baujardi<\/em> LPP7 (Rhabditida: Heterorhabditida).<\/a><\/p>\n<p>&nbsp;<\/p>\n<hr \/>\n<p>&nbsp;<\/p>\n<p>Aluno: Francisco Maur\u00edcio Alves Francelino<br \/>\nOrientador: Prof. Geraldo de Amaral Gravina<br \/>\nData de In\u00edcio: 03\/2007<br \/>\nData de Defesa de Tese: 18\/05\/2009<br \/>\nT\u00edtulo da Tese: <a title=\"Disserta\u00e7\u00f5es 2009 - Conclu\u00eddas\" href=\"https:\/\/uenf.br\/posgraduacao\/producao-vegetal\/wp-content\/uploads\/sites\/10\/2014\/10\/Francisco-Maur%C3%ADcio.pdf\">Ensaios de competi\u00e7\u00e3o de linhagens promissoras de feij\u00e3o-de-vagem (<em>Phaseolus vulgaris<\/em> L.) para as regi\u00f5es Norte e Noroeste Fluminense.<\/a><a href=\"http:\/\/www.uenf.br\/Uenf\/Downloads\/PRODVEGETAL_3434_1272975804.pdf\"><br \/>\n<\/a><\/p>\n<p>&nbsp;<\/p>\n<p>&nbsp;<\/p>\n<hr \/>\n<p>Aluno: Carlos Eduardo Pessanha da Silva Terra<br \/>\nOrientador: Prof. Silvaldo Felipe da Silveira<br \/>\nData de In\u00edcio: 08\/2006<br \/>\nData de Defesa de Tese: 04\/06\/2009<br \/>\nT\u00edtulo da Tese: <a title=\"Disserta\u00e7\u00f5es 2009 - Conclu\u00eddas\" href=\"https:\/\/uenf.br\/posgraduacao\/producao-vegetal\/wp-content\/uploads\/sites\/10\/2014\/10\/Carlos-Eduardo-Terra.pdf\">Avalia\u00e7\u00e3o de gen\u00f3tipos e indutores de resist\u00eancia no controle da pinta-preta do mamoeiro. <\/a><\/p>\n<p>&nbsp;<\/p>\n<hr \/>\n<p>&nbsp;<\/p>\n<p>&nbsp;<\/p>\n<p>Aluno: Claryssa Mariama Pereira Monteiro<br \/>\nOrientador: Prof. Silvaldo Felipe da Silveira<br \/>\nData de In\u00edcio: 03\/2007<br \/>\nData de Defesa de Tese: 19\/06\/2009<br \/>\nT\u00edtulo da Tese: <a title=\"Disserta\u00e7\u00f5es 2009 - Conclu\u00eddas\" href=\"https:\/\/uenf.br\/posgraduacao\/producao-vegetal\/wp-content\/uploads\/sites\/10\/2014\/10\/Claryssa.pdf\">Aplica\u00e7\u00e3o axilar de fungicidas sist\u00eamicos no controle da queima-das-folhas do coqueiro (<em>Cocos nucifera<\/em> L.).<\/a><\/p>\n<hr \/>\n<p>&nbsp;<\/p>\n<p>Aluno: Juliana Pereira Passos<br \/>\nOrientador: Prof\u00aa Karla Silva Ferreira<br \/>\nData de In\u00edcio: 03\/2007<br \/>\nData de Defesa de Tese: 26\/06\/2009<br \/>\nT\u00edtulo da Tese: <a title=\"Disserta\u00e7\u00f5es 2009 - conclu\u00eddas\" href=\"https:\/\/uenf.br\/posgraduacao\/producao-vegetal\/wp-content\/uploads\/sites\/10\/2014\/10\/Juliana-Passos.pdf\">Caracteriza\u00e7\u00e3o nutricional e biopsicossocial e avalia\u00e7\u00e3o do impacto do consumo de sal hiposs\u00f3dico em idosos de uma Institui\u00e7\u00e3o de longa perman\u00eancia.<\/a><\/p>\n<hr \/>\n<p>&nbsp;<\/p>\n<p>Aluno: Virg\u00ednia Freitas Rodrigues<br \/>\nOrientador: Prof. Ivo Jos\u00e9 Curcino Vieira<br \/>\nData de In\u00edcio: 08\/2007<br \/>\nData de Defesa de Tese: 13\/07\/2009<br \/>\nT\u00edtulo da Tese: Constituintes qu\u00edmicos de Trichilia quadrijuga (Meliaceae).<\/p>\n<p>&nbsp;<\/p>\n<hr \/>\n<p>Aluno: Jaqueline Batista da Silva<br \/>\nOrientador: Prof\u00aa Karla Silva Ferreira<br \/>\nData de In\u00edcio: 03\/2007<br \/>\nData de Defesa de Tese: 17\/07\/2009<br \/>\nT\u00edtulo da Tese: <a title=\"Disserta\u00e7\u00f5es 2009 - Conclu\u00eddas\" href=\"https:\/\/uenf.br\/posgraduacao\/producao-vegetal\/wp-content\/uploads\/sites\/10\/2014\/10\/Jaqueline-Silva.pdf\">Sel\u00eanio: fontes alimentares e estado nutricional.<\/a><\/p>\n<p>&nbsp;<\/p>\n<hr \/>\n<p>&nbsp;<\/p>\n<p>&nbsp;<\/p>\n<p>Aluno: Jos\u00e9 Francisco S\u00e1 Vasconcelos J\u00fanior<br \/>\nOrientador: Prof. Ricardo Ferreira Garcia<br \/>\nData de In\u00edcio: 08\/2007<br \/>\nData de Defesa de Tese: 21\/07\/2009<br \/>\nT\u00edtulo da Tese: <a title=\"Disserta\u00e7\u00f5es 2009 - conclu\u00eddas\" href=\"https:\/\/uenf.br\/posgraduacao\/producao-vegetal\/wp-content\/uploads\/sites\/10\/2014\/10\/Jos%C3%A9-Francisco-Junior.pdf\">Produtividade do feijoeiro em cultivo tradicional e tecnificado no Norte Fluminense.<\/a><\/p>\n<hr \/>\n<p>&nbsp;<\/p>\n<p>Aluno: Daniele de Alvarenga Ferreira<br \/>\nOrientador: Prof\u00aa Deborah Guerra Barroso<br \/>\nData de In\u00edcio: 03\/2007<br \/>\nData de Defesa de Tese: 03\/08\/2009<br \/>\nT\u00edtulo da Tese: <a title=\"Disserta\u00e7\u00f5es 2009 - Conclu\u00eddas\" href=\"https:\/\/uenf.br\/posgraduacao\/producao-vegetal\/wp-content\/uploads\/sites\/10\/2014\/10\/Daniele-Ferreira.pdf\">Produtividade de minicepas de cedro australiano em minijardim multiclonal e influ\u00eancia da posi\u00e7\u00e3o das miniestacas na qualidade das mudas.<\/a><\/p>\n<p>&nbsp;<\/p>\n<hr \/>\n<p>Aluno: Simony Cristina Ruivo<br \/>\nOrientador: Prof. Alexandre Pio Viana<br \/>\nData de In\u00edcio: 03\/2007<br \/>\nData de Defesa de Tese: 05\/08\/2009<br \/>\nT\u00edtulo da Tese: <a title=\"Disserta\u00e7\u00f5es 2009 - conclu\u00eddas\" href=\"https:\/\/uenf.br\/posgraduacao\/producao-vegetal\/wp-content\/uploads\/sites\/10\/2014\/10\/Simony-Ruivo.pdf\">Avalia\u00e7\u00e3o de Porta-enxertos de videira quanto a toler\u00e2ncia ao encharcamento.<\/a><\/p>\n<p>&nbsp;<\/p>\n<hr \/>\n<p>&nbsp;<\/p>\n<p>&nbsp;<\/p>\n<p>Aluno: Vinicius Fernandes Moreira<br \/>\nOrientador: Prof. Ivo Jos\u00e9 Curcino<br \/>\nData de In\u00edcio: 08\/2006<br \/>\nData de Defesa de Tese: 30\/09\/2009<br \/>\nT\u00edtulo da Tese: Constituintes qu\u00edmicos de Borreria verticillata (Rubiaceae).<\/p>\n<p>&nbsp;<\/p>\n<hr \/>\n<p>Aluno: Clara-Luz da Aurora dos Santos<br \/>\nOrientador: Prof. Jurandi Gon\u00e7alves de Oliveira<br \/>\nData de In\u00edcio: 03\/2007<br \/>\nData de Defesa de Tese: 16\/12\/2009<br \/>\nT\u00edtulo da Tese: <a title=\"Disserta\u00e7\u00f5es 2009 - Conclu\u00eddas\" href=\"https:\/\/uenf.br\/posgraduacao\/producao-vegetal\/wp-content\/uploads\/sites\/10\/2014\/10\/Clara-Luz.pdf\">Influ\u00eancia do horm\u00f4nio etileno na atividade da H+-ATPase de membrana plasm\u00e1tica durante o amadurecimento do mam\u00e3o (<em>Carica papaya<\/em> L.) &#8216;Golden&#8217;. <\/a><\/p>\n","protected":false},"excerpt":{"rendered":"<p>Aluno: Luciana Moreno dos Santos Orientador: Prof. Silv\u00e9rio de Paiva Freitas Data de In\u00edcio: 03\/2007 Data de Defesa de Tese:&#8230;<\/p>\n","protected":false},"author":21,"featured_media":0,"parent":30,"menu_order":5,"comment_status":"closed","ping_status":"open","template":"","meta":{"footnotes":""},"class_list":["post-152","page","type-page","status-publish","hentry"],"_links":{"self":[{"href":"https:\/\/uenf.br\/posgraduacao\/producao-vegetal\/wp-json\/wp\/v2\/pages\/152","targetHints":{"allow":["GET"]}}],"collection":[{"href":"https:\/\/uenf.br\/posgraduacao\/producao-vegetal\/wp-json\/wp\/v2\/pages"}],"about":[{"href":"https:\/\/uenf.br\/posgraduacao\/producao-vegetal\/wp-json\/wp\/v2\/types\/page"}],"author":[{"embeddable":true,"href":"https:\/\/uenf.br\/posgraduacao\/producao-vegetal\/wp-json\/wp\/v2\/users\/21"}],"replies":[{"embeddable":true,"href":"https:\/\/uenf.br\/posgraduacao\/producao-vegetal\/wp-json\/wp\/v2\/comments?post=152"}],"version-history":[{"count":0,"href":"https:\/\/uenf.br\/posgraduacao\/producao-vegetal\/wp-json\/wp\/v2\/pages\/152\/revisions"}],"up":[{"embeddable":true,"href":"https:\/\/uenf.br\/posgraduacao\/producao-vegetal\/wp-json\/wp\/v2\/pages\/30"}],"wp:attachment":[{"href":"https:\/\/uenf.br\/posgraduacao\/producao-vegetal\/wp-json\/wp\/v2\/media?parent=152"}],"curies":[{"name":"wp","href":"https:\/\/api.w.org\/{rel}","templated":true}]}}