{"id":161,"date":"2014-01-27T17:06:45","date_gmt":"2014-01-27T17:06:45","guid":{"rendered":"http:\/\/uenf.br\/pos-graduacao\/producao-vegetal\/?page_id=161"},"modified":"2017-10-30T10:48:57","modified_gmt":"2017-10-30T12:48:57","slug":"mestrado-conclusao-em-2008","status":"publish","type":"page","link":"https:\/\/uenf.br\/posgraduacao\/producao-vegetal\/teses-e-dissertacoes-concluidas\/mestrado\/mestrado-conclusao-em-2008\/","title":{"rendered":"Mestrado &#8211; conclus\u00e3o em 2008"},"content":{"rendered":"<p>Aluno: Den\u00edlson Coelho de Faria<br \/>\nOrientador: Prof. Almy Junior Cordeiro de Carvalho<br \/>\nData de In\u00edcio: 03\/2005<br \/>\nData de Defesa de Tese: 31\/01\/2008<br \/>\nT\u00edtulo da Tese: Desenvolvimento e produtividade do abacaxizeiro &#8216;Smooth Cayenne&#8217; em fun\u00e7\u00e3o de aduba\u00e7\u00e3o nitrogenada e tipos de mudas no Norte Fluminense.<\/p>\n<p>&nbsp;<\/p>\n<hr \/>\n<p>&nbsp;<\/p>\n<p>Aluno: Tiago Massi Ferraz<br \/>\nOrientador: Prof. Eliemar Campostrini<br \/>\nData de In\u00edcio: 03\/2005<br \/>\nData de Defesa de Tese: 15\/02\/2008<br \/>\nT\u00edtulo da Tese: <a title=\"Disserta\u00e7\u00f5es 2008 - Conclu\u00eddas\" href=\"https:\/\/uenf.br\/posgraduacao\/producao-vegetal\/wp-content\/uploads\/sites\/10\/2015\/01\/Tiago-Massi.pdf\">Trocas gasosas em mamoeiro &#8216;Golden&#8217;: rela\u00e7\u00f5es entre plantas inteiras e folhas individuais.<\/a><\/p>\n<p>&nbsp;<\/p>\n<hr \/>\n<p>&nbsp;<\/p>\n<p>Aluno: Maximiliano Silva de Souza<br \/>\nOrientador: Prof. Jurandi Gon\u00e7alves de Oliveira<br \/>\nData de In\u00edcio: 03\/2005<br \/>\nData de Defesa de Tese: 21\/02\/2008<br \/>\nT\u00edtulo da Tese: <a title=\"Disserta\u00e7\u00f5es 2008 - Conclu\u00eddas\" href=\"https:\/\/uenf.br\/posgraduacao\/producao-vegetal\/wp-content\/uploads\/sites\/10\/2014\/12\/Maximiliano.pdf\">Aplica\u00e7\u00e3o do 1-MCP em frutos de mamoeiro &#8216;Golden&#8217;\u00a0em diferentes est\u00e1dios de matura\u00e7\u00e3o.<\/a><\/p>\n<p>&nbsp;<\/p>\n<hr \/>\n<p>&nbsp;<\/p>\n<p>Aluno: Sarah Ola Moreira<br \/>\nOrientador: Prof\u00aa Rosana Rodrigues<br \/>\nData de In\u00edcio: 03\/2006<br \/>\nData de Defesa de Tese: 26\/02\/2008<br \/>\nT\u00edtulo da Tese: <a title=\"Disserta\u00e7\u00f5es 2008 - Conclu\u00eddas\" href=\"https:\/\/uenf.br\/posgraduacao\/producao-vegetal\/wp-content\/uploads\/sites\/10\/2015\/01\/Sarah.pdf\">Rea\u00e7\u00e3o \u00e0 mancha-bacteriana e desempenho agron\u00f4mico de linhas recombinadas de <em>Capsicum annuum<\/em> L.<\/a><\/p>\n<p>&nbsp;<\/p>\n<hr \/>\n<p>&nbsp;<\/p>\n<p>Aluno: Thiago de Souza Ribeiro<br \/>\nOrientador: Prof\u00aa Deborah Guerra Barroso<br \/>\nData de In\u00edcio: 03\/2005<br \/>\nData de Defesa de Tese: 29\/02\/2008<br \/>\nT\u00edtulo da Tese: <a title=\"Disserta\u00e7\u00f5es 2008 - Conclu\u00eddas\" href=\"https:\/\/uenf.br\/posgraduacao\/producao-vegetal\/wp-content\/uploads\/sites\/10\/2015\/01\/Thiago-Ribeiro.pdf\">Influ\u00eancia da aduba\u00e7\u00e3o verde sobre o crescimento e nutri\u00e7\u00e3o de gravioleira e mangueira e sobre a atividade microbiana do solo.<\/a><a href=\"http:\/\/www.uenf.br\/Uenf\/Downloads\/PRODVEGETAL_3434_1220015855.pdf\"><br \/>\n<\/a><\/p>\n<p>&nbsp;<\/p>\n<hr \/>\n<p>&nbsp;<\/p>\n<p>Aluno: Ramon Santos de Minas<br \/>\nOrientador: Prof. Ricardo Moreira de Souza<br \/>\nData de In\u00edcio: 03\/2006<br \/>\nData de Defesa de Tese: 07\/03\/2008<br \/>\nT\u00edtulo da Tese:\u00a0<a title=\"Disserta\u00e7\u00f5es 2008 - Conclu\u00eddas\" href=\"https:\/\/uenf.br\/posgraduacao\/producao-vegetal\/wp-content\/uploads\/sites\/10\/2014\/12\/Ramon-Minas.pdf\">Potencial dos nemat\u00f3ides entomopatog\u00eanicos como agentes de controle biol\u00f3gico da mosca-do-Mediterr\u00e2neo <em>Ceratitis capitata<\/em> (Wied)\u00a0(Diptera: Tephritidae).<\/a><\/p>\n<p>&nbsp;<\/p>\n<hr \/>\n<p>&nbsp;<\/p>\n<p>Aluno: Alessandra Olmo Dardengo<br \/>\nOrientador: Prof. Silv\u00e9rio de Paiva Freitas<br \/>\nData de In\u00edcio: 03\/2006<br \/>\nData de Defesa de Tese: 07\/03\/2008<br \/>\nT\u00edtulo da Tese: Efeito alelop\u00e1tico de extrato de capim-lim\u00e3o e de alfavaca na germina\u00e7\u00e3o e crescimento inicial de alface e de pic\u00e3o-preto.<\/p>\n<p>&nbsp;<\/p>\n<hr \/>\n<p>&nbsp;<\/p>\n<p>Aluno: In\u00eas Ribeiro Machado<br \/>\nOrientador: Prof\u00aa Cl\u00e1udia de Melo Dolinski<br \/>\nData de In\u00edcio: 03\/2006<br \/>\nData de Defesa de Tese: 07\/03\/2008<br \/>\nT\u00edtulo da Tese: <a href=\"https:\/\/uenf.br\/posgraduacao\/producao-vegetal\/wp-content\/uploads\/sites\/10\/2017\/10\/In%C3%AAs-OK.pdf\">Potencial dos nemat\u00f3ides entomopatog\u00eanicos <em>Heterorhabditis baujardi<\/em> LPP7 e <em>Heterorhabditis indica<\/em> LPP4 (Rhabditida: Heterorhabditidae) no controle biol\u00f3gico de f\u00eameas ingurgitadas de <em>Rhipicephalus (Boophilus) microplus<\/em> (Acari: Ixodidae).<\/a><\/p>\n<p>&nbsp;<\/p>\n<hr \/>\n<p>&nbsp;<\/p>\n<p>Aluno: Antonione Ara\u00fajo Coelho<br \/>\nOrientador: Prof. Eder Dutra de Resende<br \/>\nData de In\u00edcio: 03\/2006<br \/>\nData de Defesa de Tese: 11\/03\/2008<br \/>\nT\u00edtulo da Tese:\u00a0<a title=\"Disserta\u00e7\u00f5es 2008 - Conclu\u00eddas\" href=\"https:\/\/uenf.br\/posgraduacao\/producao-vegetal\/wp-content\/uploads\/sites\/10\/2014\/11\/Antonione.pdf\">Caracteriza\u00e7\u00e3o f\u00edsica e qu\u00edmica dos frutos em fun\u00e7\u00e3o do tamanho e est\u00e1dios de amadurecimento do maracuj\u00e1-amarelo (<em>Passiflora edulis<\/em> f. <em>flavicarpa<\/em> Degener).<\/a><\/p>\n<p>&nbsp;<\/p>\n<hr \/>\n<p>&nbsp;<\/p>\n<p>Aluno: Janete Golinski<br \/>\nOrientador: Prof. Paulo Marcelo de Souza<br \/>\nData de In\u00edcio: 03\/2006<br \/>\nData de Defesa de Tese: 13\/03\/2008<br \/>\nT\u00edtulo da Tese: <a title=\"Disserta\u00e7\u00f5es 2008 - Conclu\u00eddas\" href=\"https:\/\/uenf.br\/posgraduacao\/producao-vegetal\/wp-content\/uploads\/sites\/10\/2014\/11\/Janete.pdf\">An\u00e1lise do desenvolvimento econ\u00f4mico e tecnol\u00f3gico dos assentamentos rurais do Munic\u00edpio de Serop\u00e9dica-RJ, sob uma concep\u00e7\u00e3o de territorialidade.<\/a><\/p>\n<p>&nbsp;<\/p>\n<hr \/>\n<p>&nbsp;<\/p>\n<p>Aluno: Tatiane da Costa Barb\u00e9<br \/>\nOrientador: Prof. Antonio Teixeira do Amaral J\u00fanior<br \/>\nData de In\u00edcio: 03\/2006<br \/>\nData de Defesa de Tese: 18\/03\/2008<br \/>\nT\u00edtulo da Tese: <a title=\"Disserta\u00e7\u00f5es 2008 - Conclu\u00eddas\" href=\"https:\/\/uenf.br\/posgraduacao\/producao-vegetal\/wp-content\/uploads\/sites\/10\/2015\/01\/Tatiane.pdf\">Estimativas de diverg\u00eancia gen\u00e9tica entre linhas de feij\u00e3o-de-vagem (<em>Phaseolus vulgaris<\/em> L.) por meio de an\u00e1lise multivariada e associa\u00e7\u00e3o com a genealogia.<\/a><a href=\"http:\/\/www.uenf.br\/Uenf\/Downloads\/PRODVEGETAL_3434_1220015513.pdf\"><br \/>\n<\/a><\/p>\n<hr \/>\n<p>&nbsp;<\/p>\n<p>Aluno: Kelly Ribeiro Lam\u00f4nica<br \/>\nOrientador: Prof\u00aa Deborah Guerra Barroso<br \/>\nData de In\u00edcio: 03\/2006<br \/>\nData de Defesa de Tese: 11\/07\/2008<br \/>\nT\u00edtulo da Tese: <a href=\"https:\/\/uenf.br\/posgraduacao\/producao-vegetal\/wp-content\/uploads\/sites\/10\/2017\/10\/Kelly-Lam%C3%B4nica-OK.pdf\">Benef\u00edcios da crotal\u00e1ria na nutri\u00e7\u00e3o e crescimento de mangueira, gravioleira e neem e nas altera\u00e7\u00f5es de caracter\u00edsticas do solo em sistemas agroflorestais.<\/a><\/p>\n<p>&nbsp;<\/p>\n<hr \/>\n<p>&nbsp;<\/p>\n<p>&nbsp;<\/p>\n<p>Aluno: Lidiane Sena Pinheiro<br \/>\nOrientador: Prof. Rog\u00e9rio Figueiredo Daher<br \/>\nData de In\u00edcio: 03\/2006<br \/>\nData de Defesa de Tese: 30\/07\/2008<br \/>\nT\u00edtulo da Tese: <a title=\"Disserta\u00e7\u00f5es 2008 - Conclu\u00eddas\" href=\"https:\/\/uenf.br\/posgraduacao\/producao-vegetal\/wp-content\/uploads\/sites\/10\/2014\/11\/Lidiane-Pinheiro.pdf\">Regress\u00e3o polinomial conjunta na avalia\u00e7\u00e3o da sazonalidade da produ\u00e7\u00e3o forrageira em clones intra e interespec\u00edficos de capim-elefante.<\/a><\/p>\n<p>&nbsp;<\/p>\n<p>&nbsp;<\/p>\n<hr \/>\n<p>&nbsp;<\/p>\n<p>Aluno: Guilherme Ribeiro<br \/>\nOrientador: Prof. Pedro Henrique Monnerat<br \/>\nData de In\u00edcio: 08\/2006<br \/>\nData de Defesa de Tese: 28\/11\/2008<br \/>\nT\u00edtulo da Tese: <a title=\"Disserta\u00e7\u00f5es 2008 - Conclu\u00eddas\" href=\"https:\/\/uenf.br\/posgraduacao\/producao-vegetal\/wp-content\/uploads\/sites\/10\/2014\/11\/Guilherme-Ribeiro.pdf\">Aduba\u00e7\u00e3o pot\u00e1ssica via solo e via axila foliar no coqueiro an\u00e3o verde na regi\u00e3o Norte Fluminense.<\/a><\/p>\n<hr \/>\n<p>&nbsp;<\/p>\n<p>Aluno: M\u00e1rcia Cristina de Paula Ces\u00e1rio<br \/>\nOrientador: Prof\u00aa Karla Silva Ferreira<br \/>\nData de In\u00edcio: 03\/2006<br \/>\nData de Defesa de Tese: 09\/12\/2008<br \/>\nT\u00edtulo da Tese: <a href=\"https:\/\/uenf.br\/posgraduacao\/producao-vegetal\/wp-content\/uploads\/sites\/10\/2017\/10\/M%C3%A1rcia-Cristina-OK.pdf\">Utiliza\u00e7\u00e3o de res\u00edduos agroindustriais ricos em c\u00e1lcio na fortifica\u00e7\u00e3o de produtos de panifica\u00e7\u00e3o.<\/a><a href=\"http:\/\/www.uenf.br\/Uenf\/Downloads\/PRODVEGETAL_3434_1246988121.pdf\"><br \/>\n<\/a><\/p>\n","protected":false},"excerpt":{"rendered":"<p>Aluno: Den\u00edlson Coelho de Faria Orientador: Prof. Almy Junior Cordeiro de Carvalho Data de In\u00edcio: 03\/2005 Data de Defesa de&#8230;<\/p>\n","protected":false},"author":21,"featured_media":0,"parent":30,"menu_order":6,"comment_status":"closed","ping_status":"open","template":"","meta":{"footnotes":""},"class_list":["post-161","page","type-page","status-publish","hentry"],"_links":{"self":[{"href":"https:\/\/uenf.br\/posgraduacao\/producao-vegetal\/wp-json\/wp\/v2\/pages\/161","targetHints":{"allow":["GET"]}}],"collection":[{"href":"https:\/\/uenf.br\/posgraduacao\/producao-vegetal\/wp-json\/wp\/v2\/pages"}],"about":[{"href":"https:\/\/uenf.br\/posgraduacao\/producao-vegetal\/wp-json\/wp\/v2\/types\/page"}],"author":[{"embeddable":true,"href":"https:\/\/uenf.br\/posgraduacao\/producao-vegetal\/wp-json\/wp\/v2\/users\/21"}],"replies":[{"embeddable":true,"href":"https:\/\/uenf.br\/posgraduacao\/producao-vegetal\/wp-json\/wp\/v2\/comments?post=161"}],"version-history":[{"count":0,"href":"https:\/\/uenf.br\/posgraduacao\/producao-vegetal\/wp-json\/wp\/v2\/pages\/161\/revisions"}],"up":[{"embeddable":true,"href":"https:\/\/uenf.br\/posgraduacao\/producao-vegetal\/wp-json\/wp\/v2\/pages\/30"}],"wp:attachment":[{"href":"https:\/\/uenf.br\/posgraduacao\/producao-vegetal\/wp-json\/wp\/v2\/media?parent=161"}],"curies":[{"name":"wp","href":"https:\/\/api.w.org\/{rel}","templated":true}]}}