{"id":164,"date":"2014-01-27T17:32:03","date_gmt":"2014-01-27T17:32:03","guid":{"rendered":"http:\/\/uenf.br\/pos-graduacao\/producao-vegetal\/?page_id=164"},"modified":"2017-11-16T14:40:43","modified_gmt":"2017-11-16T16:40:43","slug":"mestrado-conclusao-em-2007","status":"publish","type":"page","link":"https:\/\/uenf.br\/posgraduacao\/producao-vegetal\/teses-e-dissertacoes-concluidas\/mestrado\/mestrado-conclusao-em-2007\/","title":{"rendered":"Mestrado &#8211; conclus\u00e3o em 2007"},"content":{"rendered":"<p>Aluno: Claudia Lopes Prins<br \/>\nOrientador: Prof. Silv\u00e9rio de Paiva Freitas<br \/>\nData de In\u00edcio: 03\/2005<br \/>\nData de Defesa de Tese: 27\/02\/2007<br \/>\nT\u00edtulo da Tese: <a title=\"Disserta\u00e7\u00f5es 2007 - Conclu\u00eddas\" href=\"https:\/\/uenf.br\/posgraduacao\/producao-vegetal\/wp-content\/uploads\/sites\/10\/2015\/06\/Cl%C3%A1udia-Prins.pdf\">Efeito do confinamento do sistema radicular sobre as medidas biom\u00e9tricas, trocas gasosas e produ\u00e7\u00e3o de \u00f3leo essencial em capim-lim\u00e3o.<\/a><\/p>\n<hr \/>\n<p>&nbsp;<\/p>\n<p>Aluno: Fernando Reynel Fundora Tellechea<br \/>\nOrientador: Prof. Marco Antonio Martins<br \/>\nData de In\u00edcio: 03\/2005<br \/>\nData de Defesa de Tese: 08\/03\/2007<br \/>\nT\u00edtulo da Tese: <a href=\"https:\/\/uenf.br\/posgraduacao\/producao-vegetal\/wp-content\/uploads\/sites\/10\/2017\/11\/Fernando-Tellechea.pdf\">Fungos micorr\u00edzicos, bact\u00e9rias dizotr\u00f3ficas endof\u00edticas e f\u00f3sforo no crescimento e acumula\u00e7\u00e3o de nutrientes em muda de cana-de-a\u00e7\u00facar. <\/a><\/p>\n<hr \/>\n<p>&nbsp;<\/p>\n<p>Aluno: Patr\u00edcia Marluci da Concei\u00e7\u00e3o<br \/>\nOrientador: Prof. Henrique Duarte Vieira<br \/>\nData de In\u00edcio: 03\/2005<br \/>\nData de Defesa de Tese: 15\/03\/2007<br \/>\nT\u00edtulo da Tese: <a href=\"https:\/\/uenf.br\/posgraduacao\/producao-vegetal\/wp-content\/uploads\/sites\/10\/2017\/11\/Patr%C3%ADcia-Concei%C3%A7%C3%A3o.pdf\">Recobrimento de sementes combinando \u00e1cidos h\u00famicos e bact\u00e9rias diazotr\u00f3ficas endof\u00edticas. <\/a><\/p>\n<hr \/>\n<p>&nbsp;<\/p>\n<p>Aluno: S\u00edlvia de Carvalho Campos<br \/>\nOrientador: Prof. Roberto Ferreira da Silva<br \/>\nData de In\u00edcio: 03\/2005<br \/>\nData de Defesa de Tese: 16\/03\/2007<br \/>\nT\u00edtulo da Tese: <a href=\"https:\/\/uenf.br\/posgraduacao\/producao-vegetal\/wp-content\/uploads\/sites\/10\/2017\/11\/S%C3%ADlvia.pdf\">Tratamento qu\u00edmico de sementes de mamoeiro para o controle do tombamento causado por <em>Rhizoctonia solani<\/em>.<\/a><\/p>\n<hr \/>\n<p>Aluno: F\u00e1bio Afonso Mazzei Moura de Assis Figueiredo<br \/>\nOrientador: Prof. Jos\u00e9 Geraldo de Ara\u00fajo Carneiro<br \/>\nData de In\u00edcio: 03\/2005<br \/>\nData de Defesa de Tese: 22\/03\/2007<br \/>\nT\u00edtulo da Tese: <a href=\"https:\/\/uenf.br\/posgraduacao\/producao-vegetal\/wp-content\/uploads\/sites\/10\/2017\/11\/F%C3%A1bio-Afonso.pdf\">Varia\u00e7\u00f5es biom\u00e9tricas de mudas de eucalipto sobre o crescimento p\u00f3s-plantio.<\/a><\/p>\n<hr \/>\n<p>&nbsp;<\/p>\n<p>&nbsp;<\/p>\n<p>Aluno: Adriano Rodrigues de Paula<br \/>\nOrientador: Prof. Richard Ian Samuels<br \/>\nData de In\u00edcio: 03\/2005<br \/>\nData de Defesa de Tese: 27\/03\/2007<br \/>\nT\u00edtulo da Tese: <a title=\"Disserta\u00e7\u00f5es 2007 - Conclu\u00eddas\" href=\"https:\/\/uenf.br\/posgraduacao\/producao-vegetal\/wp-content\/uploads\/sites\/10\/2015\/06\/Adriano.pdf\">Sele\u00e7\u00e3o de isolados de fungos entomopatog\u00eanicos, visando o controle de adultos do mosquito <em>Aedes aegypti<\/em> (D\u00edptera: Culicidae).<\/a><\/p>\n<hr \/>\n<p>Aluno: Eduardo Buchaul de Azevedo<br \/>\nOrientador: Prof\u00aa Cl\u00e1udia Sales Marinho<br \/>\nData de In\u00edcio: 03\/2005<br \/>\nData de Defesa de Tese: 29\/03\/2007<br \/>\nT\u00edtulo da Tese: <a href=\"https:\/\/uenf.br\/posgraduacao\/producao-vegetal\/wp-content\/uploads\/sites\/10\/2017\/10\/Eduardo.pdf\">Substratos fertilizados com ur\u00e9ia revestida e o crescimento e estado nutricional da muda de citros.<\/a><\/p>\n<p>&nbsp;<\/p>\n<hr \/>\n<p>&nbsp;<\/p>\n<p>&nbsp;<\/p>\n<p>&nbsp;<\/p>\n<p>Aluno: M\u00e1rcia Terezinha Ramos de Oliveira<br \/>\nOrientador: Prof. Pedro Amorim Berbert<br \/>\nData de In\u00edcio: 03\/2006<br \/>\nData de Defesa de Tese: 30\/03\/2007<br \/>\nT\u00edtulo da Tese: <a href=\"https:\/\/uenf.br\/posgraduacao\/producao-vegetal\/wp-content\/uploads\/sites\/10\/2017\/11\/Marcia-Oliveira.pdf\">Secagem, armazenamento e qualidade fisiol\u00f3gica de sementes de carambola (<em>Averrhoa carambola<\/em> L.) <\/a><\/p>\n<hr \/>\n<p>Aluno: Wellington Gonzaga do Vale<br \/>\nOrientador: Prof.Ricardo Ferreira Garcia<br \/>\nData de In\u00edcio: 08\/2005<br \/>\nData de Defesa de Tese: 30\/03\/2007<br \/>\nT\u00edtulo da Tese: <a href=\"https:\/\/uenf.br\/posgraduacao\/producao-vegetal\/wp-content\/uploads\/sites\/10\/2017\/11\/Welington.pdf\">An\u00e1lise de desempenho de uma semeadora-adubadora de semeadura direta no Norte Fluminense. <\/a><\/p>\n<hr \/>\n<p>&nbsp;<\/p>\n<p>&nbsp;<\/p>\n<p>Aluno: Fl\u00e1via de Azevedo Lob\u00e3o<br \/>\nOrientador: Prof. Arnoldo Rocha Fa\u00e7anha<br \/>\nData de In\u00edcio: 03\/2005<br \/>\nData de Defesa de Tese: 02\/04\/2007<br \/>\nT\u00edtulo da Tese: <a href=\"https:\/\/uenf.br\/posgraduacao\/producao-vegetal\/wp-content\/uploads\/sites\/10\/2017\/11\/Fl%C3%A1via.pdf\">Avalia\u00e7\u00e3o da levedura <em>Yarrowia lipolytica<\/em> como modelo de estudo dos mecanismos de toler\u00e2ncia e fitoxicidade do alum\u00ednio. <\/a><\/p>\n<hr \/>\n<p>Aluno: Anderson Lopes Pe\u00e7anha<br \/>\nOrientador: Prof. Claudio Roberto Marciano<br \/>\nData de In\u00edcio: 03\/2005<br \/>\nData de Defesa de Tese: 02\/04\/2007<br \/>\nT\u00edtulo da Tese: <a title=\"Disserta\u00e7\u00f5es 2007 - Conclu\u00eddas\" href=\"https:\/\/uenf.br\/posgraduacao\/producao-vegetal\/wp-content\/uploads\/sites\/10\/2015\/06\/Anderson.pdf\">Biometria, rela\u00e7\u00f5es h\u00eddricas e trocas gasosas do coqueiro an\u00e3o verde em fun\u00e7\u00e3o da compacta\u00e7\u00e3o, l\u00e2mina de irriga\u00e7\u00e3o e classe de solo.<\/a><\/p>\n<hr \/>\n<p>Aluno: T\u00e1tila Lima do Amaral<br \/>\nOrientador: Prof\u00aa Janie Mendes Jasmim<br \/>\nData de In\u00edcio: 03\/2005<br \/>\nData de Defesa de Tese: 03\/04\/2007<br \/>\nT\u00edtulo da Tese: <a href=\"https:\/\/uenf.br\/posgraduacao\/producao-vegetal\/wp-content\/uploads\/sites\/10\/2017\/11\/T%C3%A1tila.pdf\">Manejo de aduba\u00e7\u00e3o em <em>Phalaenopsis<\/em> (orchidaceae) cultivado em fibra de coco.<\/a><\/p>\n<hr \/>\n<p>&nbsp;<\/p>\n<p>&nbsp;<\/p>\n<p>Aluno: Mariana Feitosa de Deus<br \/>\nOrientador: Prof. Richard Ian Samuels<br \/>\nData de In\u00edcio: 03\/2004<br \/>\nData de Defesa de Tese: 31\/05\/2007<br \/>\nT\u00edtulo da Tese: <a href=\"https:\/\/uenf.br\/posgraduacao\/producao-vegetal\/wp-content\/uploads\/sites\/10\/2017\/11\/Mariana.pdf\">Purifica\u00e7\u00e3o e caracteriza\u00e7\u00e3o parcial de prote\u00ednas antimicrobianas secretadas pela bact\u00e9ria <em>Burkholderia cepacia<\/em>.<\/a><\/p>\n<hr \/>\n<p>Aluno: Gustavo Gl\u00f3ria Viana<br \/>\nOrientador: Prof. Gilberto Soares Albuquerque<br \/>\nData de In\u00edcio: 03\/2004<br \/>\nData de Defesa de Tese: 05\/06\/2007<br \/>\nT\u00edtulo da Tese: <a href=\"https:\/\/uenf.br\/posgraduacao\/producao-vegetal\/wp-content\/uploads\/sites\/10\/2017\/11\/Gustavo.pdf\">Descri\u00e7\u00e3o dos instares de <em>Ceraeochrysa<\/em> spp. da Regi\u00e3o Norte Fluminense e compara\u00e7\u00e3o com co-espec\u00edficos da Am\u00e9rica do Norte e Central: a morfologia larval \u00e9 um car\u00e1ter est\u00e1vel em Chrysopidae (Neuroptera)?<\/a><\/p>\n<p>&nbsp;<\/p>\n<hr \/>\n<p>Aluno: Jonic\u00e9lia Cristina Ara\u00fajo Vieira de Souza<br \/>\nOrientador: Prof\u00aa Deborah Guerra Barroso<br \/>\nData de In\u00edcio: 03\/2005<br \/>\nData de Defesa de Tese: 20\/09\/2007<br \/>\nT\u00edtulo da Tese: <a href=\"https:\/\/uenf.br\/posgraduacao\/producao-vegetal\/wp-content\/uploads\/sites\/10\/2017\/11\/Jonic%C3%A9lia.pdf\">Propaga\u00e7\u00e3o vegetativa de cedro australiano (<em>Toona ciliata<\/em> M. Roem) por miniestaquia.<\/a><\/p>\n<hr \/>\n<p>&nbsp;<\/p>\n<p>Aluno: Yaska Jana\u00edna Bastos Soares<br \/>\nOrientador: Prof. Messias Gonzaga Pereira<br \/>\nData de In\u00edcio: 08\/2005<br \/>\nData de Defesa de Tese: 21\/09\/2007<br \/>\nT\u00edtulo da Tese: <a href=\"https:\/\/uenf.br\/posgraduacao\/producao-vegetal\/wp-content\/uploads\/sites\/10\/2017\/11\/Yaska.pdf\">Influ\u00eancia da irriga\u00e7\u00e3o, de doses de pot\u00e1ssio e da sazonalidade nos dist\u00farbios da flora\u00e7\u00e3o e da frutifica\u00e7\u00e3o em mamoeiro (<em>Carica papaya<\/em> L.).<\/a><a href=\"http:\/\/www.uenf.br\/Uenf\/Downloads\/PRODVEGETAL_3434_1201522529.pdf\"><br \/>\n<\/a><\/p>\n<hr \/>\n<p>Aluno: Neuma de Oliveira Pagotto Gaburro<br \/>\nOrientador: Prof\u00aa Telma Nair Santana Pereira<br \/>\nData de In\u00edcio: 08\/2005<br \/>\nData de Defesa de Tese: 25\/09\/2007<br \/>\nT\u00edtulo da Tese: <a href=\"https:\/\/uenf.br\/posgraduacao\/producao-vegetal\/wp-content\/uploads\/sites\/10\/2017\/11\/Neuma.pdf\">Estudo da letalidade gam\u00e9tica e zig\u00f3tica associada \u00e0 letalidade observada no mamoeiro (<em>Carica papaya<\/em> L.).<\/a><\/p>\n<p>&nbsp;<\/p>\n<hr \/>\n<p>&nbsp;<\/p>\n<p>Aluno: Vicente Martins Gomes<br \/>\nOrientador: Prof\u00aa Cl\u00e1udia de Melo Dolinski<br \/>\nData de In\u00edcio: 08\/2005<br \/>\nData de Defesa de Tese: 18\/10\/2007<br \/>\nT\u00edtulo da Tese: <a href=\"https:\/\/uenf.br\/posgraduacao\/producao-vegetal\/wp-content\/uploads\/sites\/10\/2017\/11\/Vicente-Gomes.pdf\">Meloidoginose da goiabeira: estudos sobre a sua patog\u00eanese e formas de conv\u00edvio com a doen\u00e7a a campo. <\/a><\/p>\n<p>&nbsp;<\/p>\n<hr \/>\n<p>&nbsp;<\/p>\n<p>Aluno: Marcelo Francisco Mendes de Souza<br \/>\nOrientador: Prof. Antonio Teixeira do Amaral J\u00fanior<br \/>\nData de In\u00edcio: 08\/2005<br \/>\nData de Defesa de Tese: 30\/10\/2007<br \/>\nT\u00edtulo da Tese: Capacidade combinat\u00f3ria de gen\u00f3tipos de tomateiro para resist\u00eancia \u00e0 mancha-bacteriana.<\/p>\n<p>&nbsp;<\/p>\n<hr \/>\n<p>&nbsp;<\/p>\n<p>Aluno: Kenea de Souza Coelho<br \/>\nOrientador: Prof\u00aa Rosana Rodrigues<br \/>\nData de In\u00edcio: 08\/2005<br \/>\nData de Defesa de Tese: 31\/10\/2007<br \/>\nT\u00edtulo da Tese: <a href=\"https:\/\/uenf.br\/posgraduacao\/producao-vegetal\/wp-content\/uploads\/sites\/10\/2017\/11\/Kenea.pdf\">Perfil do consumidor de hortali\u00e7as frescas e processadas no Munic\u00edpio de Campos dos Goytacazes &#8211; RJ.<\/a><\/p>\n<p>&nbsp;<\/p>\n<hr \/>\n<p>&nbsp;<\/p>\n<p>Aluno: Joice Cleide de Oliveira Rita<br \/>\nOrientador: Prof\u00aa Emanuela Forestieri da Gama-Rodrigues<br \/>\nData de In\u00edcio: 03\/2006<br \/>\nData de Defesa de Tese: 03\/12\/2007<br \/>\nT\u00edtulo da Tese: <a href=\"https:\/\/uenf.br\/posgraduacao\/producao-vegetal\/wp-content\/uploads\/sites\/10\/2017\/11\/Joice-Cleide.pdf\">Carbono das fra\u00e7\u00f5es da mat\u00e9ria org\u00e2nica e classes de agregados de solos sob sistemas agroflorestais de cacau no Sul da Bahia.<\/a><\/p>\n<p>&nbsp;<\/p>\n<hr \/>\n<p>&nbsp;<\/p>\n<p>Aluno: Laerciana Pereira Vieira<br \/>\nOrientador: Prof. Richard Ian Samuels<br \/>\nData de In\u00edcio: 08\/2005<br \/>\nData de Defesa de Tese: 14\/12\/2007<br \/>\nT\u00edtulo da Tese: <a href=\"https:\/\/uenf.br\/posgraduacao\/producao-vegetal\/wp-content\/uploads\/sites\/10\/2017\/11\/Laerciana.pdf\">Controle da mosca-branca-do-cajueiro, <em>Aleurodicus cocois<\/em> (Curtis, 1846) (Hemiptera: Aleyrodidae), com fungos entomopatog\u00eanicos, detergente neutro e \u00f3leo vegetal.<\/a><\/p>\n","protected":false},"excerpt":{"rendered":"<p>Aluno: Claudia Lopes Prins Orientador: Prof. Silv\u00e9rio de Paiva Freitas Data de In\u00edcio: 03\/2005 Data de Defesa de Tese: 27\/02\/2007&#8230;<\/p>\n","protected":false},"author":21,"featured_media":0,"parent":30,"menu_order":7,"comment_status":"closed","ping_status":"open","template":"","meta":{"footnotes":""},"class_list":["post-164","page","type-page","status-publish","hentry"],"_links":{"self":[{"href":"https:\/\/uenf.br\/posgraduacao\/producao-vegetal\/wp-json\/wp\/v2\/pages\/164","targetHints":{"allow":["GET"]}}],"collection":[{"href":"https:\/\/uenf.br\/posgraduacao\/producao-vegetal\/wp-json\/wp\/v2\/pages"}],"about":[{"href":"https:\/\/uenf.br\/posgraduacao\/producao-vegetal\/wp-json\/wp\/v2\/types\/page"}],"author":[{"embeddable":true,"href":"https:\/\/uenf.br\/posgraduacao\/producao-vegetal\/wp-json\/wp\/v2\/users\/21"}],"replies":[{"embeddable":true,"href":"https:\/\/uenf.br\/posgraduacao\/producao-vegetal\/wp-json\/wp\/v2\/comments?post=164"}],"version-history":[{"count":0,"href":"https:\/\/uenf.br\/posgraduacao\/producao-vegetal\/wp-json\/wp\/v2\/pages\/164\/revisions"}],"up":[{"embeddable":true,"href":"https:\/\/uenf.br\/posgraduacao\/producao-vegetal\/wp-json\/wp\/v2\/pages\/30"}],"wp:attachment":[{"href":"https:\/\/uenf.br\/posgraduacao\/producao-vegetal\/wp-json\/wp\/v2\/media?parent=164"}],"curies":[{"name":"wp","href":"https:\/\/api.w.org\/{rel}","templated":true}]}}