{"id":1665,"date":"2016-02-18T17:02:42","date_gmt":"2016-02-18T17:02:42","guid":{"rendered":"http:\/\/uenf.br\/pos-graduacao\/producao-vegetal\/?page_id=1665"},"modified":"2025-04-02T16:56:51","modified_gmt":"2025-04-02T19:56:51","slug":"mestrado-conclusao-em-2016","status":"publish","type":"page","link":"https:\/\/uenf.br\/posgraduacao\/producao-vegetal\/mestrado-conclusao-em-2016\/","title":{"rendered":"Mestrado &#8211; conclus\u00e3o em 2016"},"content":{"rendered":"<p>Aluno: La\u00eds de Carvalho Vicente<br \/>\nOrientador: Prof\u00aa Emanuela Forestieri da Gama-Rodrigues<br \/>\nData de In\u00edcio: 03\/2014<br \/>\nData de Defesa de Tese: 16\/02\/2016<br \/>\nT\u00edtulo da Tese: <a href=\"https:\/\/uenf.br\/posgraduacao\/producao-vegetal\/wp-content\/uploads\/sites\/10\/2016\/05\/Disserta%C3%A7%C3%A3o-Lais-de-Carvalho-Vicente.pdf\" target=\"_blank\" rel=\"noopener\">Origem do carbono org\u00e2nico em solos e estoque em agregados sob planta\u00e7\u00f5es de seringueira e eucalipto no bioma Mata Atl\u00e2ntica.<\/a><\/p>\n<p>Aluno: Jaomara Nascimento da Silva<br \/>\nOrientador: Prof. Niraldo Jos\u00e9 Ponciano<br \/>\nData de In\u00edcio: 03\/2014<br \/>\nData de Defesa de Tese: 17\/02\/2016<br \/>\nT\u00edtulo da Tese: <a href=\"https:\/\/uenf.br\/posgraduacao\/producao-vegetal\/wp-content\/uploads\/sites\/10\/2016\/05\/DISSERTA%C3%87AO_JAOMARA.pdf\" target=\"_blank\" rel=\"noopener\">Cen\u00e1rio agroecon\u00f4mico da tomaticultura de S\u00e3o Jos\u00e9 de Ub\u00e1, RJ.<\/a><\/p>\n<p>Aluno: Francielle de Souza Guimar\u00e3es<br \/>\nOrientador: Prof\u00aa Virginia Silva Carvalho<br \/>\nData de In\u00edcio: 03\/2014<br \/>\nData de Defesa de Tese: 18\/02\/2016<br \/>\nT\u00edtulo da Tese: <a href=\"https:\/\/uenf.br\/posgraduacao\/producao-vegetal\/wp-content\/uploads\/sites\/10\/2016\/06\/disserta%C3%A7%C3%A3o-Francielle.pdf\" target=\"_blank\" rel=\"noopener\">Fontes alternativas de minerais e sacarose na micropropaga\u00e7\u00e3o do abacaxizeiro cv. P\u00e9rola.<\/a><\/p>\n<p>Aluno: Amanda Justino Acha<br \/>\nOrientador: Prof. Henrique Duarte Vieira<br \/>\nData de In\u00edcio: 03\/2014<br \/>\nData de Defesa de Tese: 24\/02\/2016<br \/>\nT\u00edtulo da Tese: <a href=\"https:\/\/uenf.br\/posgraduacao\/producao-vegetal\/wp-content\/uploads\/sites\/10\/2016\/05\/Disserta%C3%A7%C3%A3o-Amanda.pdf\" target=\"_blank\" rel=\"noopener\">Recobrimento de sementes de soja perene com boro e zinco.<\/a><\/p>\n<p>Aluno: Joviana Lerin<br \/>\nOrientador: Prof. Ricardo Enrique Bressan-Smith<br \/>\nData de In\u00edcio: 03\/2014<br \/>\nData de Defesa de Tese: 24\/02\/2016<br \/>\nT\u00edtulo da Tese: <a href=\"https:\/\/uenf.br\/posgraduacao\/producao-vegetal\/wp-content\/uploads\/sites\/10\/2016\/05\/DISSEETA%C3%87%C3%83O-CORRIGIDA-cd.pdf\" target=\"_blank\" rel=\"noopener\">Propriedades hidr\u00e1ulicas em bagas em desenvolvimento de <em>Vitis labrusca <\/em>L. cv. Niagara Rosada: rela\u00e7\u00e3o entre vitalidade do mesocarpo e funcionalidade do xilema<em>.<\/em><\/a><\/p>\n<p>Aluno: Wanderson da Costa Silva<br \/>\nOrientador: Prof. Silv\u00e9rio de Paiva Freitas<br \/>\nData de In\u00edcio: 03\/2014<br \/>\nData de Defesa de Tese: 25\/02\/2016<br \/>\nT\u00edtulo da Tese: <a href=\"https:\/\/uenf.br\/posgraduacao\/producao-vegetal\/wp-content\/uploads\/sites\/10\/2016\/06\/Wanderson-da-Costa-1.pdf\">Desempenho dos herbicidas Indaziflam e Glifosato na cultura do caf\u00e9 Conilon.<\/a><\/p>\n<p>Aluno: Heloisa Cintra Alves Pinto<br \/>\nOrientador: Prof. Marco Antonio Martins<br \/>\nData de In\u00edcio: 03\/2014<br \/>\nData de Defesa de Tese: 25\/02\/2016<br \/>\nT\u00edtulo da Tese: <a href=\"https:\/\/uenf.br\/posgraduacao\/producao-vegetal\/wp-content\/uploads\/sites\/10\/2016\/05\/Disserta%C3%A7%C3%A3o_Heloisa-Cintra-Alves-Pinto.pdf\" target=\"_blank\" rel=\"noopener\">Potencial fitorremediador de sabi\u00e1 (<em>Mimosa caesalpiniifolia<\/em> Benth) associada a fungo micorr\u00edzico arbuscular em solo contaminado com \u00f3leo diesel.<\/a><\/p>\n<p>Aluno: Beatriz Murizini Carvalho<br \/>\nOrientador: Prof. Silvaldo Felipe da Silveira<br \/>\nData de In\u00edcio: 03\/2014<br \/>\nData de Defesa de Tese: 25\/02\/2016<br \/>\nT\u00edtulo da Tese: <a href=\"https:\/\/uenf.br\/posgraduacao\/producao-vegetal\/wp-content\/uploads\/sites\/10\/2016\/06\/Disserta%C3%A7%C3%A3o-Beatriz-Carvalho-2016_com-ficha.pdf\" target=\"_blank\" rel=\"noopener\">Infec\u00e7\u00e3o de <em>Colletotrichum gloeosporioides<\/em> em folhas de maracujazeiro-amarelo (<em>Passiflora edulis <\/em>Sims)<\/a>.<\/p>\n<p>Aluno: Tamara Locatelli<br \/>\nOrientador: Prof. F\u00e1bio Cunha Coelho<br \/>\nData de In\u00edcio: 03\/2014<br \/>\nData de Defesa de Tese: 26\/02\/2016<br \/>\nT\u00edtulo da Tese: <a href=\"https:\/\/uenf.br\/posgraduacao\/producao-vegetal\/wp-content\/uploads\/sites\/10\/2016\/05\/Disserta%C3%A7%C3%A3o-mestrado-2016-Tamara-.pdf\" target=\"_blank\" rel=\"noopener\">Forragem hidrop\u00f4nica de milho cultivado em baga\u00e7o de cana e capim Napier com diferentes solu\u00e7\u00f5es nutritivas.<\/a><\/p>\n<p>Aluno: Romildo Domingos Gottardo<br \/>\nOrientador: Prof. Jos\u00e9 Carlos Mendon\u00e7a<br \/>\nData de In\u00edcio: 03\/2014<br \/>\nData de Defesa de Tese: 26\/02\/2016<br \/>\nT\u00edtulo da Tese: <a href=\"https:\/\/uenf.br\/posgraduacao\/producao-vegetal\/wp-content\/uploads\/sites\/10\/2016\/06\/tese-PDF_final.pdf\" target=\"_blank\" rel=\"noopener\">Desenvolvimento inicial de (<em>Coffea canephora)<\/em> submetidos \u00e0 irriga\u00e7\u00e3o superficial e subsuperficial em Campos dos Goytacazes &#8211; RJ.<\/a><\/p>\n<p>Aluno: S\u00e1vio Bastos de Souza<br \/>\nOrientador: Prof. Arnoldo Rocha Fa\u00e7anha<br \/>\nData de In\u00edcio: 03\/2014<br \/>\nData de Defesa de Tese: 26\/02\/2016<br \/>\nT\u00edtulo da Tese: <a href=\"https:\/\/uenf.br\/posgraduacao\/producao-vegetal\/wp-content\/uploads\/sites\/10\/2016\/11\/Disserta%C3%A7%C3%A3o_S%C3%A1vio_-Com-Ficha-Catalografica-1.pdf\">Crescimento, nutri\u00e7\u00e3o, fisiologia e bioenerg\u00e9tica de pl\u00e2ntulas de arroz (<em>Oryza sativa<\/em> L.) e transg\u00eanico (AVP10X) inoculados com micro-organismos promotores do crescimento vegetal.<\/a><\/p>\n<p>Aluno: David Silva Gomes<br \/>\nOrientador: Prof. Cl\u00e1udio Roberto Marciano<br \/>\nData de In\u00edcio: 03\/2014<br \/>\nData de Defesa de Tese: 29\/02\/2016<br \/>\nT\u00edtulo da Tese: <a href=\"https:\/\/uenf.br\/posgraduacao\/producao-vegetal\/wp-content\/uploads\/sites\/10\/2016\/10\/David-Gomes-Disserta%C3%A7%C3%A3o-final.pdf\">Qualidade de um argissolo vermelho-amarelo sob sistemas florestais e pastagem, em Concei\u00e7\u00e3o de Macab\u00fa &#8211; RJ.<\/a><\/p>\n<p>Aluno: Monica Cardoso de Sousa<br \/>\nOrientador: Prof\u00aa Cl\u00e1udia Sales Marinho<br \/>\nData de In\u00edcio: 03\/2014<br \/>\nData de Defesa de Tese: 29\/02\/2016<br \/>\nT\u00edtulo da Tese: <a href=\"https:\/\/uenf.br\/posgraduacao\/producao-vegetal\/wp-content\/uploads\/sites\/10\/2016\/05\/Qualidade-de-mudas-de-laranjeira-P%C3%AAra-interenxertadas-por-tecidos-de-pl%C3%A2tulas-nucelares-sobre-o-porta-enxerto-Flying-Dragon.pdf\" target=\"_blank\" rel=\"noopener\">Qualidade de mudas de laranjeira &#8216;P\u00eara&#8217; interenxertadas por tecidos de pl\u00e2ntulas nucelares sobre o porta-enxerto &#8216;Flying Dragon&#8217;.<\/a><\/p>\n<p>Aluno: Priscila Gon\u00e7alves Figueiredo de Sousa<br \/>\nOrientador: Prof. Henrique Duarte Vieira<br \/>\nData de In\u00edcio: 03\/2014<br \/>\nData de Defesa de Tese: 29\/02\/2016<br \/>\nT\u00edtulo da Tese: <a href=\"https:\/\/uenf.br\/posgraduacao\/producao-vegetal\/wp-content\/uploads\/sites\/10\/2016\/05\/V12-DISSERTA%C3%87%C3%83O-PRISCILA-GON%C3%87ALVES.pdf\" target=\"_blank\" rel=\"noopener\">Revestimento em sementes de vinh\u00e1tico (<em>Plathymenia reticulata<\/em> Benth.).<\/a><\/p>\n<p>Aluno: Rodrigo Lopes Brochado<br \/>\nOrientador: Prof. Almy Junior Cordeiro de Carvalho<br \/>\nData de In\u00edcio: 03\/2014<br \/>\nData de Defesa de Tese: 29\/02\/2016<br \/>\nT\u00edtulo da Tese: <a href=\"https:\/\/uenf.br\/posgraduacao\/producao-vegetal\/wp-content\/uploads\/sites\/10\/2016\/06\/Disserta%C3%A7%C3%A3oRodrigo.pdf\" target=\"_blank\" rel=\"noopener\">Desempenho agron\u00f4mico de cultivares de bananeira em dois ciclos de produ\u00e7\u00e3o no Norte Fluminense.<\/a><\/p>\n<p>Aluno: Tacisio Nunes Tudeia<br \/>\nOrientador: Prof. Silvio de Jesus Freitas<br \/>\nData de In\u00edcio: 03\/2014<br \/>\nData de Defesa de Tese: 29\/02\/2016<br \/>\nT\u00edtulo da Tese: <a href=\"https:\/\/uenf.br\/posgraduacao\/producao-vegetal\/wp-content\/uploads\/sites\/10\/2016\/06\/DISSERTA%C3%87%C3%83O.pdf\" target=\"_blank\" rel=\"noopener\">Lodo de curtume como alternativa na produ\u00e7\u00e3o de mudas do porta enxerto limoeiro &#8216;cravo&#8217;.<\/a><\/p>\n<p>Aluno: Jonathan Willian Alves Bastos dos Santos<br \/>\nOrientador: Prof. Richard Ian Samuels<br \/>\nData de In\u00edcio: 03\/2014<br \/>\nData de Defesa de Tese: 07\/03\/2016<br \/>\nT\u00edtulo da Tese: <a href=\"https:\/\/uenf.br\/posgraduacao\/producao-vegetal\/wp-content\/uploads\/sites\/10\/2016\/05\/disserta%C3%A7%C3%A3o-Jonathan-16-05-2016.pdf\" target=\"_blank\" rel=\"noopener\">Efeito do \u00f3leo de nim na virul\u00eancia e persist\u00eancia do fungo entomopatog\u00eanico <em>Metarhizium anisopliae<\/em> contra larvas de <em>Aedes aegypti<\/em>.<\/a><\/p>\n<p>Aluno: Nath\u00e2nia de S\u00e1 Mendes<br \/>\nOrientador: Prof\u00aa Daniela Barros de Oliveira<br \/>\nData de In\u00edcio: 03\/2014<br \/>\nData de Defesa de Tese: 14\/03\/2016<br \/>\nT\u00edtulo da Tese: <a href=\"https:\/\/uenf.br\/posgraduacao\/producao-vegetal\/wp-content\/uploads\/sites\/10\/2017\/01\/Nathania-Disserta%C3%A7%C3%A3o-Revisada-3.pdf\">Valida\u00e7\u00e3o de m\u00e9todo para determina\u00e7\u00e3o de subst\u00e2ncias fen\u00f3licas em extrato de <em>Capsicum baccatum<\/em> por cromatografia l\u00edquida de alta efici\u00eancia (CLAE).<\/a><\/p>\n<p>Aluno: Afonso Zucolotto Venturim<br \/>\nOrientador: Prof. Elias Fernandes de Sousa<br \/>\nData de In\u00edcio: 03\/2014<br \/>\nData de Defesa de Tese: 16\/03\/2016<br \/>\nT\u00edtulo da Tese: <a href=\"https:\/\/uenf.br\/posgraduacao\/producao-vegetal\/wp-content\/uploads\/sites\/10\/2016\/06\/DISSERTA%C3%87%C3%83O-1.pdf\" target=\"_blank\" rel=\"noopener\">Coeficiente de estresse h\u00eddrico para o cafeeiro Conilon baseado na determina\u00e7\u00e3o do fluxo de seiva.<\/a><\/p>\n<p>Aluno: J\u00falia Gallon Barcelos<br \/>\nOrientador: Prof\u00aa Luciana Aparecida Rodrigues<br \/>\nData de In\u00edcio: 03\/2014<br \/>\nData de Defesa de Tese: 29\/03\/2016<br \/>\nT\u00edtulo da Tese: <a href=\"https:\/\/uenf.br\/posgraduacao\/producao-vegetal\/wp-content\/uploads\/sites\/10\/2016\/11\/Disserta%C3%A7%C3%A3o-J%C3%BAlia-Gallon-Barcelos.pdf\">Influ\u00eancia do biocarv\u00e3o sobre os micro-organismos do solo e sobre as atividades das bombas de pr\u00f3tons.<\/a><\/p>\n<p>Aluno: Rosely Menezes da Silva<br \/>\nOrientador: Prof\u00aa Luciana Aparecida Rodrigues<br \/>\nData de In\u00edcio: 03\/2014<br \/>\nData de Defesa de Tese: 30\/03\/2016<br \/>\nT\u00edtulo da Tese: <a href=\"https:\/\/uenf.br\/posgraduacao\/producao-vegetal\/wp-content\/uploads\/sites\/10\/2016\/11\/Disserta%C3%A7%C3%A3o-Mestrado-Rosely-Menezes-da-Silva-Ribeiro.pdf\">Toler\u00e2ncia a aplica\u00e7\u00e3o de ureia na axila foliar e correla\u00e7\u00e3o do teor de N, clorofilas e ind\u00edce SPAD no coqueiro an\u00e3o verde.<\/a><\/p>\n<p>Aluno: Let\u00edcia Tinoco Gon\u00e7alves<br \/>\nOrientador: Prof\u00aa N\u00e1dia Rosa Pereira<br \/>\nData de In\u00edcio: 03\/2014<br \/>\nData de Defesa de Tese: 30\/03\/2016<br \/>\nT\u00edtulo da Tese: <a href=\"https:\/\/uenf.br\/posgraduacao\/producao-vegetal\/wp-content\/uploads\/sites\/10\/2016\/08\/Disserta%C3%A7%C3%A3o-Leticia-Tinoco-Gon%C3%A7alves_Enviada_PDF.pdf\" target=\"_blank\" rel=\"noopener\">Desenvolvimento de chips de mandioca por secagem com ar quente combinado com micro-ondas para dietas com fins especiais.<\/a><\/p>\n<p>Aluno: Sara Edy Gomes Lima Pessanha<br \/>\nOrientador: Prof\u00aa Deborah Guerra Barroso<br \/>\nData de In\u00edcio: 03\/2014<br \/>\nData de Defesa de Tese: 19\/04\/2016<br \/>\nT\u00edtulo da Tese: <a href=\"https:\/\/uenf.br\/posgraduacao\/producao-vegetal\/wp-content\/uploads\/sites\/10\/2016\/08\/Disserta%C3%A7%C3%A3o-Sara-FINAL-CD.pdf\" target=\"_blank\" rel=\"noopener\">Miniestaquia de vinh\u00e1tico (<em>Plathymenia reticulata<\/em> Benth).<\/a><\/p>\n<p>Aluno: Alexandre Roger de Ara\u00fajo Galv\u00e3o<br \/>\nOrientador: Prof. Omar Eduardo Bailez<br \/>\nData de In\u00edcio: 03\/2014<br \/>\nData de Defesa de Tese: 28\/04\/2016<br \/>\nT\u00edtulo da Tese: <a href=\"https:\/\/uenf.br\/posgraduacao\/producao-vegetal\/wp-content\/uploads\/sites\/10\/2016\/10\/Diserta%C3%A7%C3%A3o-FINAL.pdf\">Parasitismo natural e abund\u00e2ncia de for\u00eddeos parasitoides de <em>Atta sexdens<\/em> (Linnaeus, 1758) (Hymenoptera: Formicidae) em \u00e1reas de vegeta\u00e7\u00e3o natural e agr\u00edcolas.<\/a><\/p>\n<p>Aluno: Yara de Souza Lisboa<br \/>\nOrientador: Prof. Niraldo Jos\u00e9 Ponciano<br \/>\nData de In\u00edcio: 03\/2014<br \/>\nData de Defesa de Tese: 30\/05\/2016<br \/>\nT\u00edtulo da Tese: <a href=\"https:\/\/uenf.br\/posgraduacao\/producao-vegetal\/wp-content\/uploads\/sites\/10\/2016\/10\/Disserta%C3%A7%C3%A3o_Yara_Final.pdf\">Avalia\u00e7\u00e3o t\u00e9cnica e econ\u00f4mica do aproveitamento de res\u00edduos agroindustriais na alimenta\u00e7\u00e3o de alevinos de til\u00e1pia do nilo na regi\u00e3o Norte Fluminense.<\/a><\/p>\n<p>Aluno: Brunno de Oliveira Almeida<br \/>\nOrientador: Prof. Rog\u00e9rio Figueiredo Daher<br \/>\nData de In\u00edcio: 03\/2014<br \/>\nData de Defesa de Tese: 31\/05\/2016<br \/>\nT\u00edtulo da Tese: <a href=\"https:\/\/uenf.br\/posgraduacao\/producao-vegetal\/wp-content\/uploads\/sites\/10\/2016\/08\/Disserta%C3%A7%C3%A3o-BRUNNO-IMPRIMIR-c.pdf\" target=\"_blank\" rel=\"noopener\">Avalia\u00e7\u00e3o da aduba\u00e7\u00e3o nitrogenada e pot\u00e1ssica em oito gen\u00f3tipos de capim-elefante para fins energ\u00e9ticos em Campos dos Goytacazes.<\/a><\/p>\n<p>Aluno: Roberto Rivelino do Nascimento Barbosa<br \/>\nOrientador: Prof\u00aa Virginia Silva Carvalho<br \/>\nData de In\u00edcio: 03\/2014<br \/>\nData de Defesa de Tese: 19\/07\/2016<br \/>\nT\u00edtulo da Tese: <a href=\"https:\/\/uenf.br\/posgraduacao\/producao-vegetal\/wp-content\/uploads\/sites\/10\/2016\/10\/CULTIVO-IN-VITRO-DE-PIMENTA-MALAGUETA-EM-FRASCOS-COM-VENTILA%C3%87%C3%83O-NATURAL.pdf\">Cultivo <em>in vitro<\/em> de pimenta malagueta em frascos com ventila\u00e7\u00e3o natural: respostas mixotr\u00f3picas e fotoautotr\u00f3ficas.<\/a><\/p>\n<p>Aluno: Michele Bezerra Silva<br \/>\nOrientador: Prof. Victor Haber Perez<br \/>\nData de In\u00edcio: 03\/2014<br \/>\nData de Defesa de Tese: 08\/08\/2016<br \/>\nT\u00edtulo da Tese: <a href=\"https:\/\/uenf.br\/posgraduacao\/producao-vegetal\/wp-content\/uploads\/sites\/10\/2017\/09\/Dissertacao-de-Mestrado-2016-Michele-Bezerra-da-Silva.pdf\">Caracteriza\u00e7\u00e3o f\u00edsico-qu\u00edmica, secagem de frutos de tucum\u00e3 (<em>Astrocaryum aculeatum<\/em> Meyer): avalia\u00e7\u00e3o da preserva\u00e7\u00e3o de suas propriedades funcionais.<\/a><\/p>\n<p>&nbsp;<\/p>\n","protected":false},"excerpt":{"rendered":"<p>Aluno: La\u00eds de Carvalho Vicente Orientador: Prof\u00aa Emanuela Forestieri da Gama-Rodrigues Data de In\u00edcio: 03\/2014 Data de Defesa de Tese:&#8230;<\/p>\n","protected":false},"author":21,"featured_media":0,"parent":0,"menu_order":0,"comment_status":"closed","ping_status":"closed","template":"","meta":{"footnotes":""},"class_list":["post-1665","page","type-page","status-publish","hentry"],"_links":{"self":[{"href":"https:\/\/uenf.br\/posgraduacao\/producao-vegetal\/wp-json\/wp\/v2\/pages\/1665","targetHints":{"allow":["GET"]}}],"collection":[{"href":"https:\/\/uenf.br\/posgraduacao\/producao-vegetal\/wp-json\/wp\/v2\/pages"}],"about":[{"href":"https:\/\/uenf.br\/posgraduacao\/producao-vegetal\/wp-json\/wp\/v2\/types\/page"}],"author":[{"embeddable":true,"href":"https:\/\/uenf.br\/posgraduacao\/producao-vegetal\/wp-json\/wp\/v2\/users\/21"}],"replies":[{"embeddable":true,"href":"https:\/\/uenf.br\/posgraduacao\/producao-vegetal\/wp-json\/wp\/v2\/comments?post=1665"}],"version-history":[{"count":0,"href":"https:\/\/uenf.br\/posgraduacao\/producao-vegetal\/wp-json\/wp\/v2\/pages\/1665\/revisions"}],"wp:attachment":[{"href":"https:\/\/uenf.br\/posgraduacao\/producao-vegetal\/wp-json\/wp\/v2\/media?parent=1665"}],"curies":[{"name":"wp","href":"https:\/\/api.w.org\/{rel}","templated":true}]}}