{"id":170,"date":"2014-01-27T17:40:07","date_gmt":"2014-01-27T17:40:07","guid":{"rendered":"http:\/\/uenf.br\/pos-graduacao\/producao-vegetal\/?page_id=170"},"modified":"2018-01-08T15:43:51","modified_gmt":"2018-01-08T17:43:51","slug":"mestrado-conclusao-em-2005","status":"publish","type":"page","link":"https:\/\/uenf.br\/posgraduacao\/producao-vegetal\/teses-e-dissertacoes-concluidas\/mestrado\/mestrado-conclusao-em-2005\/","title":{"rendered":"Mestrado &#8211; conclus\u00e3o em 2005"},"content":{"rendered":"<p>Aluno: Luciana Venturotti Braun de Almeida<br \/>\nOrientador: Prof\u00aa Cl\u00e1udia Sales Marinho<br \/>\nData de in\u00edcio: 02\/2002<br \/>\nData de Defesa de Tese: 27\/01\/2005<br \/>\nT\u00edtulo da Tese: Crescimento e estado nutricional de porta-enxertos c\u00edtricos fertilizados com adubos convencionais e de libera\u00e7\u00e3o lenta.<\/p>\n<hr \/>\n<p>Aluno: Liane Cristina da Silva Ferreira<br \/>\nOrientador: Prof. Arnoldo Rocha Fa\u00e7anha<br \/>\nData de in\u00edcio: 03\/2003<br \/>\nData de Defesa de Tese: 22\/02\/2005<br \/>\nT\u00edtulo da Tese: Estudo da a\u00e7\u00e3o do alcal\u00f3ide gramina no metabolismo energ\u00e9tico de plantas de cana-de-a\u00e7\u00facar (Saccharum spp.).<\/p>\n<hr \/>\n<p>Aluno: Adelmo Golynski<br \/>\nOrientador: Prof. Niraldo Jos\u00e9 Ponciano<br \/>\nData de in\u00edcio: 03\/2003<br \/>\nData de Defesa de Tese: 07\/03\/2005<br \/>\nT\u00edtulo da Tese: Alternativas de comercializa\u00e7\u00e3o como fator de influ\u00eancia na competitividade das cadeias produtivas de abacaxi e maracuj\u00e1 da regi\u00e3o Norte Fluminense.<\/p>\n<hr \/>\n<p>Aluno: Poliana Dar\u00e9 Zampiroli<br \/>\nOrientador: Prof. Paulo Marcelo de Souza<br \/>\nData de in\u00edcio: 03\/2003<br \/>\nData de Defesa de Tese: 07\/03\/2005<br \/>\nT\u00edtulo da Tese: An\u00e1lise do processo de comercializa\u00e7\u00e3o do coco e da goiaba produzidos na regi\u00e3o Norte Fluminense.<\/p>\n<hr \/>\n<p>Aluno: Robson Prucoli Posse<br \/>\nOrientador: Prof. Elias Fernandes de Sousa<br \/>\nData de in\u00edcio: 03\/2003<br \/>\nData de Defesa de Tese: 10\/03\/2005<br \/>\nT\u00edtulo da Tese: Rela\u00e7\u00f5es h\u00eddricas em plantas de coqueiro an\u00e3o verde (Cocos nucifera L.) na regi\u00e3o Norte Fluminense.<\/p>\n<hr \/>\n<p>Aluno: Anderson Ribeiro Santiago<br \/>\nOrientador: Prof\u00aa Deborah Guerra Barroso<br \/>\nData de in\u00edcio: 03\/2003<br \/>\nData de Defesa de Tese: 16\/03\/2005<br \/>\nT\u00edtulo da Tese: Reabilita\u00e7\u00e3o de cavas de extra\u00e7\u00e3o de argila com eucalipto em plantios puros e consorciados com sesb\u00e2nia.<\/p>\n<hr \/>\n<p>Aluno: Gustavo Menezes Gon\u00e7alves<br \/>\nOrientador: Prof. Alexandre Pio Viana<br \/>\nData de in\u00edcio: 03\/2003<br \/>\nData de Defesa de Tese: 16\/03\/2005<br \/>\nT\u00edtulo da Tese: Estimativas de par\u00e2metros gen\u00e9ticos em caracter\u00edsticas produtivas de maracujazeiro amarelo (Passiflora edulis f. flavicarpa), baseado no delineamento I.<\/p>\n<hr \/>\n<p>Aluno: Silv\u00e9rio de Paiva Freitas J\u00fanior<br \/>\nOrientador: Prof. Antonio Teixeira do Amaral J\u00fanior<br \/>\nData de In\u00edcio: 03\/2003<br \/>\nData de Defesa de Tese: 16\/03\/2005<br \/>\nT\u00edtulo da Tese: <a href=\"https:\/\/uenf.br\/posgraduacao\/producao-vegetal\/wp-content\/uploads\/sites\/10\/2018\/01\/Silv%C3%A9rio-J%C3%BAnior.pdf\">Capacidade combinat\u00f3ria em milho pipoca\u00a0por meio de dialelo circulante.<\/a><\/p>\n<hr \/>\n<p>Aluno: Francisco Costa Zaia<br \/>\nOrientador: Prof. Antonio Carlos da Gama-Rodrigues<br \/>\nData de In\u00edcio: 03\/2003<br \/>\nData de Defesa de Tese: 23\/03\/2005<br \/>\nT\u00edtulo da Tese: Din\u00e2mica do f\u00f3sforo org\u00e2nico sob diferentes sistemas florestais no Norte Fluminense e em plantios de cacau no sul da Bahia.<\/p>\n<hr \/>\n<p>&nbsp;<\/p>\n<p>Aluno: C\u00edntia Cristina Lima Teixeira<br \/>\nOrientador: Prof\u00aa Magali Hoffmann<br \/>\nData de In\u00edcio: 03\/2003<br \/>\nData de Defesa de Tese: 31\/03\/2005<br \/>\nT\u00edtulo da Tese: Diversidade e abund\u00e2ncia da fauna de Coleoptera de solo, em remanescente de Mata Atl\u00e2ntica de Baixada, Mata do Mergulh\u00e3o, Campos dos Goytacazes, Rio de Janeiro.<\/p>\n<hr \/>\n<p>&nbsp;<\/p>\n<p>Aluno: Cristiana do Couto Miranda<br \/>\nOrientador: Prof. Luciano Pasqualoto Canellas<br \/>\nData de In\u00edcio: 03\/2003<br \/>\nData de Defesa de Tese: 31\/03\/2005<br \/>\nT\u00edtulo da Tese: <a href=\"https:\/\/uenf.br\/posgraduacao\/producao-vegetal\/wp-content\/uploads\/sites\/10\/2017\/12\/Cristiana.pdf\">Caracteriza\u00e7\u00e3o da mat\u00e9ria org\u00e2nica do solo em fragmentos de Mata Atl\u00e2ntica e em plantios abandonados de eucalipto, Reserva Biol\u00f3gica Uni\u00e3o-RJ.<\/a><a href=\"http:\/\/www.uenf.br\/Uenf\/Downloads\/PRODVEGETAL_3434_1152016912.pdf\"><br \/>\n<\/a><\/p>\n<hr \/>\n<p>Aluno: Leandro Hespanhol Viana<br \/>\nOrientador: Prof. Ricardo Enrique Bressan-Smith<br \/>\nData de In\u00edcio: 03\/2003<br \/>\nData de Defesa de Tese: 01\/04\/2005<br \/>\nT\u00edtulo da Tese: Estresse oxidativo e obten\u00e7\u00e3o de termotoler\u00e2ncia em plantas de [Vigna unguiculata L. Walp.] submetidas a choque t\u00e9rmico por alta temperatura.<\/p>\n<hr \/>\n<p>&nbsp;<\/p>\n<p>Aluno: Francisco Valdevino Bezerra Neto<br \/>\nOrientador: Prof. Nilton Rocha Leal<br \/>\nData de In\u00edcio: 03\/2003<br \/>\nData de Defesa de Tese: 05\/04\/2005<br \/>\nT\u00edtulo da Tese: Avalia\u00e7\u00e3o agron\u00f4mica e an\u00e1lise de diversidade molecular entre e dentro de linhagens avan\u00e7adas de ab\u00f3bora (Curcubita moschata).<\/p>\n<hr \/>\n<p>&nbsp;<\/p>\n<p>Aluno: Theresa Mar\u00edlia Tavares Pessanha<br \/>\nOrientador: Prof\u00aa Karla Silva Ferreira<br \/>\nData de In\u00edcio: 03\/2003<br \/>\nData de Defesa de Tese: 07\/04\/2005<br \/>\nT\u00edtulo da Tese: <a href=\"https:\/\/uenf.br\/posgraduacao\/producao-vegetal\/wp-content\/uploads\/sites\/10\/2018\/01\/Theresa-Marilia.pdf\">Valor nutritivo de alguns doces fabricados no munic\u00edpio de Campos dos Goytacazes &#8211; RJ.<\/a><\/p>\n<p>&nbsp;<\/p>\n<hr \/>\n<p>&nbsp;<\/p>\n<p>Aluno: Rejane Siqueira Bernardes<br \/>\nOrientador: Prof. Cl\u00e1udio Roberto Marciano<br \/>\nData de In\u00edcio: 03\/2003<br \/>\nData de Defesa de Tese: 08\/04\/2005<br \/>\nT\u00edtulo da Tese: <a href=\"https:\/\/uenf.br\/posgraduacao\/producao-vegetal\/wp-content\/uploads\/sites\/10\/2018\/01\/Rejane.pdf\">Condutividade hidr\u00e1ulica de tr\u00eas solos da regi\u00e3o Norte Fluminense.<\/a><\/p>\n<hr \/>\n<p>&nbsp;<\/p>\n<p>Aluno: Janice Maria Ribeiro Dias<br \/>\nOrientador: Prof. Gon\u00e7alo Apolin\u00e1rio de Souza Filho<br \/>\nData de In\u00edcio: 03\/2003<br \/>\nData de Defesa de Tese: 11\/04\/2005<br \/>\nT\u00edtulo da Tese: <a href=\"https:\/\/uenf.br\/posgraduacao\/producao-vegetal\/wp-content\/uploads\/sites\/10\/2017\/12\/Janice-Maria.pdf\">Express\u00e3o de genes cloroplast\u00eddicos e atividade do fotossistema II em plantas de cana-de-a\u00e7\u00facar submetidas \u00e0 salinidade.<\/a><a href=\"http:\/\/www.uenf.br\/Uenf\/Downloads\/PRODVEGETAL_3434_1189460969.pdf\"><br \/>\n<\/a><\/p>\n<hr \/>\n<p>&nbsp;<\/p>\n<p>Aluno: Vin\u00edcius de Oliveira Carlesso<br \/>\nOrientador: Prof. Pedro Amorim Berbert<br \/>\nData de In\u00edcio: 10\/2003<br \/>\nData de Defesa de Tese: 15\/04\/2005<br \/>\nT\u00edtulo da Tese: Secagem e qualidade fisiol\u00f3gica de sementes de maracuj\u00e1-amarelo (Passiflora edulis Sims f. flavicarpa Degener).<\/p>\n<hr \/>\n<p>&nbsp;<\/p>\n<p>Aluno: Bruno Sales Cereja<br \/>\nOrientador: Prof. Almy Junior Cordeiro de Carvalho<br \/>\nData de In\u00edcio: 03\/2003<br \/>\nData de Defesa de Tese: 20\/04\/2005<br \/>\nT\u00edtulo da Tese: Avalia\u00e7\u00e3o de gen\u00f3tipos de bananeira (Musa spp.) no Norte Fluminense: caracter\u00edsticas agron\u00f4micas, p\u00f3s-colheita de frutos e composi\u00e7\u00e3o mineral.<\/p>\n<hr \/>\n<p>&nbsp;<\/p>\n<p>Aluno: Nathalia de Felice Elias<br \/>\nOrientador: Prof. Pedro Amorim Berbert<br \/>\nData de In\u00edcio: 03\/2003<br \/>\nData de Defesa de Tese: 27\/04\/2005<br \/>\nT\u00edtulo da Tese: Avalia\u00e7\u00e3o nutricional e sensorial de caqui cv Fuyu submetido \u00e0 desidrata\u00e7\u00e3o osm\u00f3tica e secagem por convec\u00e7\u00e3o.<\/p>\n<hr \/>\n<p>&nbsp;<\/p>\n<p>Aluno: Valeska Barros Costa Melo<br \/>\nOrientador: Prof. Richard Ian Samuels<br \/>\nData de In\u00edcio: 03\/2003<br \/>\nData de Defesa de Tese: 13\/05\/2005<br \/>\nT\u00edtulo da Tese: Duas Sacaroses Hidrolases Presentes no Intestino da Formiga Cortadeira Acromyrmex subterraneus (Hymenoptera: Formicidae).<\/p>\n<hr \/>\n<p>&nbsp;<\/p>\n<p>Aluno: Gilson Silva Filho<br \/>\nOrientador: Prof. Omar Eduardo Bailez<br \/>\nData de In\u00edcio: 03\/2003<br \/>\nData de Defesa de Tese: 25\/05\/2005<br \/>\nT\u00edtulo da Tese: <a href=\"https:\/\/uenf.br\/posgraduacao\/producao-vegetal\/wp-content\/uploads\/sites\/10\/2017\/12\/Gilson.pdf\">Semioqu\u00edmicos envolvidos na intera\u00e7\u00e3o gorgulho-da-goiaba (<em>Conotrachelus psidii<\/em> Marshall) \u2013 goiabeira (<em>Psidium guajava<\/em> L.).<\/a><\/p>\n<hr \/>\n<p>&nbsp;<\/p>\n<p>Aluno: S\u00edlvio de Jesus Freitas<br \/>\nOrientador: Prof\u00aa Deborah Guerra Barroso<br \/>\nData de In\u00edcio: 03\/2003<br \/>\nData de Defesa de Tese: 05\/07\/2005<br \/>\nT\u00edtulo da Tese: Germina\u00e7\u00e3o e efeito do armazenamento sobre sementes de Jaracatia spinosa (Aubl.) A. DC.<\/p>\n<hr \/>\n<p>&nbsp;<\/p>\n<p>Aluno: Fernanda Assump\u00e7\u00e3o Castro<br \/>\nOrientador: Prof. Eliemar Campostrini<br \/>\nData de In\u00edcio: 10\/2003<br \/>\nData de Defesa de Tese: 07\/07\/2005<br \/>\nT\u00edtulo da Tese: Rela\u00e7\u00f5es do valor do medidor port\u00e1til de clorofila (SPAD-502) com o processo fotossint\u00e9tico e com o teor de nitrog\u00eanio org\u00e2nico em gen\u00f3tipos de Carica papaya L.<\/p>\n<hr \/>\n<p>Aluno: Silvana Saleme Diaz<br \/>\nOrientador: Prof\u00aa Karla Silva Ferreira<br \/>\nData de In\u00edcio: 08\/2002<br \/>\nData de Defesa de Tese: 15\/07\/2005<br \/>\nT\u00edtulo da Tese: Estudo comparativo sobre a utiliza\u00e7\u00e3o da manteiga de cacau e da gordura equivalente (CBE) na fabrica\u00e7\u00e3o do chocolate.<\/p>\n<hr \/>\n<p>&nbsp;<\/p>\n<p>Aluno: Moema Mocaiber Peralva dos Santos<br \/>\nOrientador: Prof. Ivo Jos\u00e9 Curcino Vieira<br \/>\nData de In\u00edcio: 03\/2003<br \/>\nData de Defesa de Tese: 19\/08\/2005<br \/>\nT\u00edtulo da Tese: Atividade antimicrobiana de Mimosa pudica L. frente a Streptococcus mutans.<\/p>\n<hr \/>\n<p>&nbsp;<\/p>\n<p>Aluno: Aroldo Gomes Filho<br \/>\nOrientador: Prof. Jurandi Gon\u00e7alves de Oliveira<br \/>\nData de In\u00edcio: 10\/2003<br \/>\nData de Defesa de Tese: 08\/09\/2005<br \/>\nT\u00edtulo da Tese: <a href=\"https:\/\/uenf.br\/posgraduacao\/producao-vegetal\/wp-content\/uploads\/sites\/10\/2017\/12\/Aroldo.pdf\">Ocorr\u00eancias da mancha fisiol\u00f3gica no mam\u00e3o (<em>Carica papaya<\/em> L.) sob diferentes l\u00e2minas de irriga\u00e7\u00e3o e coberturas de solo.<\/a><\/p>\n<hr \/>\n<p><a href=\"http:\/\/www.uenf.br\/Uenf\/Downloads\/PRODVEGETAL_3434_1151698375.pdf\"><br \/>\n<\/a>Aluno: Elaine Rodrigues Figueiredo<br \/>\nOrientador: Prof. Ivo Jos\u00e9 Curcino Vieira<br \/>\nData de In\u00edcio: 03\/2003<br \/>\nData de Defesa de Tese: 22\/09\/2005<br \/>\nT\u00edtulo da Tese: Alcal\u00f3ides ind\u00f3licos de Tabernaemontana salzmamnii (Acocynaceae).<\/p>\n<p>&nbsp;<\/p>\n<hr \/>\n<p>Aluno: Derliane Ribeiro Martins<br \/>\nOrientador: Prof. Eder Dutra de Resende<br \/>\nData de In\u00edcio: 03\/2003<br \/>\nData de Defesa de Tese: 20\/12\/2005<br \/>\nT\u00edtulo da Tese: Influ\u00eancia das atmosferas de estocagem na conserva\u00e7\u00e3o p\u00f3s-colheita do mam\u00e3o armazenado sob refrigera\u00e7\u00e3o.<\/p>\n","protected":false},"excerpt":{"rendered":"<p>Aluno: Luciana Venturotti Braun de Almeida Orientador: Prof\u00aa Cl\u00e1udia Sales Marinho Data de in\u00edcio: 02\/2002 Data de Defesa de Tese:&#8230;<\/p>\n","protected":false},"author":21,"featured_media":0,"parent":30,"menu_order":9,"comment_status":"closed","ping_status":"open","template":"","meta":{"footnotes":""},"class_list":["post-170","page","type-page","status-publish","hentry"],"_links":{"self":[{"href":"https:\/\/uenf.br\/posgraduacao\/producao-vegetal\/wp-json\/wp\/v2\/pages\/170","targetHints":{"allow":["GET"]}}],"collection":[{"href":"https:\/\/uenf.br\/posgraduacao\/producao-vegetal\/wp-json\/wp\/v2\/pages"}],"about":[{"href":"https:\/\/uenf.br\/posgraduacao\/producao-vegetal\/wp-json\/wp\/v2\/types\/page"}],"author":[{"embeddable":true,"href":"https:\/\/uenf.br\/posgraduacao\/producao-vegetal\/wp-json\/wp\/v2\/users\/21"}],"replies":[{"embeddable":true,"href":"https:\/\/uenf.br\/posgraduacao\/producao-vegetal\/wp-json\/wp\/v2\/comments?post=170"}],"version-history":[{"count":0,"href":"https:\/\/uenf.br\/posgraduacao\/producao-vegetal\/wp-json\/wp\/v2\/pages\/170\/revisions"}],"up":[{"embeddable":true,"href":"https:\/\/uenf.br\/posgraduacao\/producao-vegetal\/wp-json\/wp\/v2\/pages\/30"}],"wp:attachment":[{"href":"https:\/\/uenf.br\/posgraduacao\/producao-vegetal\/wp-json\/wp\/v2\/media?parent=170"}],"curies":[{"name":"wp","href":"https:\/\/api.w.org\/{rel}","templated":true}]}}