{"id":174,"date":"2014-01-27T18:05:33","date_gmt":"2014-01-27T18:05:33","guid":{"rendered":"http:\/\/uenf.br\/pos-graduacao\/producao-vegetal\/?page_id=174"},"modified":"2018-01-11T15:06:39","modified_gmt":"2018-01-11T17:06:39","slug":"mestrado-conclusao-em-2004","status":"publish","type":"page","link":"https:\/\/uenf.br\/posgraduacao\/producao-vegetal\/teses-e-dissertacoes-concluidas\/mestrado\/mestrado-conclusao-em-2004\/","title":{"rendered":"Mestrado &#8211; conclus\u00e3o em 2004"},"content":{"rendered":"<p>Aluno: Andr\u00e9a Torres Ferreira<br \/>\nOrientador: Prof. Jos\u00e9 Oscar Gomes de Lima<br \/>\nData de In\u00edcio: 03\/2001<br \/>\nData de Defesa de Tese: 06\/02\/2004<br \/>\nT\u00edtulo da Tese: Perfil da cultura do tomateiro na Regi\u00e3o de S\u00e3o Jos\u00e9 de Ub\u00e1, estado do Rio de Janeiro: base para a implanta\u00e7\u00e3o do manejo integrado da broca-pequena-do-tomate, Neoleucinodes elegantalis (Guen\u00e9e) (Lepidoptera: Crambidae).<\/p>\n<hr \/>\n<p>Aluno: Vin\u00edcius Siqueira Gazal e Silva<br \/>\nOrientador: Prof. Omar Eduardo Bailez<br \/>\nData de In\u00edcio: 08\/2001<br \/>\nData de Defesa de Tese: 05\/02\/2004<br \/>\nT\u00edtulo da Tese: Mecanismos de reconhecimento do hospedeiro em Neodohrniphora spp. (Diptera:Phoridae) e ocorr\u00eancia de esp\u00e9cies do g\u00eanero em Atta sexdens rubropilosa (Forel) (Hymenoptera: Formicidae).<\/p>\n<hr \/>\n<p>Aluno: Fillipe Silveira Marini<br \/>\nOrientador: Prof\u00aa Cl\u00e1udia Sales Marinho<br \/>\nData de In\u00edcio: 03\/2002<br \/>\nData de Defesa de Tese: 09\/02\/2004<br \/>\nT\u00edtulo da Tese: <a href=\"https:\/\/uenf.br\/posgraduacao\/producao-vegetal\/wp-content\/uploads\/sites\/10\/2018\/01\/Fillipe.pdf\">Doses de sulfato de magn\u00e9sio em substrato org\u00e2nico sobre o crescimento, estado nutricional e teores de clorofila em porta-enxertos c\u00edtricos.<\/a><\/p>\n<hr \/>\n<p>Aluno: Ernando Balbinot<br \/>\nOrientador: Prof. Roberto Ferreira da Silva<br \/>\nData de In\u00edcio: 03\/2002<br \/>\nData de Defesa de Tese: 26\/03\/2004<br \/>\nT\u00edtulo da Tese: Import\u00e2ncia do manejo dos frutos na secagem e armazenamento de sementes de mam\u00e3o (Carica papaya L.).<\/p>\n<hr \/>\n<p>Aluno: Val\u00e9ria Aparecida Vieira Queiroz<br \/>\nOrientador: Prof\u00aa Karla Silva Ferreira<br \/>\nData de In\u00edcio: 03\/2002<br \/>\nData de Defesa de Tese: 19\/03\/2004<br \/>\nT\u00edtulo da Tese: Teores de Na, K, Ca, Mg, Fe, Zn, Cu e Se, em frutas consumidas na regi\u00e3o Norte Fluminense.<\/p>\n<hr \/>\n<p>Aluno: Ana Clara Pires Milhomem<br \/>\nOrientador: Prof. Almy Junior Cordeiro de Carvalho<br \/>\nData de In\u00edcio: 03\/2002<br \/>\nData de Defesa de Tese: 30\/03\/2004<br \/>\nT\u00edtulo da Tese: Avalia\u00e7\u00e3o de variedades e h\u00edbridos de bananeira (Musa spp.) na regi\u00e3o norte do estado do Rio de Janeiro.<\/p>\n<hr \/>\n<p>Aluno: Pedro Paulo Dias<br \/>\nOrientador: Prof. Henrique Duarte Vieira<br \/>\nData de In\u00edcio: 03\/2002<br \/>\nData de Defesa de Tese: 02\/04\/2004<br \/>\nT\u00edtulo da Tese: Avalia\u00e7\u00e3o de mudas de quatro germoplasmas de caf\u00e9 (Coffea arabica L.) enxertadas e n\u00e3o enxertadas, submetidas aos nemat\u00f3ides formadores de galha Meloidogyne ex\u00edgua.<\/p>\n<hr \/>\n<p>Aluno: Leandro Glaydson da Rocha Pinho<br \/>\nOrientador: Prof. Pedro Henrique Monnerat<br \/>\nData de in\u00edcio: 08\/2002<br \/>\nData de Defesa de Tese: 05\/04\/2004<br \/>\nT\u00edtulo da Tese: Controle da mancha anelar dos frutos de coqueiro an\u00e3o verde no Noroeste do estado do Rio de Janeiro: efeitos da aplica\u00e7\u00e3o de \u00e1cido b\u00f3rico.<\/p>\n<hr \/>\n<p>Aluno: Fabiane Rabelo da Costa<br \/>\nOrientador: Prof\u00aa Telma Nair Santana Pereira<br \/>\nData de in\u00edcio: 08\/2002<br \/>\nData de Defesa de Tese: 06\/04\/2004<br \/>\nT\u00edtulo da Tese: <a href=\"https:\/\/uenf.br\/posgraduacao\/producao-vegetal\/wp-content\/uploads\/sites\/10\/2018\/01\/Fabiane.pdf\">Diversidade gen\u00e9tica entre acessos de <em>Capsicum<\/em> spp. com base em marcadores\u00a0 RAPD.<\/a><\/p>\n<hr \/>\n<p>Aluno: Andr\u00e9a Ferreira da Costa<br \/>\nOrientador: Prof. Messias Gonzaga Pereira<br \/>\nData de in\u00edcio: 03\/2002<br \/>\nData de Defesa de Tese: 06\/04\/2004<br \/>\nT\u00edtulo da Tese: Avalia\u00e7\u00e3o de caracter\u00edsticas agron\u00f4micas, diversidade molecular e morfoagron\u00f4mica em variedades e esp\u00e9cies relacionadas do g\u00eanero Vitis.<\/p>\n<hr \/>\n<p>Aluno: Thais Vianna Silva<br \/>\nOrientador: Prof. Eder Dutra de Resende<br \/>\nData de in\u00edcio: 03\/2002<br \/>\nData de Defesa de Tese: 14\/04\/2004<br \/>\nT\u00edtulo da Tese: Influ\u00eancia da \u00e9poca de colheita e do est\u00e1dio de matura\u00e7\u00e3o sobre as caracter\u00edsticas f\u00edsicas e qu\u00edmicas do maracuj\u00e1 amarelo (Passiflora edulis f. flavicarpa Degener).<\/p>\n<hr \/>\n<p>Aluno: Jader Galba Busato<br \/>\nOrientador: Prof. Ary Carlos Xavier Velloso<br \/>\nData de in\u00edcio: 08\/2002<br \/>\nData de Defesa de Tese: 14\/04\/2004<br \/>\nT\u00edtulo da Tese: <a href=\"https:\/\/uenf.br\/posgraduacao\/producao-vegetal\/wp-content\/uploads\/sites\/10\/2018\/01\/Jader.pdf\">Formas de f\u00f3sforo de um cambissolo cultivado com cana-de-a\u00e7\u00facar, com preserva\u00e7\u00e3o do palhi\u00e7o e adi\u00e7\u00e3o de vinha\u00e7a por longo tempo.<\/a><a href=\"http:\/\/www.uenf.br\/Uenf\/Downloads\/LSOL_348_1115665419.zip\"><br \/>\n<\/a><\/p>\n<hr \/>\n<p>Aluno: Marcelo Sobreira de Souza<br \/>\nOrientador: Prof. Claudio Roberto Marciano<br \/>\nData de in\u00edcio: 03\/2002<br \/>\nData de Defesa de Tese: 20\/04\/2004<br \/>\nT\u00edtulo da Tese: <a href=\"https:\/\/uenf.br\/posgraduacao\/producao-vegetal\/wp-content\/uploads\/sites\/10\/2018\/01\/Marcelo-Souza.pdf\">Caracteriza\u00e7\u00e3o do intervalo h\u00eddrico \u00f3timo de tr\u00eas solos da regi\u00e3o Norte Fluminense.<\/a><\/p>\n<hr \/>\n<p>Aluno: Felipe Oliveira Vilela<br \/>\nOrientador: Prof. Antonio Teixeira do Amaral J\u00fanior<br \/>\nData de in\u00edcio: 03\/2002<br \/>\nData de Defesa de Tese: 24\/06\/2004<br \/>\nT\u00edtulo da Tese: Impacto da sele\u00e7\u00e3o recorrente na variabilidade gen\u00e9tica da popula\u00e7\u00e3o UNB-2U de milho pipoca (Zea mays L.) por meio de marcadores RAPD.<\/p>\n<hr \/>\n<p>Aluno: Krystyano Almeida de Souza<br \/>\nOrientador: Prof. Messias Gonzaga Pereira<br \/>\nData de in\u00edcio: 08\/2002<br \/>\nData de Defesa de Tese: 30\/06\/2004<br \/>\nT\u00edtulo da Tese: Estimativas de par\u00e2metros gen\u00e9ticos em linhagens recombinadas de feijoeiro (Phaseolus vulgaris L.).<\/p>\n<hr \/>\n<p>Aluno: L\u00eddia M\u00e1rcia Silva Santos<br \/>\nOrientador: Prof\u00aa Telma Nair Santana Pereira<br \/>\nData de in\u00edcio: 03\/2002<br \/>\nData de Defesa de Tese: 02\/07\/2004<br \/>\nT\u00edtulo da Tese: Estudo da forma\u00e7\u00e3o do gameta masculino de plantas de mamoeiro (Carica papaya L.).<\/p>\n<hr \/>\n<p>Aluno: Romano Roberto Valicheski<br \/>\nOrientador: Prof. Cl\u00e1udio Roberto Marciano<br \/>\nData de in\u00edcio: 08\/2002<br \/>\nData de Defesa de Tese: 16\/07\/2004<br \/>\nT\u00edtulo da Tese: <a href=\"https:\/\/uenf.br\/posgraduacao\/producao-vegetal\/wp-content\/uploads\/sites\/10\/2018\/01\/Romano.pdf\">Avalia\u00e7\u00e3o t\u00e9cnica e econ\u00f4mica da reutiliza\u00e7\u00e3o de \u00e1reas de extra\u00e7\u00e3o de argila em Campos dos Goytacazes-RJ.<\/a><\/p>\n<hr \/>\n<p>Aluno: Eleodoro Eduardo Del Valle<br \/>\nOrientador: Prof. Ricardo Moreira de Souza<br \/>\nData de In\u00edcio: 08\/2002<br \/>\nData de Defesa de Tese: 23\/07\/2004<br \/>\nT\u00edtulo da Tese: Avalia\u00e7\u00e3o e press\u00e3o de sele\u00e7\u00e3o de nemat\u00f3ides entomopatog\u00eanicos tolerantes a altas temperaturas visando o controle do gorgulho-da-goiaba (Conotrachelus psidii).<\/p>\n<hr \/>\n<p>Aluno: M\u00e1rcia Torres Teixeira<br \/>\nOrientador: Prof. Henrique Duarte Vieira<br \/>\nData de In\u00edcio: 08\/2002<br \/>\nData de Defesa de Tese: 09\/08\/2004<br \/>\nT\u00edtulo da Tese: Efeito do condicionamneto osm\u00f3tico sobre a germina\u00e7\u00e3o e vigor das sementes da palmeira real australiana (Archontophoenix alexandrae).<\/p>\n<hr \/>\n<p>Aluno: Maria C\u00e9lia Mendes Aroucha<br \/>\nOrientador: Prof. Silv\u00e9rio de Paiva Freitas<br \/>\nData de in\u00edcio: 08\/2002<br \/>\nData de Defesa de Tese: 10\/08\/2004<br \/>\nT\u00edtulo da Tese: Anatomia e histoqu\u00edmica da folha e da raiz e enraizamento de estacas de Catharanthus roseus (L.) G. Don.<\/p>\n<hr \/>\n<p>Aluno: Euzileni Mantoanelli<br \/>\nOrientador: Prof. Gilberto Soares Albuquerque<br \/>\nData de in\u00edcio: 03\/2002<br \/>\nData de Defesa de Tese: 11\/08\/2004<br \/>\nT\u00edtulo da Tese: Biologia, morfologia e comportamento das larvas de Leucochrysa (Leucochrysa) varia (Schneider) (Neuroptera: Chrysopidae).<\/p>\n<hr \/>\n<p>Aluno: Pedro Corr\u00eaa Damasceno J\u00fanior<br \/>\nOrientador: Profa. Telma Nair Santana Pereira<br \/>\nData de in\u00edcio: 08\/2002<br \/>\nData de Defesa de Tese: 18\/08\/2004<br \/>\nT\u00edtulo da Tese: Estudo reprodutivo em mamoeiro (Carica papaya L.)<\/p>\n<hr \/>\n<p>Aluno: Leandro Marelli de Souza<br \/>\nOrientador: Profa. Karla Silva Ferreira<br \/>\nData de in\u00edcio: 02\/2002<br \/>\nData de Defesa de Tese: 20\/08\/2004<br \/>\nT\u00edtulo da Tese: <a href=\"https:\/\/uenf.br\/posgraduacao\/producao-vegetal\/wp-content\/uploads\/sites\/10\/2018\/01\/Leandro.pdf\">Algumas caracter\u00edsticas f\u00edsicas e qu\u00edmicas de mam\u00f5es (<em>Carica papaya<\/em> L.) dos grupos \u2018Formosa\u2019(<em>Tainung<\/em> 01) e \u2018Solo\u2019(<em>Golden<\/em>), com e sem mancha fisiol\u00f3gica, colhidos em diferentes est\u00e1dios de matura\u00e7\u00e3o.<\/a><a href=\"http:\/\/www.uenf.br\/Uenf\/Downloads\/PRODVEGETAL_3434_1151698566.pdf\"><br \/>\n<\/a><\/p>\n<hr \/>\n<p>Aluno: F\u00e1bio Luiz Partelli<br \/>\nOrientador: Prof. Henrique Duarte Vieira<br \/>\nData de in\u00edcio: 03\/2003<br \/>\nData de Defesa de Tese: 27\/08\/2004<br \/>\nT\u00edtulo da Tese: <a href=\"https:\/\/uenf.br\/posgraduacao\/producao-vegetal\/wp-content\/uploads\/sites\/10\/2018\/01\/F%C3%A1bio-Luiz.pdf\">Estabelecimento de normas DRIS e diagn\u00f3stico nutricional do cafeeiro conilon org\u00e2nico e convencional no Estado do Esp\u00edrito Santo.<\/a><\/p>\n<hr \/>\n<p>Aluno: Patr\u00edcia Anjos Bittencourt Barreto<br \/>\nOrientador: Profa. Emanuela Forestieri da Gama-Rodrigues<br \/>\nData de in\u00edcio: 02\/2002<br \/>\nData de Defesa de Tese: 27\/09\/2004<br \/>\nT\u00edtulo da Tese: Biomassa microbiana e mineraliza\u00e7\u00e3o de C e N em solos sob povoamento de eucalipto de diferentes idades.<\/p>\n<hr \/>\n<p>Aluno: \u00c9rika Campos Alves<br \/>\nOrientador: Prof\u00aa Emanuela Forestieri da Gama-Rodrigues<br \/>\nData de in\u00edcio: 02\/2002<br \/>\nData de Defesa de Tese: 03\/12\/2004<br \/>\nT\u00edtulo da Tese: Distribui\u00e7\u00e3o da biomassa e atividade microbiana em diferentes classes de agregados de solos, sob ecossistemas florestais e pastagem no Norte Fluminense.<\/p>\n","protected":false},"excerpt":{"rendered":"<p>Aluno: Andr\u00e9a Torres Ferreira Orientador: Prof. Jos\u00e9 Oscar Gomes de Lima Data de In\u00edcio: 03\/2001 Data de Defesa de Tese:&#8230;<\/p>\n","protected":false},"author":21,"featured_media":0,"parent":30,"menu_order":10,"comment_status":"closed","ping_status":"open","template":"","meta":{"footnotes":""},"class_list":["post-174","page","type-page","status-publish","hentry"],"_links":{"self":[{"href":"https:\/\/uenf.br\/posgraduacao\/producao-vegetal\/wp-json\/wp\/v2\/pages\/174","targetHints":{"allow":["GET"]}}],"collection":[{"href":"https:\/\/uenf.br\/posgraduacao\/producao-vegetal\/wp-json\/wp\/v2\/pages"}],"about":[{"href":"https:\/\/uenf.br\/posgraduacao\/producao-vegetal\/wp-json\/wp\/v2\/types\/page"}],"author":[{"embeddable":true,"href":"https:\/\/uenf.br\/posgraduacao\/producao-vegetal\/wp-json\/wp\/v2\/users\/21"}],"replies":[{"embeddable":true,"href":"https:\/\/uenf.br\/posgraduacao\/producao-vegetal\/wp-json\/wp\/v2\/comments?post=174"}],"version-history":[{"count":0,"href":"https:\/\/uenf.br\/posgraduacao\/producao-vegetal\/wp-json\/wp\/v2\/pages\/174\/revisions"}],"up":[{"embeddable":true,"href":"https:\/\/uenf.br\/posgraduacao\/producao-vegetal\/wp-json\/wp\/v2\/pages\/30"}],"wp:attachment":[{"href":"https:\/\/uenf.br\/posgraduacao\/producao-vegetal\/wp-json\/wp\/v2\/media?parent=174"}],"curies":[{"name":"wp","href":"https:\/\/api.w.org\/{rel}","templated":true}]}}