{"id":177,"date":"2014-01-27T18:07:43","date_gmt":"2014-01-27T18:07:43","guid":{"rendered":"http:\/\/uenf.br\/pos-graduacao\/producao-vegetal\/?page_id=177"},"modified":"2018-01-11T15:24:57","modified_gmt":"2018-01-11T17:24:57","slug":"mestrado-conclusao-em-2003","status":"publish","type":"page","link":"https:\/\/uenf.br\/posgraduacao\/producao-vegetal\/teses-e-dissertacoes-concluidas\/mestrado\/mestrado-conclusao-em-2003\/","title":{"rendered":"Mestrado &#8211; conclus\u00e3o em 2003"},"content":{"rendered":"<p>Aluno: Victor Rodrigues Ferreira<br \/>\nOrientador: Prof. Niraldo Jos\u00e9 Ponciano<br \/>\nData de In\u00edcio: 03\/2001<br \/>\nData de Defesa de Tese: 17\/01\/2003<br \/>\nT\u00edtulo da Tese: <a href=\"https:\/\/uenf.br\/posgraduacao\/producao-vegetal\/wp-content\/uploads\/sites\/10\/2018\/01\/Victor-Ferreira.pdf\">An\u00e1lise de otimiza\u00e7\u00e3o e de viabilidade econ\u00f4mica da fruticultura como alternativa para a produ\u00e7\u00e3o familiar nos munic\u00edpios de Campos dos Goytacazes e S\u00e3o Francisco do Itabapoana &#8211; RJ.<\/a><\/p>\n<hr \/>\n<p>&nbsp;<\/p>\n<p>Aluno: H\u00e9ber Cruz Lima<br \/>\nOrientador: Prof. Eliemar Campostrini<br \/>\nData de In\u00edcio: 08\/2000<br \/>\nData de Defesa de Tese: 04\/02\/2003<br \/>\nT\u00edtulo da Tese: Rela\u00e7\u00f5es entre o estado nutricional, as vari\u00e1veis do clima e a incid\u00eancia da mancha fisiol\u00f3gica do mam\u00e3o (Carica papaya L.) no Norte Fluminense.<\/p>\n<hr \/>\n<p>&nbsp;<\/p>\n<p>Aluno: Juares Ogliari<br \/>\nOrientador: Prof. Silv\u00e9rio de Paiva Freitas<br \/>\nData de In\u00edcio: 03\/2001<br \/>\nData de Defesa de Tese: 10\/02\/2003<br \/>\nT\u00edtulo da Tese: Manejo de plantas daninhas, aduba\u00e7\u00e3o qu\u00edmica e org\u00e2nica no maracujazeiro amarelo irrigado na regi\u00e3o do estado do Rio de Janeiro.<\/p>\n<hr \/>\n<p>&nbsp;<\/p>\n<p>Aluno: Jana\u00edna Iara Silva<br \/>\nOrientador: Prof. Henrique Duarte Vieira<br \/>\nData de In\u00edcio: 03\/2001<br \/>\nData de Defesa de Tese: 20\/02\/2003<br \/>\nT\u00edtulo da Tese: Produ\u00e7\u00e3o de mudas de caf\u00e9 (<em>Coffea canephora<\/em>) em diferentes recipientes e substratos.<\/p>\n<hr \/>\n<p>&nbsp;<\/p>\n<p>Aluno: Marta Simone Mendon\u00e7a Freitas<br \/>\nOrientador: Prof. Marco Ant\u00f4nio Martins<br \/>\nData de In\u00edcio: 03\/2001<br \/>\nData de Defesa de Tese: 20\/02\/2003<br \/>\nT\u00edtulo da Tese: Bioprodu\u00e7\u00e3o de \u00f3leos essenciais em <em>Mentha arvensis<\/em> L. em resposta \u00e0 inocula\u00e7\u00e3o com fungos micorr\u00edzicos arbusculares.<\/p>\n<hr \/>\n<p>&nbsp;<\/p>\n<p>Aluno: Tatiana Lima do Amaral<br \/>\nOrientador: Prof. Janie Jasmim Corabi Adell<br \/>\nData de In\u00edcio: 03\/2001<br \/>\nData de Defesa de Tese: 24\/02\/2003<br \/>\nT\u00edtulo da Tese: Utiliza\u00e7\u00e3o de benzilaminopurina (BAP) e de diferentes n\u00edveis de nitrog\u00eanio em Quesnelia quesneliana Brongniart cultivada em mesocarpo de coco triturado.<\/p>\n<hr \/>\n<p>&nbsp;<\/p>\n<p>Aluno: Luiz Augusto Lopes Serrano<br \/>\nOrientador: Profa Cl\u00e1udia Sales Marinho<br \/>\nData de In\u00edcio: 03\/2001<br \/>\nData de Defesa de Tese: 25\/02\/2003<br \/>\nT\u00edtulo da Tese: Sistemas de produ\u00e7\u00e3o e doses de adubo de libera\u00e7\u00e3o lenta na forma\u00e7\u00e3o de porta-enxerto<\/p>\n<hr \/>\n<p>&nbsp;<\/p>\n<p>Aluno: Tatiana de Felice Elias<br \/>\nOrientador: Prof. Ricardo Enrique Bressan-Smith<br \/>\nData de In\u00edcio: 03\/2001<br \/>\nData de Defesa de Tese: 26\/02\/2003<br \/>\nT\u00edtulo da Tese: Modula\u00e7\u00e3o das bombas de pr\u00f3tons do tonoplasto e da Plasmalema em hipoc\u00f3tilos de Vigna unguiculata (L.) Walp pela luz.<\/p>\n<hr \/>\n<p>&nbsp;<\/p>\n<p>Aluno: Gabriela Neves Martins<br \/>\nOrientador: Prof. Roberto Ferreira da Silva<br \/>\nData de In\u00edcio: 03\/2001<br \/>\nData de Defesa de Tese: 26\/02\/2003<br \/>\nT\u00edtulo da Tese: Influ\u00eancia da sele\u00e7\u00e3o do fruto, do peso espec\u00edfico da semente e do armazenamento na qualidade fisiol\u00f3gica das sementes de mam\u00e3o (Carica papaya L.).<\/p>\n<hr \/>\n<p>&nbsp;<\/p>\n<p>Aluno: Marlon Peres da Silva<br \/>\nOrientador: Prof. Ant\u00f4nio Teixeira do Amaral J\u00fanior<br \/>\nData de In\u00edcio: 03\/2001<br \/>\nData de Defesa de Tese: 26\/02\/2003<br \/>\nT\u00edtulo da Tese: Identifica\u00e7\u00e3o de progenitores superiores e heran\u00e7a de caracter\u00edsticas morfoagron\u00f4micas em feij\u00e3o-de-vagem (Phaseolus vulgaris L.).<\/p>\n<hr \/>\n<p>&nbsp;<\/p>\n<p>Aluno: Tatiana Barroso Chiquieri<br \/>\nOrientador: Prof. Ricardo Enrique Bressan-Smith<br \/>\nData de In\u00edcio: 03\/2001<br \/>\nData de Defesa de Tese: 27\/02\/2003<br \/>\nT\u00edtulo da Tese: Trocas gasosas, efici\u00eancia fotoqu\u00edmica e status h\u00eddrico em tr\u00eas esp\u00e9cies de Capsicum submetidas ao estresse h\u00eddrico moderado.<\/p>\n<hr \/>\n<p>&nbsp;<\/p>\n<p>Aluno: Gleicia Miranda Paulino<br \/>\nOrientador: Prof. Ant\u00f4nio Carlos da Gama-Rodrigues<br \/>\nData de In\u00edcio: 03\/2001<br \/>\nData de Defesa de Tese: 27\/02\/2003<br \/>\nT\u00edtulo da Tese: Cobertura florestal e qualidade de solo em terras degradadas no Norte Fluminense.<\/p>\n<p>&nbsp;<\/p>\n<hr \/>\n<p>Aluno: Marilaine Campanati Ara\u00fajo<br \/>\nOrientador: Prof. Elias Fernandes de Sousa<br \/>\nData de In\u00edcio: 03\/2001<br \/>\nData de Defesa de Tese: 06\/03\/2003<br \/>\nT\u00edtulo da Tese: Demanda h\u00eddrica e distribui\u00e7\u00e3o do sistema radicular da cultura do coqueiro-an\u00e3o (<em>Cocos nucifera<\/em> L.) na Regi\u00e3o Norte-Fluminense.<\/p>\n<hr \/>\n<p>Aluno: Marcelo Gabetto e Silva<br \/>\nOrientador: Prof. Salassier Bernardo<br \/>\nData de In\u00edcio: 03\/2001<br \/>\nData de Defesa de Tese: 14\/03\/2003<br \/>\nT\u00edtulo da Tese: Densidade de fluxo de seiva e rela\u00e7\u00f5es h\u00eddricas do caf\u00e9 (<em>Coffea arabica<\/em> L.) para a regi\u00e3o de Varre-Sai, RJ<\/p>\n<hr \/>\n<p>Aluno: Cl\u00e1udia Pombo Sudr\u00e9<br \/>\nOrientador: Prof\u00aa Rosana Rodrigues<br \/>\nData de In\u00edcio: 03\/2001<br \/>\nData de Defesa de Tese: 14\/03\/2003<br \/>\nT\u00edtulo da Tese: <a href=\"https:\/\/uenf.br\/posgraduacao\/producao-vegetal\/wp-content\/uploads\/sites\/10\/2018\/01\/Cl%C3%A1udia-Sudr%C3%A9.pdf\">Diverg\u00eancia gen\u00e9tica e avalia\u00e7\u00e3o da resist\u00eancia \u00e0 mancha bacteriana em <em>Capsicum<\/em> spp.<\/a><\/p>\n<hr \/>\n<p>Aluno: Stef\u00e2nia Palma Ara\u00fajo<br \/>\nOrientador: Prof\u00aa Emanuela Forestieri da Gama-Rodrigues<br \/>\nData de In\u00edcio: 03\/2001<br \/>\nData de Defesa de Tese: 25\/03\/2003<br \/>\nT\u00edtulo da Tese: Atributos biol\u00f3gicos do solo sob diferentes coberturas vegetais em uma topossequ\u00eancia no Noroeste Fluminense-RJ.<\/p>\n<hr \/>\n<p>Aluno: Elio Cruz de Brito<br \/>\nOrientador: Prof\u00aa Emanuela Forestieri da Gama-Rodrigues<br \/>\nData de In\u00edcio: 03\/2001<br \/>\nData de Defesa de Tese: 27\/03\/2003<br \/>\nT\u00edtulo da Tese: Aduba\u00e7\u00e3o verde e suas influ\u00eancias em alguns atributos microbiol\u00f3gicos e qu\u00edmicos de um argissolo vermelho-amarelo sob cultivo de maracuj\u00e1.<\/p>\n<hr \/>\n<p>Aluno: Geni Santiago Louzada<br \/>\nOrientador: Prof\u00aa Ana Maria Matoso Viana-Bailez<br \/>\nData de In\u00edcio: 03\/2001<br \/>\nData de Defesa de Tese: 31\/03\/2003<br \/>\nT\u00edtulo da Tese: Semioqu\u00edmicos envolvidos na intera\u00e7\u00e3o broca-do-pend\u00faculo-floral do coqueiro Homalinotus coriaceus Gyllenhal, 1836 (Coleoptera: Curculionidae) e o coqueiro Cocos nucifera Linnaeus (Palmales: Palmae).<\/p>\n<hr \/>\n<p>Aluno: Regiane Ramos Valad\u00e3o Toledo<br \/>\nOrientador: Prof\u00aa Janie Jasmim Corabi Adell<br \/>\nData de In\u00edcio: 03\/2001<br \/>\nData de Defesa de Tese: 31\/03\/2003<br \/>\nT\u00edtulo da Tese: Cultivo de <em>Cryptanthus sinuosus<\/em> em mesocarpo de coco triturado sob diferentes n\u00edveis de aduba\u00e7\u00e3o e ambientes.<\/p>\n<hr \/>\n<p>Aluno: Talita Pereira<br \/>\nOrientador: Prof\u00aa Alcilene Rodrigues Monteiro Fritz<br \/>\nData de In\u00edcio: 03\/2001<br \/>\nData de Defesa de Tese: 04\/04\/2003<br \/>\nT\u00edtulo da Tese: Avalia\u00e7\u00e3o das caracter\u00edsticas f\u00edsicas e qu\u00edmicas de goiabas (<em>Psidium guajava<\/em> L.) cv. cortibel, de polpa branca, sob diferentes condi\u00e7\u00f5es de armazenamento.<\/p>\n<hr \/>\n<p>Aluno: Fabr\u00edcio de Oliveira Reis<br \/>\nOrientador: Prof. Eliemar Campostrini<br \/>\nData de In\u00edcio: 03\/2001<br \/>\nData de Defesa de Tese: 08\/04\/2003<br \/>\nT\u00edtulo da Tese: Trocas gasosas, efici\u00eancia fotoqu\u00edmica e fluxo de seiva xilem\u00e1tica em mamoeiro do grupo \u2018 formosa\u2019 cultivado em condi\u00e7\u00e3o de campo na regi\u00e3o Norte Fluminense.<\/p>\n<hr \/>\n<p>Aluno: Vanderlan de Oliveira Paul\u00facio<br \/>\nOrientador: Prof. Antonio Carlos da Gama-Rodrigues<br \/>\nData de In\u00edcio: 03\/2001<br \/>\nData de Defesa de Tese: 11\/04\/2003<br \/>\nT\u00edtulo da Tese: Caracteriza\u00e7\u00e3o de solos de uma topossequ\u00eancia sob as coberturas de vegeta\u00e7\u00e3o espont\u00e2nea, pupunha (<em>Bactris gasipaes<\/em>) e pastagem (<em>Brachiaria bryzantha<\/em>).<\/p>\n<hr \/>\n<p>Aluno: Fl\u00e1vio Diniz Soares<br \/>\nOrientador: Profa Alcilene Rodrigues Monteiro Fritz<br \/>\nData de In\u00edcio: 03\/2001<br \/>\nData de Defesa de Tese: 04\/04\/2003<br \/>\nT\u00edtulo da Tese: Avalia\u00e7\u00e3o dos componentes vol\u00e1teis de frutos da goiabeira cv. Cortibel de polpa branca em diferentes condi\u00e7\u00f5es de armazenamento.<\/p>\n<hr \/>\n<p>Aluno: Sidy Mactar Ndaw<br \/>\nOrientador: Profa Emanuela Forestieri da Gama-Rodrigues<br \/>\nData de In\u00edcio: 03\/2001<br \/>\nData de Defesa de Tese: 25\/04\/2003<br \/>\nT\u00edtulo da Tese: Diversidade, biomassa e atividade microbiana como indicadores da qualidade de solo e da serapilheira em s\u00edtios sob diferentes coberturas vegetais na regi\u00e3o Norte Fluminense.<\/p>\n<hr \/>\n<p>Aluno: Robson Ferreira de Almeida<br \/>\nOrientador: Profa Meire L\u00e9lis Leal Martins<br \/>\nData de In\u00edcio: 03\/2001<br \/>\nData de Defesa de Tese: 09\/05\/2003<br \/>\nT\u00edtulo da Tese: Avalia\u00e7\u00e3o do efeito do dist\u00farbio fisiol\u00f3gico pelo frio \u201cChilling\u201d sobre as propriedades f\u00edsicas e qu\u00edmicas dos frutos de mamoeiro (<em>Carica papaya<\/em> L.).<\/p>\n<hr \/>\n<p>Aluno: Herval Martinho Ferreira Paes<br \/>\nOrientador: Prof. Elias Fernandes de Sousa<br \/>\nData de In\u00edcio: 03\/2001<br \/>\nData de Defesa de Tese: 13\/06\/2003<br \/>\nT\u00edtulo da Tese: Demanda h\u00eddrica e fun\u00e7\u00e3o de produ\u00e7\u00e3o da cultura do quiabeiro (<em>Abelmoschus esculentus<\/em> (L.) Moench) em Campos dos Goytacazes-RJ.<\/p>\n<hr \/>\n<p>Aluno: Luciana Konda de Azevedo Pinto<br \/>\nOrientador: Profa Meire L\u00e9lis Leal Martins<br \/>\nData de In\u00edcio: 03\/2001<br \/>\nData de Defesa de Tese: 25\/06\/2003<br \/>\nT\u00edtulo da Tese: Efeito de diferentes filmes pl\u00e1sticos na conserva\u00e7\u00e3o de mam\u00e3o (<em>Carica papaya<\/em>) sob refrigera\u00e7\u00e3o.<\/p>\n<hr \/>\n<p>Aluno: Dimmy Herllen Silveira Gomes Barbosa<br \/>\nOrientador: Prof. Henrique Duarte Vieira<br \/>\nData de In\u00edcio: 08\/2001<br \/>\nData de Defesa de Tese: 25\/07\/2003<br \/>\nT\u00edtulo da Tese: <a href=\"https:\/\/uenf.br\/posgraduacao\/producao-vegetal\/wp-content\/uploads\/sites\/10\/2018\/01\/Dimmy.pdf\">Levantamento dos nemat\u00f3ides de galha (<em>Meloidogyne <\/em>sp.) em \u00e1reas cafeeiras fluminenses e estimativa dos seus danos \u00e0 produtividade regional.<\/a><\/p>\n<hr \/>\n<p>Aluno: Marcos Pellegrini Coutinho<br \/>\nOrientador: Prof. Jos\u00e9 Geraldo de Ara\u00fajo Carneiro<br \/>\nData de In\u00edcio: 08\/2001<br \/>\nData de Defesa de Tese: 13\/08\/2003<br \/>\nT\u00edtulo da Tese: Crescimento de <em>Sesbania virgata<\/em> em substrato de cava de extra\u00e7\u00e3o de argila, com diferentes aduba\u00e7\u00f5es.<\/p>\n<hr \/>\n<p>Aluno: Inorbert de Melo Lima<br \/>\nOrientador: Prof. Ricardo Moreira de Souza<br \/>\nData de In\u00edcio: 08\/2001<br \/>\nData de Defesa de Tese: 11\/09\/2003<br \/>\nT\u00edtulo da Tese: Levantamento de <em>Meloidogyne<\/em> sp (Nematoda) em remanescentes de Mata Atl\u00e2ntica e restinga do estado do Rio de Janeiro.<\/p>\n<hr \/>\n<p>Aluno: Teresa Aparecida Soares de Freitas<br \/>\nOrientador: Prof\u00aa Deborah Guerra Barroso<br \/>\nData de In\u00edcio: 08\/2001<br \/>\nData de Defesa de Tese: 12\/09\/2003<br \/>\nT\u00edtulo da Tese: Desenvolvimento do sistema de blocos prensados para a produ\u00e7\u00e3o de mudas clonais de eucalipto.<\/p>\n<hr \/>\n<p>Aluno: Hugo Rafael Fonseca Silva<br \/>\nOrientador: Prof\u00aa Meire L\u00e9lis Leal Martins<br \/>\nData de In\u00edcio: 08\/2001<br \/>\nData de Defesa de Tese: 26\/11\/2003<br \/>\nT\u00edtulo da Tese: <a href=\"https:\/\/uenf.br\/posgraduacao\/producao-vegetal\/wp-content\/uploads\/sites\/10\/2018\/01\/Hugo-Rafael.pdf\">Influ\u00eancia da temperatura e da incid\u00eancia do sol sobre a atividade de algumas enzimas durante a estocagem refrigerada do mam\u00e3o.<\/a><\/p>\n","protected":false},"excerpt":{"rendered":"<p>Aluno: Victor Rodrigues Ferreira Orientador: Prof. Niraldo Jos\u00e9 Ponciano Data de In\u00edcio: 03\/2001 Data de Defesa de Tese: 17\/01\/2003 T\u00edtulo&#8230;<\/p>\n","protected":false},"author":21,"featured_media":0,"parent":30,"menu_order":11,"comment_status":"closed","ping_status":"open","template":"","meta":{"footnotes":""},"class_list":["post-177","page","type-page","status-publish","hentry"],"_links":{"self":[{"href":"https:\/\/uenf.br\/posgraduacao\/producao-vegetal\/wp-json\/wp\/v2\/pages\/177","targetHints":{"allow":["GET"]}}],"collection":[{"href":"https:\/\/uenf.br\/posgraduacao\/producao-vegetal\/wp-json\/wp\/v2\/pages"}],"about":[{"href":"https:\/\/uenf.br\/posgraduacao\/producao-vegetal\/wp-json\/wp\/v2\/types\/page"}],"author":[{"embeddable":true,"href":"https:\/\/uenf.br\/posgraduacao\/producao-vegetal\/wp-json\/wp\/v2\/users\/21"}],"replies":[{"embeddable":true,"href":"https:\/\/uenf.br\/posgraduacao\/producao-vegetal\/wp-json\/wp\/v2\/comments?post=177"}],"version-history":[{"count":0,"href":"https:\/\/uenf.br\/posgraduacao\/producao-vegetal\/wp-json\/wp\/v2\/pages\/177\/revisions"}],"up":[{"embeddable":true,"href":"https:\/\/uenf.br\/posgraduacao\/producao-vegetal\/wp-json\/wp\/v2\/pages\/30"}],"wp:attachment":[{"href":"https:\/\/uenf.br\/posgraduacao\/producao-vegetal\/wp-json\/wp\/v2\/media?parent=177"}],"curies":[{"name":"wp","href":"https:\/\/api.w.org\/{rel}","templated":true}]}}