{"id":288,"date":"2014-01-29T18:18:19","date_gmt":"2014-01-29T18:18:19","guid":{"rendered":"http:\/\/uenf.br\/pos-graduacao\/producao-vegetal\/?page_id=288"},"modified":"2024-06-27T10:48:47","modified_gmt":"2024-06-27T13:48:47","slug":"revisores-de-portugues","status":"publish","type":"page","link":"https:\/\/uenf.br\/posgraduacao\/producao-vegetal\/defesa-de-dissertacaotese\/revisores-de-portugues\/","title":{"rendered":"Revisores de portugu\u00eas"},"content":{"rendered":"<p style=\"text-align: center;padding-left: 40px\"><span style=\"color: #0000ff\"><b>Revisores de L\u00edngua Portuguesa credenciadas no Programa <\/b><\/span><\/p>\n<p style=\"text-align: center;padding-left: 40px\"><span style=\"color: #0000ff\"><b>de P\u00f3s-Gradua\u00e7\u00e3o em Produ\u00e7\u00e3o Vegetal da UENF<\/b><\/span><\/p>\n<div>\n<div>\n<div><strong>Andr\u00e9a Machado da Silva<\/strong><\/div>\n<div>Licenciatura em Letras &#8211; Portugu\u00eas\/Ingl\u00eas &#8211; UNIFLU (1997)<\/div>\n<div>E-mail: <a href=\"mailto:andreafilhadoceu@hotmail.com\">andreafilhadoceu@gmail.com<\/a><\/div>\n<div><\/div>\n<\/div>\n<div>\n<hr \/>\n<\/div>\n<div><strong>Cristiana Barcelos da Silva\u00a0<\/strong><\/div>\n<\/div>\n<div>\n<div>Licenciatura em Pedagogia &#8211; UENF (2008)<\/div>\n<div>Licenciatura em Portugu\u00eas &#8211; Centro Universit\u00e1rio Claretiano (2017)<\/div>\n<div>Mestre em Cogni\u00e7\u00e3o e Linguagem<span class=\"ajaxCAPES\" data-param=\"&amp;codigoCurso=31033016002P9&amp;nivelCurso=M\">\u00a0&#8211; UENF (2015)<\/span><\/div>\n<div>Doutora em Cogni\u00e7\u00e3o e Linguagem &#8211; UENF (2019)<\/div>\n<\/div>\n<div>E-mail:\u00a0<a href=\"mailto:cristianabarcelos@gmail.com\" target=\"_blank\" rel=\"noopener noreferrer\">cristianabarcelos@gmail.com<\/a><\/div>\n<div>Lattes: <a href=\"http:\/\/lattes.cnpq.br\/5752635307645992\" target=\"_blank\" rel=\"noopener noreferrer\">http:\/\/lattes.cnpq.br\/5752635307645992<\/a><\/div>\n<div>\n<hr \/>\n<\/div>\n<div>\n<div><strong>Dulce Helena Pontes Ribeiro<\/strong><\/div>\n<div>\n<div>Licenciatura em Letras &#8211; FAFITA (1974)<\/div>\n<div>Mestre em Educa\u00e7\u00e3o<span class=\"ajaxCAPES\" data-param=\"&amp;codigoCurso=31033016002P9&amp;nivelCurso=M\"> &#8211; UCP (2000)<\/span><\/div>\n<div>Doutora em Letras &#8211; L\u00edngua Portuguesa &#8211; UERJ (2009)<\/div>\n<\/div>\n<div>E-mail:\u00a0<a href=\"mailto:dulcepontes@gmail.com\" target=\"_blank\" rel=\"noopener noreferrer\">dulcepontes@gmail.com<\/a><\/div>\n<div>Lattes: <a href=\"http:\/\/lattes.cnpq.br\/5320903008336170\" target=\"_blank\" rel=\"noopener noreferrer\">http:\/\/lattes.cnpq.br\/5320903008336170<\/a><\/div>\n<\/div>\n<div>\n<hr \/>\n<\/div>\n<div><strong>Jaqueline Maria de Almeida<\/strong><\/div>\n<div>\n<div>Licenciatura em Letras &#8211; Portugu\u00eas &#8211; UFV (2010)<\/div>\n<div>\n<div>Mestre em Cogni\u00e7\u00e3o e Linguagem<span class=\"ajaxCAPES\" data-param=\"&amp;codigoCurso=31033016002P9&amp;nivelCurso=M\"> &#8211; UENF (2014)<\/span><\/div>\n<div>Doutora em Cogni\u00e7\u00e3o e Linguagem &#8211; UENF (2017)<\/div>\n<\/div>\n<div>E-mail: <a href=\"mailto:jaquelinemalmeida@yahoo.com.br\" target=\"_blank\" rel=\"noopener noreferrer\">jaquelinemalmeida@yahoo.com.br<\/a><\/div>\n<\/div>\n<div>Lattes: <a href=\"http:\/\/lattes.cnpq.br\/1971913582907475\" target=\"_blank\" rel=\"noopener noreferrer\">http:\/\/lattes.cnpq.br\/1971913582907475<\/a><\/div>\n<div>\n<hr \/>\n<\/div>\n<div>\n<div>\n<div>\n<div><strong>Janete Araci do Esp\u00edrito Santo<\/strong><\/div>\n<div>\n<div>Licenciatura em Letras &#8211; FAFISM (1983)<\/div>\n<div>\n<div>Mestre em Cogni\u00e7\u00e3o e Linguagem<span class=\"ajaxCAPES\" data-param=\"&amp;codigoCurso=31033016002P9&amp;nivelCurso=M\"> &#8211; UENF (2013)<\/span><\/div>\n<div>Doutoranda em Cogni\u00e7\u00e3o e Linguagem &#8211; UENF (2015)<\/div>\n<\/div>\n<\/div>\n<div>E-mail:\u00a0<a href=\"mailto:dulcepontes@gmail.com\" target=\"_blank\" rel=\"noopener noreferrer\">janeteesanto@hotmail.com<\/a><\/div>\n<div>Lattes: <a href=\"http:\/\/lattes.cnpq.br\/0464614666382994\" target=\"_blank\" rel=\"noopener noreferrer\">http:\/\/lattes.cnpq.br\/0464614666382994<\/a><\/div>\n<\/div>\n<\/div>\n<div>\n<hr \/>\n<\/div>\n<div><strong>Lilia Marques Gravina<\/strong><\/div>\n<div>Licenciatura em Letras &#8211; Portugu\u00eas\/Ingl\u00eas &#8211; UFV (2003)<\/div>\n<div>Licenciatura em Biologia &#8211; UENF (2012)<\/div>\n<div>Mestre em Bioci\u00eancias e Biotecnologia<span class=\"ajaxCAPES\" data-param=\"&amp;codigoCurso=31033016002P9&amp;nivelCurso=M\"> &#8211; UENF (2015)<\/span><\/div>\n<div>Doutora em Produ\u00e7\u00e3o Vegetal &#8211; UENF (2019)<\/div>\n<div>E-mail: <a href=\"mailto:liliagravina@yahoo.com.br\">liliagravina@yahoo.com.br<\/a><\/div>\n<div>Lattes: <a href=\"http:\/\/lattes.cnpq.br\/2892012096206188\">http:\/\/lattes.cnpq.br\/2892012096206188<\/a><\/div>\n<\/div>\n<div><\/div>\n<div>\n<div>\n<hr \/>\n<p><strong>Maria Marta Garcia de Assis Rangel<\/strong><\/p>\n<\/div>\n<div>Licenciatura em Letras &#8211; UNIFLU (1995)<\/div>\n<div>Gradua\u00e7\u00e3o em Diploma de Espanhol &#8211; Instituto Cervantes (2007)<\/div>\n<div>Especializa\u00e7\u00e3o em Tradu\u00e7\u00e3o &#8211; UNESA (2018)<\/div>\n<div>E-mail: <a href=\"mailto:maria.marta.garcia@hotmail.com\">maria.marta.garcia@hotmail.com<\/a><\/div>\n<div>Lattes: <a href=\"http:\/\/lattes.cnpq.br\/3920196118746209\" target=\"_blank\" rel=\"noopener noreferrer\">http:\/\/lattes.cnpq.br\/3920196118746209<\/a><\/div>\n<\/div>\n<div>\n<div><\/div>\n<\/div>\n<hr \/>\n<div><strong>Simone Rodrigues Barreto<\/strong><\/div>\n<div>Bacharel em Comunica\u00e7\u00e3o Social &#8211; UNIFLU (2006)<\/div>\n<div>Licenciatura em Letras &#8211; FIG (2016)<\/div>\n<div>Mestre em Cogni\u00e7\u00e3o e Linguagem &#8211; UENF (2016)<\/div>\n<div>Doutoranda em Politicas Sociais &#8211; UENF (2018)<\/div>\n<div>E-mail: <a href=\"mailto:sibarreto@gmail.com\">sibarreto@gmail.com<\/a><\/div>\n<div>Lattes: <a href=\"http:\/\/lattes.cnpq.br\/9889305503982283\">http:\/\/lattes.cnpq.br\/9889305503982283<\/a><\/div>\n<hr \/>\n<p>&nbsp;<\/p>\n<p><strong>Viviane Rodrigues<\/strong><br \/>\nE-mail: <a href=\"mailto:viveca_rodrigues@yahoo.com.br\">viveca_rodrigues@yahoo.com.br<\/a><\/p>\n<hr \/>\n<p>Os P\u00f3s-graduandos dever\u00e3o contatar as revisoras credenciadas para estabelecerem valores e tempo para a realiza\u00e7\u00e3o do trabalho e quem est\u00e1 dispon\u00edvel para realizar. \u00c9 de responsabilidade das revisoras a corre\u00e7\u00e3o e a fiscaliza\u00e7\u00e3o pelo atendimento das corre\u00e7\u00f5es, emitindo documento final atestando a qualidade do texto referente a l\u00edngua portuguesa e\/ou inglesa, quando for o caso. o P\u00f3s-graduando dever\u00e1 corrigir o que for solicitado e devolver \u00e0 revisora para \u00faltima an\u00e1lise. Ap\u00f3s essa \u00faltima an\u00e1lise e mediante o pagamento, a corretora emitir\u00e1 a declara\u00e7\u00e3o que o trabalho foi corrigido.<\/p>\n","protected":false},"excerpt":{"rendered":"<p>Revisores de L\u00edngua Portuguesa credenciadas no Programa de P\u00f3s-Gradua\u00e7\u00e3o em Produ\u00e7\u00e3o Vegetal da UENF Andr\u00e9a Machado da Silva Licenciatura em&#8230;<\/p>\n","protected":false},"author":21,"featured_media":0,"parent":273,"menu_order":1,"comment_status":"closed","ping_status":"open","template":"","meta":{"footnotes":""},"class_list":["post-288","page","type-page","status-publish","hentry"],"_links":{"self":[{"href":"https:\/\/uenf.br\/posgraduacao\/producao-vegetal\/wp-json\/wp\/v2\/pages\/288","targetHints":{"allow":["GET"]}}],"collection":[{"href":"https:\/\/uenf.br\/posgraduacao\/producao-vegetal\/wp-json\/wp\/v2\/pages"}],"about":[{"href":"https:\/\/uenf.br\/posgraduacao\/producao-vegetal\/wp-json\/wp\/v2\/types\/page"}],"author":[{"embeddable":true,"href":"https:\/\/uenf.br\/posgraduacao\/producao-vegetal\/wp-json\/wp\/v2\/users\/21"}],"replies":[{"embeddable":true,"href":"https:\/\/uenf.br\/posgraduacao\/producao-vegetal\/wp-json\/wp\/v2\/comments?post=288"}],"version-history":[{"count":0,"href":"https:\/\/uenf.br\/posgraduacao\/producao-vegetal\/wp-json\/wp\/v2\/pages\/288\/revisions"}],"up":[{"embeddable":true,"href":"https:\/\/uenf.br\/posgraduacao\/producao-vegetal\/wp-json\/wp\/v2\/pages\/273"}],"wp:attachment":[{"href":"https:\/\/uenf.br\/posgraduacao\/producao-vegetal\/wp-json\/wp\/v2\/media?parent=288"}],"curies":[{"name":"wp","href":"https:\/\/api.w.org\/{rel}","templated":true}]}}