{"id":37,"date":"2013-12-17T17:46:36","date_gmt":"2013-12-17T17:46:36","guid":{"rendered":"http:\/\/uenf.br\/pos-graduacao\/producao-vegetal\/?page_id=37"},"modified":"2017-10-23T11:28:13","modified_gmt":"2017-10-23T13:28:13","slug":"mestrado-conclusao-em-2012","status":"publish","type":"page","link":"https:\/\/uenf.br\/posgraduacao\/producao-vegetal\/teses-e-dissertacoes-concluidas\/mestrado\/mestrado-conclusao-em-2012\/","title":{"rendered":"Mestrado &#8211; conclus\u00e3o em 2012"},"content":{"rendered":"<hr \/>\n<p>&nbsp;<\/p>\n<p>Aluno: Simone Vilela Talma<br \/>\nOrientador: Prof\u00aa Selma Bergara Almeida<br \/>\nData de In\u00edcio: 03\/2010<br \/>\nData de Defesa de Tese: 14\/02\/2012<br \/>\nT\u00edtulo da Tese: <a title=\"Disserta\u00e7\u00f5es 2012 - Conclu\u00eddas\" href=\"https:\/\/uenf.br\/posgraduacao\/producao-vegetal\/wp-content\/uploads\/sites\/10\/2014\/08\/Simone.pdf\">Avalia\u00e7\u00e3o da qualidade de ra\u00edzes de mandioca (<em>Manihot esculenta<\/em> Crantz) de diferentes variedades de interesse para as regi\u00f5es Norte e Noroeste Fluminenses.<\/a><\/p>\n<p>&nbsp;<\/p>\n<hr \/>\n<p>&nbsp;<\/p>\n<p>&nbsp;<\/p>\n<p>Aluno: Ediane Sfalsim Caron<br \/>\nOrientador: Prof. Silvaldo Felipe da Silveira<br \/>\nData de In\u00edcio: 03\/2009<br \/>\nData de Defesa de Tese: 17\/02\/2012<br \/>\nT\u00edtulo da Tese: <a title=\"Disserta\u00e7\u00f5es 2012 - Conclu\u00eddas\" href=\"https:\/\/uenf.br\/posgraduacao\/producao-vegetal\/wp-content\/uploads\/sites\/10\/2014\/08\/Ediane.pdf\">Efici\u00eancia de fungicidas via aplica\u00e7\u00e3o axilar no controle da queima-das-folhas em coqueiro-an\u00e3o verde.<\/a><\/p>\n<p>&nbsp;<\/p>\n<hr \/>\n<p>&nbsp;<\/p>\n<p>&nbsp;<\/p>\n<p>Aluno: Raquel Cabral Viana da Cunha<br \/>\nOrientador: Prof. Rog\u00e9rio Figueiredo Daher<br \/>\nData de In\u00edcio: 03\/2009<br \/>\nData de Defesa de Tese: 29\/02\/2012<br \/>\nT\u00edtulo da Tese: <a title=\"Disserta\u00e7\u00f5es 2012 - Conclu\u00eddas\" href=\"https:\/\/uenf.br\/posgraduacao\/producao-vegetal\/wp-content\/uploads\/sites\/10\/2014\/08\/Raquel1.pdf\">An\u00e1lise de estabilidade da produ\u00e7\u00e3o forrageira de gen\u00f3tipos de capim-elefante avaliados em Campos dos Goytacazes &#8211; RJ.<\/a><\/p>\n<p>&nbsp;<\/p>\n<hr \/>\n<p>&nbsp;<\/p>\n<p>Aluno: Ruthanna Isabelle de Oliveira<br \/>\nOrientador: Prof. Antonio Carlos da Gama-Rodrigues<br \/>\nData de In\u00edcio: 03\/2010<br \/>\nData de Defesa de Tese: 02\/03\/2012<br \/>\nT\u00edtulo da Tese: <a title=\"Disserta\u00e7\u00f5es 2012 - Conclu\u00eddas\" href=\"https:\/\/uenf.br\/posgraduacao\/producao-vegetal\/wp-content\/uploads\/sites\/10\/2014\/03\/Disseta%C3%A7%C3%A3o-Ruthanna-Oliveira.pdf\">F\u00f3sforo org\u00e2nico em horizontes diagn\u00f3sticos superficiais de diferentes classes de solo brasileiro.<\/a><\/p>\n<p>&nbsp;<\/p>\n<hr \/>\n<p>&nbsp;<\/p>\n<p>&nbsp;<\/p>\n<p>Aluno: Marina Meirelles Paes<br \/>\nOrientador: Prof. Ivo Jos\u00e9 Curcino Vieira<br \/>\nData de In\u00edcio: 03\/2010<br \/>\nData de Defesa de Tese: 02\/03\/2012<br \/>\nT\u00edtulo da Tese: <a title=\"Disserta\u00e7\u00f5es 2012 - Conclu\u00eddas\" href=\"https:\/\/uenf.br\/posgraduacao\/producao-vegetal\/wp-content\/uploads\/sites\/10\/2014\/08\/Marina.pdf\">Constituintes qu\u00edmicos de <em>Picramnia ramiflora<\/em> (Picramniceae).<\/a><\/p>\n<p>&nbsp;<\/p>\n<p>&nbsp;<\/p>\n<hr \/>\n<p>Aluno: Paulo C\u00e9sar dos Santos<br \/>\nOrientador: Prof. Almy Junior cordeiro de Carvalho<br \/>\nData de In\u00edcio: 03\/2010<br \/>\nData de Defesa de Tese: 12\/03\/2012<br \/>\nT\u00edtulo da Tese: <a title=\"Disserta\u00e7\u00f5es 2012 - Conclu\u00eddas\" href=\"https:\/\/uenf.br\/posgraduacao\/producao-vegetal\/wp-content\/uploads\/sites\/10\/2014\/08\/Paulo-Cesar.pdf\">\u00c1cidos h\u00famicos, brassinosteroide e fungos micorr\u00edzicos arbusculares na produ\u00e7\u00e3o de mudas de abacaxizeiro.<\/a><\/p>\n<p>&nbsp;<\/p>\n<hr \/>\n<p>&nbsp;<\/p>\n<p>&nbsp;<\/p>\n<p>Aluno: Priscila Maria Rodrigues<br \/>\nOrientador: Prof\u00aa Meire Lelis Leal Martins<br \/>\nData de In\u00edcio: 03\/2010<br \/>\nData de Defesa de Tese: 13\/03\/2012<br \/>\nT\u00edtulo da Tese: Estabilidade de amilases e proteases produzidas simultaneamente por Bacillus sp SMIA-2 e compatibilidade das enzimas com componentes de formula\u00e7\u00f5es de detergentes.<\/p>\n<p>&nbsp;<\/p>\n<p>&nbsp;<\/p>\n<hr \/>\n<p>Aluno: Cristiane de Jesus Aguiar<br \/>\nOrientador: Prof. Paulo Marcelo de Souza<br \/>\nData de In\u00edcio: 03\/2010<br \/>\nData de Defesa de Tese: 14\/03\/2012<br \/>\nT\u00edtulo da Tese: <a title=\"Disserta\u00e7\u00f5es 2012 - Conclu\u00eddas\" href=\"https:\/\/uenf.br\/posgraduacao\/producao-vegetal\/wp-content\/uploads\/sites\/10\/2014\/08\/Cristiane.pdf\">An\u00e1lise da rela\u00e7\u00e3o entre a expans\u00e3o da cana-de-a\u00e7\u00facar e a produ\u00e7\u00e3o dos demais g\u00eaneros da agropecu\u00e1ria brasileira.<\/a><\/p>\n<p>&nbsp;<\/p>\n<hr \/>\n<p>&nbsp;<\/p>\n<p>&nbsp;<\/p>\n<p>Aluno: Taiane Pires de Freitas<br \/>\nOrientador: Prof\u00aa Deborah Guerra Barroso<br \/>\nData de In\u00edcio: 03\/2010<br \/>\nData de Defesa de Tese: 15\/03\/2012<br \/>\nT\u00edtulo da Tese: <a title=\"Disserta\u00e7\u00f5es 2012 - Conclu\u00eddas\" href=\"https:\/\/uenf.br\/posgraduacao\/producao-vegetal\/wp-content\/uploads\/sites\/10\/2014\/08\/Taiane.pdf\">Propaga\u00e7\u00e3o de ip\u00ea-roxo (<em>Handroanthus heptaphyllus<\/em> Mattos) por miniestaquia.<\/a><\/p>\n<hr \/>\n<p>&nbsp;<\/p>\n<p>Aluno: Jhonnatan Gon\u00e7alves Chagas<br \/>\nOrientador: Prof. Luciano Pasqualoto Canellas<br \/>\nData de In\u00edcio: 03\/2010<br \/>\nData de Defesa de Tese: 15\/03\/2012<br \/>\nT\u00edtulo da Tese: Din\u00e2mica e caracteriza\u00e7\u00e3o dos extratos lip\u00eddicos num solo com elevado aporte de mat\u00e9ria org\u00e2nica.<\/p>\n<p>&nbsp;<\/p>\n<hr \/>\n<p>&nbsp;<\/p>\n<p>Aluno: Jaqueline Fernandes Carvalho<br \/>\nOrientador: Prof. Jos\u00e9 Tarc\u00edsio Lima Thi\u00e9baut<br \/>\nData de In\u00edcio: 03\/2010<br \/>\nData de Defesa de Tese: 15\/03\/2012<br \/>\nT\u00edtulo da Tese: <a title=\"Disserta\u00e7\u00f5es 2012 - Conclu\u00eddas\" href=\"https:\/\/uenf.br\/posgraduacao\/producao-vegetal\/wp-content\/uploads\/sites\/10\/2014\/08\/Jaqueline.pdf\">Avalia\u00e7\u00e3o de cultivares de feij\u00e3o-caupi e feij\u00e3o-vagem arbustivo em sistema org\u00e2nico de produ\u00e7\u00e3o.<\/a><\/p>\n<p>&nbsp;<\/p>\n<hr \/>\n<p>&nbsp;<\/p>\n<p>Aluno: Vinicius da Silva Ara\u00fajo<br \/>\nOrientador: Prof. Victor Haber Perez<br \/>\nData de In\u00edcio: 03\/2009<br \/>\nData de Defesa de Tese: 15\/03\/2012<br \/>\nT\u00edtulo da Tese: Estudos de par\u00e2metros operacionais de biorreator n\u00e3o convencional aplicado a produ\u00e7\u00e3o de biocombust\u00edveis: proposta preliminar de instrumenta\u00e7\u00e3o\/automa\u00e7\u00e3o.<\/p>\n<p>&nbsp;<\/p>\n<hr \/>\n<p>Aluno: Thiago Rodrigues Lyrio Barbosa<br \/>\nOrientador: Prof. Claudio Roberto Marciano<br \/>\nData de In\u00edcio: 03\/2010<br \/>\nData de Defesa de Tese: 16\/03\/2012<br \/>\nT\u00edtulo da Tese: <a title=\"Disserta\u00e7\u00f5es 2012 - Conclu\u00eddas\" href=\"https:\/\/uenf.br\/posgraduacao\/producao-vegetal\/wp-content\/uploads\/sites\/10\/2014\/08\/Thiago-Lyrio.pdf\">Atributos f\u00edsicos do solo sob esp\u00e9cies florestais da Mata Atl\u00e2ntica na regi\u00e3o Serrana Fluminense.<\/a><\/p>\n<hr \/>\n<p>Aluno: Kamilla Pereira Aguiar<br \/>\nOrientador: Prof. Fabio Lopes Olivares<br \/>\nData de In\u00edcio: 03\/2010<br \/>\nData de Defesa de Tese: 23\/03\/2012<br \/>\nT\u00edtulo da Tese: <a title=\"Disserta\u00e7\u00f5es 2012 - Conclu\u00eddas\" href=\"https:\/\/uenf.br\/posgraduacao\/producao-vegetal\/wp-content\/uploads\/sites\/10\/2014\/08\/Kamilla.pdf\">Prospec\u00e7\u00e3o de bact\u00e9rias promotoras do crescimento vegetal associadas a vermicompostos.<\/a><\/p>\n<p>&nbsp;<\/p>\n<hr \/>\n<p>&nbsp;<\/p>\n<p>Aluno: K\u00e1tia Regina do Ros\u00e1rio Nascimento Sales<br \/>\nOrientador: Prof\u00aa Emanuela Forestieri da Gama-Rodrigues<br \/>\nData de In\u00edcio: 03\/2010<br \/>\nData de Defesa de Tese: 28\/03\/2012<br \/>\nT\u00edtulo da  Tese: <a title=\"Disserta\u00e7\u00f5es 2012 - Conclu\u00eddas\" href=\"https:\/\/uenf.br\/posgraduacao\/producao-vegetal\/wp-content\/uploads\/sites\/10\/2014\/08\/K%C3%A1tia.pdf\">Qualidade do carbono em fra\u00e7\u00f5es da mat\u00e9ria org\u00e2nica e classes de agregados de solos sob sistemas agroflorestais de cacau por espectroscopia na Regi\u00e3o do infravermelho.<\/a><\/p>\n<hr \/>\n<p>Aluno: Thalles Cardoso Mattoso<br \/>\nOrientador: Prof. Richard Ian Samuels<br \/>\nData de In\u00edcio: 03\/2010<br \/>\nData de Defesa de Tese: 29\/03\/2012<br \/>\nT\u00edtulo da Tese: <a title=\"Disserta\u00e7\u00f5es 2012 - Conclu\u00eddas\" href=\"https:\/\/uenf.br\/posgraduacao\/producao-vegetal\/wp-content\/uploads\/sites\/10\/2014\/08\/Thalles.pdf\">Papel de bact\u00e9rias ecto-simbiontes em <em>Acromyrmex subterraneus subterraneus<\/em> (Forel, 1901) na prote\u00e7\u00e3o contra fungos entomopatog\u00eanicos.<\/a><\/p>\n<hr \/>\n<p>&nbsp;<\/p>\n<p>Aluno: Aline Teixeira Carolino<br \/>\nOrientador: Prof. Richard Ian Samuels<br \/>\nData de In\u00edcio: 03\/2010<br \/>\nData de Defesa de Tese: 02\/04\/2012<br \/>\nT\u00edtulo da Tese: <a title=\"Disserta\u00e7\u00f5es 2012 - Conclu\u00eddas\" href=\"https:\/\/uenf.br\/posgraduacao\/producao-vegetal\/wp-content\/uploads\/sites\/10\/2014\/08\/Aline.pdf\">Formula\u00e7\u00e3o em \u00f3leo aumenta a persist\u00eancia do fungo entomopatog\u00eanico para uso no controle do mosquito <em>Aedes aegypti<\/em> (Diptera:Culicidae).<\/a><a href=\"http:\/\/www.uenf.br\/Uenf\/Downloads\/PRODVEGETAL_3434_1341591059.pdf\"><br \/>\n<\/a><\/p>\n<hr \/>\n<p>&nbsp;<\/p>\n<p>&nbsp;<\/p>\n<p>Aluno: Marcelo Siqueira Ribeiro<br \/>\nOrientador: Prof. Eliemar Campostrini<br \/>\nData de In\u00edcio: 03\/2010<br \/>\nData de Defesa de Tese: 04\/04\/2012<br \/>\nT\u00edtulo da Tese: <a title=\"Disserta\u00e7\u00f5es 2012 - Conclu\u00eddas\" href=\"https:\/\/uenf.br\/posgraduacao\/producao-vegetal\/wp-content\/uploads\/sites\/10\/2014\/08\/Marcelo.pdf\">Efeitos da aplica\u00e7\u00e3o diferencial de \u00e1gua no substrato sobre a capacidade fotossint\u00e9tica, rela\u00e7\u00f5es h\u00eddricas e crescimento inicial em cana-de-a\u00e7\u00facar.<\/a><\/p>\n<hr \/>\n<p>Aluno: Camila Bueno Stofel<br \/>\nOrientador: Prof. Ricardo enrique Bressan-Smith<br \/>\nData de In\u00edcio: 03\/2010<br \/>\nData de Defesa de Tese: 13\/04\/2012<br \/>\nT\u00edtulo da Tese: <a title=\"Disserta\u00e7\u00f5es 2012 - Conclu\u00eddas\" href=\"https:\/\/uenf.br\/posgraduacao\/producao-vegetal\/wp-content\/uploads\/sites\/10\/2014\/08\/Camila-Stofel.pdf\">Padr\u00f5es sazonais de florescimento e desenvolvimento de frutos em videira &#8216;Niagara Rosada&#8217; (<em>Vitis labrusca<\/em> L.).<\/a><\/p>\n<p>&nbsp;<\/p>\n<hr \/>\n<p>&nbsp;<\/p>\n<p>&nbsp;<\/p>\n<p>Aluno: Zelita de Lourdes Gomes<br \/>\nOrientador: Prof. Elias Fernandes de Sousa<br \/>\nData de In\u00edcio: 03\/2010<br \/>\nData de Defesa de Tese: 27\/04\/2012<br \/>\nT\u00edtulo da Tese: <a title=\"Disserta\u00e7\u00f5es 2012 - Conclu\u00eddas\" href=\"https:\/\/uenf.br\/posgraduacao\/producao-vegetal\/wp-content\/uploads\/sites\/10\/2014\/08\/Zelita.pdf\">Uso consuntivo da \u00e1gua e an\u00e1lise de crescimento de cact\u00e1ceas.<\/a><\/p>\n<p>&nbsp;<\/p>\n<p>&nbsp;<\/p>\n<hr \/>\n<p>Aluno: Mar\u00edlia Grasiela Oliveira da Silva Souza<br \/>\nOrientador: Prof\u00aa Deborah Guerra Barroso<br \/>\nData de In\u00edcio: 03\/2010<br \/>\nData de Defesa de Tese: 18\/06\/2012<br \/>\nT\u00edtulo da Tese: <a title=\"Disserta\u00e7\u00f5es 2012 - Conclu\u00eddas\" href=\"https:\/\/uenf.br\/posgraduacao\/producao-vegetal\/wp-content\/uploads\/sites\/10\/2014\/08\/Mar%C3%ADlia-Grasiela.pdf\">Crescimento de esp\u00e9cies florestais em povoamentos puros e sua influ\u00eancia sobre atributos ed\u00e1ficos em Trajano de Moraes, RJ.<\/a><\/p>\n<p>&nbsp;<\/p>\n<hr \/>\n<p>&nbsp;<\/p>\n<p>&nbsp;<\/p>\n<p>Aluno: \u00c9lida Ribeiro do Carmo<br \/>\nOrientador: Prof. Marco Antonio Martins<br \/>\nData de In\u00edcio: 03\/2010<br \/>\nData de Defesa de Tese: 26\/07\/2012<br \/>\nT\u00edtulo da Tese: <a title=\"Disserta\u00e7\u00f5es 2012 - Conclu\u00eddas\" href=\"https:\/\/uenf.br\/posgraduacao\/producao-vegetal\/wp-content\/uploads\/sites\/10\/2014\/08\/Elida.pdf\">Produ\u00e7\u00e3o de mudas de cedro australiano inoculadas com fungos micorr\u00edzicos arbusculares em diferentes recipientes.<\/a><\/p>\n<p>&nbsp;<\/p>\n<p>&nbsp;<\/p>\n<hr \/>\n<p>Aluno: Daniel Gomes de Moraes<br \/>\nOrientador: Prof\u00aa Deborah Guerra Barroso<br \/>\nData de In\u00edcio: 03\/2010<br \/>\nData de Defesa de Tese: 09\/08\/2012<br \/>\nT\u00edtulo da Tese: <a title=\"Disserta\u00e7\u00f5es 2012 - Conclu\u00eddas\" href=\"https:\/\/uenf.br\/posgraduacao\/producao-vegetal\/wp-content\/uploads\/sites\/10\/2014\/08\/Daniel.pdf\">Crescimento de esp\u00e9cies florestais nativas e sua influ\u00eancia em atributos do solo, em Trajano de Moraes, RJ.<\/a><\/p>\n<p>&nbsp;<\/p>\n<hr \/>\n<p>&nbsp;<\/p>\n<p>&nbsp;<\/p>\n<p>Aluno: Geraldo Ferreira David<br \/>\nOrientador: Prof. Victor Haber Perez<br \/>\nData de In\u00edcio: 03\/2011<br \/>\nData de Defesa de Tese: 17\/08\/2012<br \/>\nT\u00edtulo da Tese: <a title=\"Disserta\u00e7\u00f5es 2012 - Conclu\u00eddas\" href=\"https:\/\/uenf.br\/posgraduacao\/producao-vegetal\/wp-content\/uploads\/sites\/10\/2014\/08\/Geraldo.pdf\">Proposta tecnol\u00f3gica de reuso de glicerina residual da produ\u00e7\u00e3o de biodiesel: processo integrado.<\/a><\/p>\n<hr \/>\n<p>&nbsp;<\/p>\n<p>Aluno: Simone Azevedo Gomes<br \/>\nOrientador: Prof. Richard Ian Samuels<br \/>\nData de In\u00edcio: 03\/2010<br \/>\nData de Defesa de Tese: 17\/08\/2012<br \/>\nT\u00edtulo da Tese: <a title=\"Disserta\u00e7\u00f5es 2012 - Conclu\u00eddas\" href=\"https:\/\/uenf.br\/posgraduacao\/producao-vegetal\/wp-content\/uploads\/sites\/10\/2014\/08\/Simone-Gomes.pdf\">Avalia\u00e7\u00e3o da toxidade de extratos da alga <em>Laurencia dendroideae<\/em> e de <em>Azadirachta indica<\/em> (NIM) e sinergismo entre o \u00f3leo de Nim e o fungo entomopatog\u00eanico <em>Metarhizium anisopliae<\/em> contra larvas de <em>Aedes aegypti<\/em>.<\/a><\/p>\n<p>&nbsp;<\/p>\n<p>&nbsp;<\/p>\n<hr \/>\n<p>Aluno: Erika Fraga de Souza<br \/>\nOrientador: Prof\u00aa Meire lelis Leal Martins<br \/>\nData de In\u00edcio: 03\/2010<br \/>\nData de Defesa de Tese: 28\/08\/2012<br \/>\nT\u00edtulo da Tese: <a title=\"Disserta\u00e7\u00f5es 2012 - Conclu\u00eddas\" href=\"https:\/\/uenf.br\/posgraduacao\/producao-vegetal\/wp-content\/uploads\/sites\/10\/2014\/08\/Erika.pdf\">Aplica\u00e7\u00e3o de proteases e amilases produzidas por <em>Bacillus<\/em> sp. SMIA-2 na remo\u00e7\u00e3o de manchas de tecidos.<\/a><\/p>\n<p>&nbsp;<\/p>\n<hr \/>\n<p>&nbsp;<\/p>\n<p>&nbsp;<\/p>\n<p>Aluno: Ana Paula de Oliveira Siqueira<br \/>\nOrientador: Prof. Jurandi Gon\u00e7alves de Oliveira<br \/>\nData de In\u00edcio: 03\/2010<br \/>\nData de Defesa de Tese: 10\/09\/2012<br \/>\nT\u00edtulo da Tese: <a title=\"Disserta\u00e7\u00f5es 2012 - Conclu\u00eddas\" href=\"https:\/\/uenf.br\/posgraduacao\/producao-vegetal\/wp-content\/uploads\/sites\/10\/2014\/08\/Ana-Paula.pdf\">Uso de coberturas comest\u00edveis na conserva\u00e7\u00e3o p\u00f3s-colheita de goiaba e maracuj\u00e1-azedo.<\/a><\/p>\n<hr \/>\n<p>&nbsp;<\/p>\n<p>Aluno: Alexandre Macedo Almeida<br \/>\nOrientador: Prof. Ricardo Moreira de Souza<br \/>\nData de In\u00edcio: 08\/2011<br \/>\nData de Defesa de Tese: 14\/12\/2012<br \/>\nT\u00edtulo da Tese: <a title=\"Disserta\u00e7\u00f5es 2012 - Conclu\u00eddas\" href=\"https:\/\/uenf.br\/posgraduacao\/producao-vegetal\/wp-content\/uploads\/sites\/10\/2014\/08\/Alexandre-M.-almeida.pdf\">Sele\u00e7\u00e3o de rizobact\u00e9rias e de compostos org\u00e2nicos visando o manejo do decl\u00ednio da goiabeira (<em>Psidium guajava<\/em> L.). <\/a><\/p>\n","protected":false},"excerpt":{"rendered":"<p>&nbsp; Aluno: Simone Vilela Talma Orientador: Prof\u00aa Selma Bergara Almeida Data de In\u00edcio: 03\/2010 Data de Defesa de Tese: 14\/02\/2012&#8230;<\/p>\n","protected":false},"author":21,"featured_media":0,"parent":30,"menu_order":2,"comment_status":"closed","ping_status":"open","template":"","meta":{"footnotes":""},"class_list":["post-37","page","type-page","status-publish","hentry"],"_links":{"self":[{"href":"https:\/\/uenf.br\/posgraduacao\/producao-vegetal\/wp-json\/wp\/v2\/pages\/37","targetHints":{"allow":["GET"]}}],"collection":[{"href":"https:\/\/uenf.br\/posgraduacao\/producao-vegetal\/wp-json\/wp\/v2\/pages"}],"about":[{"href":"https:\/\/uenf.br\/posgraduacao\/producao-vegetal\/wp-json\/wp\/v2\/types\/page"}],"author":[{"embeddable":true,"href":"https:\/\/uenf.br\/posgraduacao\/producao-vegetal\/wp-json\/wp\/v2\/users\/21"}],"replies":[{"embeddable":true,"href":"https:\/\/uenf.br\/posgraduacao\/producao-vegetal\/wp-json\/wp\/v2\/comments?post=37"}],"version-history":[{"count":0,"href":"https:\/\/uenf.br\/posgraduacao\/producao-vegetal\/wp-json\/wp\/v2\/pages\/37\/revisions"}],"up":[{"embeddable":true,"href":"https:\/\/uenf.br\/posgraduacao\/producao-vegetal\/wp-json\/wp\/v2\/pages\/30"}],"wp:attachment":[{"href":"https:\/\/uenf.br\/posgraduacao\/producao-vegetal\/wp-json\/wp\/v2\/media?parent=37"}],"curies":[{"name":"wp","href":"https:\/\/api.w.org\/{rel}","templated":true}]}}