{"id":4487,"date":"2023-02-15T09:53:55","date_gmt":"2023-02-15T12:53:55","guid":{"rendered":"https:\/\/uenf.br\/posgraduacao\/producao-vegetal\/?page_id=4487"},"modified":"2025-03-18T08:49:47","modified_gmt":"2025-03-18T11:49:47","slug":"mestrado-conclusao-em-2023","status":"publish","type":"page","link":"https:\/\/uenf.br\/posgraduacao\/producao-vegetal\/mestrado-conclusao-em-2023\/","title":{"rendered":"Mestrado &#8211; conclus\u00e3o em 2023"},"content":{"rendered":"<p>Aluno: Igor Barbosa da Cruz<br \/>\nOrientador: Prof. Geraldo de Amaral Gravina<br \/>\nData de In\u00edcio: 03\/2021<br \/>\nData de Defesa de Tese: 14\/02\/2023<br \/>\nT\u00edtulo da Tese: Avan\u00e7o de gera\u00e7\u00f5es e avalia\u00e7\u00e3o de caracter\u00edsticas morfo-agron\u00f4micas em feij\u00e3o-de-vagem.<\/p>\n<p>Aluno: Isis Naryelle G\u00f3es Souza<br \/>\nOrientador: Prof\u00aa Virginia Silva Carvalho<br \/>\nData de In\u00edcio: 03\/2021<br \/>\nData de Defesa de Tese: 23\/02\/2023<br \/>\nT\u00edtulo da Tese: <a href=\"https:\/\/uenf.br\/posgraduacao\/producao-vegetal\/wp-content\/uploads\/sites\/10\/2024\/05\/ISIS.pdf\">Emerg\u00eancia, conserva\u00e7\u00e3o de sementes e condutividades el\u00e9tricas da solu\u00e7\u00e3o nutritiva para a produ\u00e7\u00e3o de mudas de jaborandi (<em>Pilocarpus microphyllus<\/em>) em substrato.<\/a><\/p>\n<p>Aluno: Luciana Pereira Pinto<br \/>\nOrientador: Prof. Marcelo Vivas<br \/>\nData de In\u00edcio: 03\/2021<br \/>\nData de Defesa de Tese: 28\/02\/2023<br \/>\nT\u00edtulo da Tese: Avalia\u00e7\u00e3o de prog\u00eanies S1, de mamoeiro para resist\u00eancia a pinta-preta e mancha-de-phoma.<\/p>\n<p>Aluno: Danielle Marques Alvaristo<br \/>\nOrientador: Prof. Silv\u00e9rio de Paiva Freitas<br \/>\nData de In\u00edcio: 03\/2021<br \/>\nData de Defesa de Tese: 28\/02\/2023<br \/>\nT\u00edtulo da Tese: <a href=\"https:\/\/uenf.br\/posgraduacao\/producao-vegetal\/wp-content\/uploads\/sites\/10\/2024\/05\/DANIELLE.pdf\">Extra\u00e7\u00e3o, caracteriza\u00e7\u00e3o e efeito inseticida de \u00f3leos essenciais sobre a mosca-branca <em>Bemisia<\/em> <em>sp<\/em>.<\/a><\/p>\n<p>Aluno: Willians Guimar\u00e3es de Souza<br \/>\nOrientador: Prof. Richard Ian Samuels<br \/>\nData de In\u00edcio: 03\/2021<br \/>\nData de Defesa de Tese: 01\/03\/2023<br \/>\nT\u00edtulo da Tese: <a href=\"https:\/\/uenf.br\/posgraduacao\/producao-vegetal\/wp-content\/uploads\/sites\/10\/2023\/12\/WILLIANS.pdf\">Suscetibilidade da formiga-de-fogo <em>Solenopsis saevissima<\/em> (Hymenoptera Formicidae) aos fungos entomopatog\u00eanicos <em>Beauveria bassiana<\/em> e <em>Metarhizium anisopliae<\/em>.<\/a><\/p>\n<p>Aluno: Eduardo Monteiro<br \/>\nOrientador: Prof. Ricardo Enrique Bressan-Smith<br \/>\nData de In\u00edcio: 03\/2021<br \/>\nData de Defesa de Tese: 01\/03\/2023<br \/>\nT\u00edtulo da Tese: <a href=\"https:\/\/uenf.br\/posgraduacao\/producao-vegetal\/wp-content\/uploads\/sites\/10\/2023\/10\/EDUARDO.pdf\">Mesocarp Ultrastructure and Mitochondrial Enzyme Activity in Grape Berry During Cellular Viability Loss.<\/a><\/p>\n<p>Aluno: Andr\u00e9ia Francisca Riter Netto<br \/>\nOrientador: Prof\u00aa Emanuela Forestieri da Gama-Rodrigues<br \/>\nData de In\u00edcio: 03\/2021<br \/>\nData de Defesa de Tese: 31\/03\/2023<br \/>\nT\u00edtulo da Tese: <a href=\"https:\/\/uenf.br\/posgraduacao\/producao-vegetal\/wp-content\/uploads\/sites\/10\/2023\/11\/ANDREIA-RITTER.pdf\">Distribui\u00e7\u00e3o da comunidade microbiana e atividade enzim\u00e1tica em fra\u00e7\u00f5es de agregados do solo sob coberturas vegetais no bioma Mata Atl\u00e2ntica.<\/a><\/p>\n<p>Aluno: Taynara Thais Manh\u00e3es de Souza<br \/>\nOrientador: Prof\u00aa Daniela Barros de Oliveira<br \/>\nData de In\u00edcio: 03\/2021<br \/>\nData de Defesa de Tese: 25\/04\/2023<br \/>\nT\u00edtulo da Tese: <a href=\"https:\/\/uenf.br\/posgraduacao\/producao-vegetal\/wp-content\/uploads\/sites\/10\/2024\/04\/TAYNARA-THAIS.pdf\"><i>Carica papaya<\/i>\u00a0L: Isolamento, Identifica\u00e7\u00e3o qu\u00edmica e atividade antioxidante.<\/a><\/p>\n<p>Aluno: Marcelo dos Santos Ferreira<br \/>\nOrientador: Prof. F\u00e1bio Cunha Coelho<br \/>\nData de In\u00edcio: 03\/2021<br \/>\nData de Defesa de Tese: 29\/06\/2023<br \/>\nT\u00edtulo da Tese: <a href=\"https:\/\/uenf.br\/posgraduacao\/producao-vegetal\/wp-content\/uploads\/sites\/10\/2024\/03\/MARCELO.pdf\">Circuito agroecol\u00f3gico de feiras da agricultura familiar para Campos dos Goytacazes\/RJ: as redes agroecol\u00f3gicas de vi\u00e9s solid\u00e1rio como ponto de partida.<\/a><\/p>\n<p>Aluno: Vinicius Assun\u00e7\u00e3o Coelho<br \/>\nOrientador: Prof. Marco Antonio Martins<br \/>\nData de In\u00edcio: 08\/2021<br \/>\nData de Defesa de Tese: 17\/07\/2023<br \/>\nT\u00edtulo da Tese: <a href=\"https:\/\/uenf.br\/posgraduacao\/producao-vegetal\/wp-content\/uploads\/sites\/10\/2024\/04\/VINICIUS.pdf\">Decomposi\u00e7\u00e3o de palhada: libera\u00e7\u00e3o de nutrientes e atividade microbiana do solo em sistema de integra\u00e7\u00e3o lavoura-pecu\u00e1ria.<\/a><\/p>\n<p>Aluno: Andreza Sousa Carmo<br \/>\nOrientador: Prof. Silvio de Jesus Freitas<br \/>\nData de In\u00edcio: 08\/2021<br \/>\nData de Defesa de Tese: 25\/07\/2023<br \/>\nT\u00edtulo da Tese: <a href=\"https:\/\/uenf.br\/posgraduacao\/producao-vegetal\/wp-content\/uploads\/sites\/10\/2023\/10\/ANDREZA.pdf\">Propaga\u00e7\u00e3o de gen\u00f3tipos de cana de a\u00e7\u00facar por meio da t\u00e9cnica de mudas pr\u00e9-brotadas.<\/a><\/p>\n<p>Aluno: Rosana Maria dos Santos Nani de Miranda<br \/>\nOrientador: Prof. Eliemar Campostrini<br \/>\nData de In\u00edcio: 08\/2021<br \/>\nData de Defesa de Tese: 25\/07\/2023<br \/>\nT\u00edtulo da Tese: <a href=\"https:\/\/uenf.br\/posgraduacao\/producao-vegetal\/wp-content\/uploads\/sites\/10\/2024\/12\/ROSANA.pdf\">Ecofisiologia do l\u00fapulo &#8216;Yakima Gold&#8217; em diferentes sistemas de cultivo em regi\u00e3o tropical, semi\u00e1rida e de baixa altitude.<\/a><\/p>\n<p>Aluno: Laila Brabo Pacheco<br \/>\nOrientador: Prof. Silv\u00e9rio de Paiva Freitas<br \/>\nData de In\u00edcio: 08\/2021<br \/>\nData de Defesa de Tese: 28\/07\/2023<br \/>\nT\u00edtulo da Tese: <a href=\"https:\/\/uenf.br\/posgraduacao\/producao-vegetal\/wp-content\/uploads\/sites\/10\/2024\/04\/LAILA.pdf\">Tecnologia de Aplica\u00e7\u00e3o de Herbicidas e Manejo de Plantas Daninhas em Milho-Pipoca (<em>Zea mays<\/em> L.).<\/a><\/p>\n<p>Aluno: Mateus Santana Rodrigues<br \/>\nOrientador: Prof\u00aa Claudete Santa Catarina<br \/>\nData de In\u00edcio: 08\/2021<br \/>\nData de Defesa de Tese: 31\/07\/2023<br \/>\nT\u00edtulo da Tese: <a href=\"https:\/\/uenf.br\/posgraduacao\/producao-vegetal\/wp-content\/uploads\/sites\/10\/2024\/03\/MATEUS-SANTANA.pdf\">Aspectos bioqu\u00edmicos e fisiol\u00f3gicos associados a qualidade espectral da luz no desenvolvimento de brota\u00e7\u00f5es <em>in vitro<\/em> de <em>Gallesia integrifolia<\/em> (Spreng.) Harms (Phytolaccaceae).<\/a><\/p>\n<p>Aluno: J\u00falia Caetano Vimercati<br \/>\nOrientador: Prof\u00aa Marta Simone Mendon\u00e7a Freitas<br \/>\nData de In\u00edcio: 08\/2021<br \/>\nData de Defesa de Tese: 31\/07\/2023<br \/>\nT\u00edtulo da Tese: <a href=\"https:\/\/uenf.br\/posgraduacao\/producao-vegetal\/wp-content\/uploads\/sites\/10\/2024\/03\/JULIA.pdf\">Boro em <em>Acmella oleracea <\/em>(L.) R. K. Jansen: crescimento, teores nutricionais e \u00f3leos essenciais.<\/a><\/p>\n<p>Aluno: Mariana Fernandes Barbosa<br \/>\nOrientador: Prof\u00aa Marta Simone Mendon\u00e7a Freitas<br \/>\nData de In\u00edcio: 08\/2021<br \/>\nData de Defesa de Tese: 01\/08\/2023<br \/>\nT\u00edtulo da Tese: <a href=\"https:\/\/uenf.br\/posgraduacao\/producao-vegetal\/wp-content\/uploads\/sites\/10\/2024\/11\/MARIANA-FERNANDES.pdf\">Boro em mudas do abacaxizeiro &#8216;P\u00e9rola&#8217;.<\/a><\/p>\n<p>Aluno: Rebeca Dorneles de Moura<br \/>\nOrientador: Prof\u00aa Deborah Guerra Barroso<br \/>\nData de In\u00edcio: 08\/2021<br \/>\nData de Defesa de Tese: 02\/08\/2023<br \/>\nT\u00edtulo da Tese: <a href=\"https:\/\/uenf.br\/posgraduacao\/producao-vegetal\/wp-content\/uploads\/sites\/10\/2023\/11\/REBECA.pdf\">Propaga\u00e7\u00e3o via semin\u00edfera e vegetativa de <em>Caryocar brasiliense<\/em>.<\/a><\/p>\n<p>Aluno: Claudio Martins de Almeida<br \/>\nOrientador: Prof. Eliemar Campostrini<br \/>\nData de In\u00edcio: 08\/2021<br \/>\nData de Defesa de Tese: 03\/08\/2023<br \/>\nT\u00edtulo da Tese: Linhagens de Milho Pipoca: Um Estudo Relacionado \u00e0 Fotoss\u00edntese e Produtividade.<\/p>\n<p>Aluno: Barbara de Oliveira Silva<br \/>\nOrientador: Prof. Elias Fernandes de Sousa<br \/>\nData de In\u00edcio: 08\/2021<br \/>\nData de Defesa de Tese: 04\/08\/2023<br \/>\nT\u00edtulo da Tese: <a href=\"https:\/\/uenf.br\/posgraduacao\/producao-vegetal\/wp-content\/uploads\/sites\/10\/2024\/07\/BARBARA.pdf\">Estimativa da irradia\u00e7\u00e3o solar hor\u00e1ria baseada em dados de temperatura do ar no Brasil.<\/a><\/p>\n<p>Aluno: Diesily de Andrade Neves<br \/>\nOrientador: Prof. Eliemar Campostrini<br \/>\nData de In\u00edcio: 08\/2021<br \/>\nData de Defesa de Tese: 07\/08\/2023<br \/>\nT\u00edtulo da Tese: Temperatura supra \u00f3tima em gen\u00f3tipos de milho-pipoca contrastantes para a toler\u00e2ncia a seca.<\/p>\n<p>Aluno: Ana Carolina do Ros\u00e1rio Gomes<br \/>\nOrientador: Prof. Claudio Roberto Marciano<br \/>\nData de In\u00edcio: 08\/2021<br \/>\nData de Defesa de Tese: 21\/08\/2023<br \/>\nT\u00edtulo da Tese: <a href=\"https:\/\/uenf.br\/posgraduacao\/producao-vegetal\/wp-content\/uploads\/sites\/10\/2024\/04\/ANA-CAROLINA.pdf\">Atributos do solo em ilhas de vegeta\u00e7\u00e3o sobre afloramentos gran\u00edticos no morro do Itaoca, Campos dos Goytacazes (RJ).<\/a><\/p>\n<p>Aluno: Ana Clara Caetano Menditi<br \/>\nOrientador: Prof. Eder Dutra de Resende<br \/>\nData de In\u00edcio: 08\/2021<br \/>\nData de Defesa de Tese: 24\/08\/2023<br \/>\nT\u00edtulo da Tese: Avalia\u00e7\u00e3o das condi\u00e7\u00f5es de secagem e tritura\u00e7\u00e3o do caro\u00e7o de manga para purifica\u00e7\u00e3o do material da am\u00eandoa. (<em>DIVULGA\u00c7\u00c3O N\u00c3O AUTORIZADA<\/em>)<\/p>\n<p>Aluno: Let\u00edcia Karen Oliveira Carvalho<br \/>\nOrientador: Prof. Ricardo enrique Bressan-Smith<br \/>\nData de In\u00edcio: 08\/2021<br \/>\nData de Defesa de Tese: 31\/08\/2023<br \/>\nT\u00edtulo da Tese: <a href=\"https:\/\/uenf.br\/posgraduacao\/producao-vegetal\/wp-content\/uploads\/sites\/10\/2025\/03\/LETICIA-KAREN.pdf\">Radia\u00e7\u00e3o Ultravioleta Atenuada na Videira: Ortogenia Foliar, Morfologia, Propriedades Espectrais de Reflect\u00e2ncia e Fotoss\u00edntese Potencial.<\/a><\/p>\n","protected":false},"excerpt":{"rendered":"<p>Aluno: Igor Barbosa da Cruz Orientador: Prof. Geraldo de Amaral Gravina Data de In\u00edcio: 03\/2021 Data de Defesa de Tese:&#8230;<\/p>\n","protected":false},"author":21,"featured_media":0,"parent":0,"menu_order":0,"comment_status":"closed","ping_status":"closed","template":"","meta":{"footnotes":""},"class_list":["post-4487","page","type-page","status-publish","hentry"],"_links":{"self":[{"href":"https:\/\/uenf.br\/posgraduacao\/producao-vegetal\/wp-json\/wp\/v2\/pages\/4487","targetHints":{"allow":["GET"]}}],"collection":[{"href":"https:\/\/uenf.br\/posgraduacao\/producao-vegetal\/wp-json\/wp\/v2\/pages"}],"about":[{"href":"https:\/\/uenf.br\/posgraduacao\/producao-vegetal\/wp-json\/wp\/v2\/types\/page"}],"author":[{"embeddable":true,"href":"https:\/\/uenf.br\/posgraduacao\/producao-vegetal\/wp-json\/wp\/v2\/users\/21"}],"replies":[{"embeddable":true,"href":"https:\/\/uenf.br\/posgraduacao\/producao-vegetal\/wp-json\/wp\/v2\/comments?post=4487"}],"version-history":[{"count":0,"href":"https:\/\/uenf.br\/posgraduacao\/producao-vegetal\/wp-json\/wp\/v2\/pages\/4487\/revisions"}],"wp:attachment":[{"href":"https:\/\/uenf.br\/posgraduacao\/producao-vegetal\/wp-json\/wp\/v2\/media?parent=4487"}],"curies":[{"name":"wp","href":"https:\/\/api.w.org\/{rel}","templated":true}]}}