{"id":60,"date":"2013-12-17T18:40:04","date_gmt":"2013-12-17T18:40:04","guid":{"rendered":"http:\/\/uenf.br\/pos-graduacao\/producao-vegetal\/?page_id=60"},"modified":"2017-10-25T13:26:48","modified_gmt":"2017-10-25T15:26:48","slug":"mestrado-conclusao-em-2011","status":"publish","type":"page","link":"https:\/\/uenf.br\/posgraduacao\/producao-vegetal\/teses-e-dissertacoes-concluidas\/mestrado\/mestrado-conclusao-em-2011\/","title":{"rendered":"Mestrado &#8211; conclus\u00e3o em 2011"},"content":{"rendered":"<hr \/>\n<p>&nbsp;<\/p>\n<p>Aluno: Carmen Maria Coimbra Manh\u00e3es<br \/>\nOrientador: Prof\u00aa Emanuela Forestieri da Gama-Rodrigues<br \/>\nData de In\u00edcio: 03\/2009<br \/>\nData de Defesa de Tese: 20\/01\/2011<br \/>\nT\u00edtulo da Tese: <a title=\"Disserta\u00e7\u00f5es 2011 - Conclu\u00eddas\" href=\"https:\/\/uenf.br\/posgraduacao\/producao-vegetal\/wp-content\/uploads\/sites\/10\/2014\/08\/Carmen.pdf\">Caracteriza\u00e7\u00e3o da fauna ed\u00e1fica de diferentes coberturas vegetais no Norte do estado do Rio de Janeiro, Brasil.<\/a><\/p>\n<p>&nbsp;<\/p>\n<hr \/>\n<p>&nbsp;<\/p>\n<p>Aluno: Milena dos Santos Gon\u00e7alves<br \/>\nOrientador: Prof. Ivo Jos\u00e9 Curcino Vieira<br \/>\nData de In\u00edcio: 03\/2009<br \/>\nData de Defesa de Tese: 14\/02\/2011<br \/>\nT\u00edtulo da Tese: <a title=\"Disserta\u00e7\u00f5es 2011 - Conclu\u00eddas\" href=\"https:\/\/uenf.br\/posgraduacao\/producao-vegetal\/wp-content\/uploads\/sites\/10\/2014\/09\/Milena.pdf\">Constituintes qu\u00edmicos de <em>Tabernaemontana catharinenses<\/em> (APOCYNACEAE).<\/a><\/p>\n<p>&nbsp;<\/p>\n<p>&nbsp;<\/p>\n<hr \/>\n<p>Aluno: Jo\u00e3o Batista Barbosa<br \/>\nOrientador: Prof\u00aa Meire Lelis Leal Martins<br \/>\nData de In\u00edcio: 03\/2009<br \/>\nData de Defesa de Tese: 17\/02\/2011<br \/>\nT\u00edtulo da Tese: <a title=\"Disserta\u00e7\u00f5es 2011 - Conclu\u00eddas\" href=\"https:\/\/uenf.br\/posgraduacao\/producao-vegetal\/wp-content\/uploads\/sites\/10\/2014\/08\/Jo%C3%A3o-Batista.pdf\">Aproveitamento de soro de queijo e farinha da casca de maracuj\u00e1 para produ\u00e7\u00e3o de proteases e \u03b1-AMILASES por <em>Bacillus sp.<\/em> SMIA-2.<\/a><\/p>\n<p>&nbsp;<\/p>\n<hr \/>\n<p>Aluno: Lidiane de Lima Lousada<br \/>\nOrientador: Prof. Silv\u00e9rio de Paiva Freitas<br \/>\nData de In\u00edcio: 03\/2009<br \/>\nData de Defesa de Tese: 18\/02\/2011<br \/>\nT\u00edtulo da Tese: <a title=\"Disserta\u00e7\u00f5es 2011 - Conclu\u00eddas\" href=\"https:\/\/uenf.br\/posgraduacao\/producao-vegetal\/wp-content\/uploads\/sites\/10\/2014\/09\/Lidiane.pdf\">Banco de sementes e correla\u00e7\u00e3o com a vegeta\u00e7\u00e3o natural e atributos do solo em \u00e1reas cultivadas com cana-de-a\u00e7\u00facar.<\/a><\/p>\n<hr \/>\n<p>Aluno: Validoro Bazoni Giro<br \/>\nOrientador: Prof. F\u00e1bio Lopes Olivares<br \/>\nData de In\u00edcio: 03\/2009<br \/>\nData de Defesa de Tese: 18\/02\/2011<br \/>\nT\u00edtulo da Tese: <a title=\"Disserta\u00e7\u00f5es 2011 - Conclu\u00eddas\" href=\"https:\/\/uenf.br\/posgraduacao\/producao-vegetal\/wp-content\/uploads\/sites\/10\/2014\/09\/Validoro.pdf\">Crescimento do abacaxizeiro &#8216;Vit\u00f3ria&#8217; em resposta \u00e0 aplica\u00e7\u00e3o de vermicomposto, \u00e1cidos h\u00famicos e bact\u00e9rias promotoras de crescimento.<\/a><\/p>\n<p>&nbsp;<\/p>\n<hr \/>\n<p>&nbsp;<\/p>\n<p>Aluno: B\u00e1rbara dos Santos Esteves<br \/>\nOrientador: Prof. Elias Fernandes de Sousa<br \/>\nData de In\u00edcio: 03\/2009<br \/>\nData de Defesa de Tese: 21\/02\/2011<br \/>\nT\u00edtulo da Tese: <a title=\"Disserta\u00e7\u00f5es 2011 - Conclu\u00eddas\" href=\"https:\/\/uenf.br\/posgraduacao\/producao-vegetal\/wp-content\/uploads\/sites\/10\/2014\/08\/Barbara.pdf\">Balan\u00e7o de energia e produ\u00e7\u00e3o de biomassa em um cultivo de cana-de-a\u00e7\u00facar.<\/a><\/p>\n<hr \/>\n<p>Aluno: Fab\u00edola Bonicenha Endringer<br \/>\nOrientador: Prof\u00aa Ana Maria Matoso Viana-Bailez<br \/>\nData de In\u00edcio: 03\/2009<br \/>\nData de Defesa de Tese: 21\/02\/2011<br \/>\nT\u00edtulo da Tese: <a title=\"Disserta\u00e7\u00f5es 2011 - Conclu\u00eddas\" href=\"https:\/\/uenf.br\/posgraduacao\/producao-vegetal\/wp-content\/uploads\/sites\/10\/2014\/08\/Fab%C3%ADola.pdf\">Comportamento de forrageamento da formiga <em>Atta robusta<\/em> Borgmeier 1939 (Hymenoptera: Formicidae).<\/a><\/p>\n<p>&nbsp;<\/p>\n<hr \/>\n<p>&nbsp;<\/p>\n<p>Aluno: Clara dos Reis Nunes<br \/>\nOrientador: Prof\u00aa Daniela Barros de Oliveira<br \/>\nData de In\u00edcio: 03\/2009<br \/>\nData de Defesa de Tese: 22\/02\/2011<br \/>\nT\u00edtulo da Tese: <a title=\"Disserta\u00e7\u00f5es 2011 - Conclu\u00eddas\" href=\"https:\/\/uenf.br\/posgraduacao\/producao-vegetal\/wp-content\/uploads\/sites\/10\/2014\/08\/Clara.pdf\"><em>Annona muricata<\/em> L.: an\u00e1lise qu\u00edmica e biol\u00f3gica dos frutos de gravioleira. <\/a><\/p>\n<p>&nbsp;<\/p>\n<hr \/>\n<p>&nbsp;<\/p>\n<p>Aluno: Lanusse Cordeiro de Ara\u00fajo<br \/>\nOrientador: Prof. Geraldo de Amaral Gravina<br \/>\nData de In\u00edcio: 03\/2009<br \/>\nData de Defesa de Tese: 22\/02\/2011<br \/>\nT\u00edtulo da Tese: <a title=\"Disserta\u00e7\u00f5es 2011 - Conclu\u00eddas\" href=\"https:\/\/uenf.br\/posgraduacao\/producao-vegetal\/wp-content\/uploads\/sites\/10\/2014\/09\/Lanusse.pdf\">Avalia\u00e7\u00e3o de linhagens melhoradas de feij\u00e3o-de-vagem, em Bom Jesus do Itabapoana, RJ.<\/a><\/p>\n<p>&nbsp;<\/p>\n<p>&nbsp;<\/p>\n<hr \/>\n<p>&nbsp;<\/p>\n<p>Aluno: Rodrigo de Almeida Muniz<br \/>\nOrientador: Prof. Elias Fernandes de Sousa<br \/>\nData de In\u00edcio: 03\/2009<br \/>\nData de Defesa de Tese: 22\/02\/2011<br \/>\nT\u00edtulo da Tese: <a title=\"Disserta\u00e7\u00f5es 2011 - Conclu\u00eddas\" href=\"https:\/\/uenf.br\/posgraduacao\/producao-vegetal\/wp-content\/uploads\/sites\/10\/2014\/09\/Rodrigo.pdf\">Determina\u00e7\u00e3o dos fluxos de energia, vapor d&#8217;\u00e1gua, estoque de carbono e disponibilidade de forragem do capim Momba\u00e7a.<\/a><\/p>\n<p>&nbsp;<\/p>\n<hr \/>\n<p>&nbsp;<\/p>\n<p>Aluno: V\u00e2nea Ferreira Torres Teixeira<br \/>\nOrientador: Profa. N\u00e1dia Rosa Pereira<br \/>\nData de In\u00edcio: 03\/2009<br \/>\nData de Defesa de Tese: 22\/02\/2011<br \/>\nT\u00edtulo da Tese: <a title=\"Disserta\u00e7\u00f5es 2011 - Conclu\u00eddas\" href=\"https:\/\/uenf.br\/posgraduacao\/producao-vegetal\/wp-content\/uploads\/sites\/10\/2014\/09\/V%C3%A2nea.pdf\">Estudo da obten\u00e7\u00e3o de biocatalisadores com matrizes de alginato de c\u00e1lcio visando a produ\u00e7\u00e3o de biodiesel.<\/a><\/p>\n<p>&nbsp;<\/p>\n<hr \/>\n<p>&nbsp;<\/p>\n<p>Aluno: Ana Carolina Guzzo Monteiro<br \/>\nOrientador: Prof. Niraldo Jos\u00e9 Ponciano<br \/>\nData de In\u00edcio: 03\/2009<br \/>\nData de Defesa de Tese: 18\/03\/2011<br \/>\nT\u00edtulo da Tese: <a title=\"Disserta\u00e7\u00f5es 2011 - Conclu\u00eddas\" href=\"https:\/\/uenf.br\/posgraduacao\/producao-vegetal\/wp-content\/uploads\/sites\/10\/2014\/08\/Ana-Carolina.pdf\">Avalia\u00e7\u00e3o dos impactos ambientais e socioecon\u00f4micos da queima da cana-de-a\u00e7\u00facar no munic\u00edpio de Campos dos Goytacazes &#8211; RJ.<\/a><\/p>\n<p>&nbsp;<\/p>\n<hr \/>\n<p>&nbsp;<\/p>\n<p>Aluno: Jose Antonio Vitorazi Filho<br \/>\nOrientador: Prof. Marco Antonio Martins<br \/>\nData de In\u00edcio: 03\/2009<br \/>\nData de Defesa de Tese: 24\/03\/2011<br \/>\nT\u00edtulo da Tese: <a title=\"Disserta\u00e7\u00f5es 2011 - Conclu\u00eddas\" href=\"https:\/\/uenf.br\/posgraduacao\/producao-vegetal\/wp-content\/uploads\/sites\/10\/2014\/09\/Jos%C3%A9-Vitorazi.pdf\">Fungos micorr\u00edzicos arbusculares, bact\u00e9rias diazotr\u00f3ficas e aduba\u00e7\u00e3o fosfatada em mudas de maracujazeiro-doce.<\/a><\/p>\n<p>&nbsp;<\/p>\n<hr \/>\n<p>Aluno: Guilherme Bessa Miranda<br \/>\nOrientador: Prof. Ricardo Moreira de Souza<br \/>\nData de In\u00edcio: 03\/2009<br \/>\nData de Defesa de Tese: 30\/03\/2011<br \/>\nT\u00edtulo da Tese: <a title=\"Disserta\u00e7\u00f5es 2011 - Conclu\u00eddas\" href=\"https:\/\/uenf.br\/posgraduacao\/producao-vegetal\/wp-content\/uploads\/sites\/10\/2014\/08\/Guilherme.pdf\">M\u00e9todos de avalia\u00e7\u00e3o e caracteriza\u00e7\u00e3o da resist\u00eancia de <em>Psidium<\/em> spp. a <em>Meloidogyne enterolobii<\/em>.<\/a><\/p>\n<hr \/>\n<p>Aluno: Fernanda dos Santos Nogueira<br \/>\nOrientador: Profa. Karla Silva Ferreira<br \/>\nData de In\u00edcio: 03\/2009<br \/>\nData de Defesa de Tese: 31\/03\/2011<br \/>\nT\u00edtulo da Tese: <a title=\"Disserta\u00e7\u00f5es 2011 - Conclu\u00eddas\" href=\"https:\/\/uenf.br\/posgraduacao\/producao-vegetal\/wp-content\/uploads\/sites\/10\/2014\/08\/Fernanda.pdf\">Teores de \u00e1cido L-asc\u00f3rbico em frutas e sua estabilidade em sucos.<\/a><\/p>\n<p>&nbsp;<\/p>\n<p>&nbsp;<\/p>\n<hr \/>\n<p>Aluno: Renata Rodrigues Robaina<br \/>\nOrientador: Prof. Ricardo Moreira de Souza<br \/>\nData de In\u00edcio: 03\/2009<br \/>\nData de Defesa de Tese: 31\/03\/2011<br \/>\nT\u00edtulo da Tese: <a title=\"Disserta\u00e7\u00f5es 2011 - Conclu\u00eddas\" href=\"https:\/\/uenf.br\/posgraduacao\/producao-vegetal\/wp-content\/uploads\/sites\/10\/2014\/09\/Renata.pdf\">Enxertia de copa e subenxertia entre a goiabeira &#8220;Paluma&#8221; (<em>Psidium guajava<\/em> L.) e ara\u00e7azeiros (<em>Psidium cattleyanum<\/em>) visando \u00e0 produ\u00e7\u00e3o de mudas resistentes a <em>Meloidogyne enterolobii<\/em>. <\/a><\/p>\n<p>&nbsp;<\/p>\n<hr \/>\n<p>&nbsp;<\/p>\n<p>Aluno: Juliana Lauredo Valle dos Santos<br \/>\nOrientador: Prof. Eder Dutra de Resende<br \/>\nData de In\u00edcio: 03\/2009<br \/>\nData de Defesa de Tese: 04\/04\/2011<br \/>\nT\u00edtulo da Tese: <a title=\"Disserta\u00e7\u00f5es 2011 - Conclu\u00eddas\" href=\"https:\/\/uenf.br\/posgraduacao\/producao-vegetal\/wp-content\/uploads\/sites\/10\/2014\/09\/Juliana.pdf\">Qualidade dos frutos e ponto de colheita das cultivares de maracuj\u00e1: brs gigante amarelo, brs ouro vermelho e brs sol do cerrado.<\/a><\/p>\n<p>&nbsp;<\/p>\n<p>&nbsp;<\/p>\n<hr \/>\n<p>Aluno: Carlos Eduardo Ferreira dos Santos Junior<br \/>\nOrientador: Profa. Janie Mendes Jasmim<br \/>\nData de In\u00edcio: 03\/2009<br \/>\nData de Defesa de Tese: 14\/04\/2011<br \/>\nT\u00edtulo da Tese: <a title=\"Disserta\u00e7\u00f5es 2011 - Conclu\u00eddas\" href=\"https:\/\/uenf.br\/posgraduacao\/producao-vegetal\/wp-content\/uploads\/sites\/10\/2014\/08\/Carlos-Eduardo.pdf\">Aduba\u00e7\u00e3o nitrogenada e calagem na produ\u00e7\u00e3o de gramas Esmeralda e Bermuda.<\/a><\/p>\n<p>&nbsp;<\/p>\n<p>&nbsp;<\/p>\n<hr \/>\n<p>Aluno: Vitor Luiz Medeiros Barros J\u00fanior<br \/>\nOrientador: Prof. Cl\u00e1udio Roberto Marciano<br \/>\nData de In\u00edcio: 03\/2009<br \/>\nData de Defesa de Tese: 25\/04\/2011<br \/>\nT\u00edtulo da Tese: <a title=\"Disserta\u00e7\u00f5es 2011 - Conclu\u00eddas\" href=\"https:\/\/uenf.br\/posgraduacao\/producao-vegetal\/wp-content\/uploads\/sites\/10\/2014\/09\/Vitor-Luiz.pdf\">Utiliza\u00e7\u00e3o do radar de penetra\u00e7\u00e3o em dois solos do Norte Fluminense.<\/a><\/p>\n<p>&nbsp;<\/p>\n<hr \/>\n<p>&nbsp;<\/p>\n<p>Aluno: Leonardo Muniz Aziz Milhem<br \/>\nOrientador: Prof\u00aa Cl\u00e1udia Sales Marinho<br \/>\nData de In\u00edcio: 03\/2009<br \/>\nData de Defesa de Tese: 28\/04\/2011<br \/>\nT\u00edtulo da Tese: <a title=\"Disserta\u00e7\u00f5es 2011 - Conclu\u00eddas\" href=\"https:\/\/uenf.br\/posgraduacao\/producao-vegetal\/wp-content\/uploads\/sites\/10\/2014\/09\/Leonardo.pdf\">Ambientes de enraizamento e substratos de cultivo para mudas de goiabeira produzidas por miniestaquia.<\/a><\/p>\n<p>&nbsp;<\/p>\n<p>&nbsp;<\/p>\n<hr \/>\n<p>Aluno: Shalline Hermes Sampaio<br \/>\nOrientador: Prof\u00aa Daniela Barros de Oliveira<br \/>\nData de In\u00edcio: 03\/2009<br \/>\nData de Defesa de Tese: 13\/05\/2011<br \/>\nT\u00edtulo da Tese: <a title=\"Disserta\u00e7\u00f5es 2011 - Conclu\u00eddas\" href=\"https:\/\/uenf.br\/posgraduacao\/producao-vegetal\/wp-content\/uploads\/sites\/10\/2014\/09\/Shalline.pdf\">Avalia\u00e7\u00e3o dos teores de lip\u00eddios e prote\u00ednas e do perfil qu\u00edmico sob diferentes condi\u00e7\u00f5es de cultivo da macroalga <em>Stypopodium zonale<\/em> Papenfuss (Dictyotales, Phaeophyta).<\/a><\/p>\n<p>&nbsp;<\/p>\n<hr \/>\n<p>&nbsp;<\/p>\n<p>Aluno: Eurico Huziwara<br \/>\nOrientador: Prof. Silv\u00e9rio de Paiva Freitas<br \/>\nData de In\u00edcio: 03\/2010<br \/>\nData de Defesa de Tese: 20\/05\/2011<br \/>\nT\u00edtulo da Tese: <a title=\"Disserta\u00e7\u00f5es 2011 - Conclu\u00eddas\" href=\"https:\/\/uenf.br\/posgraduacao\/producao-vegetal\/wp-content\/uploads\/sites\/10\/2014\/08\/Eurico.pdf\">Efeito de herbicidas na flora e na fauna ed\u00e1fica em solos sob cana-de-a\u00e7\u00facar na regi\u00e3o Norte Fluminense.<\/a><\/p>\n<p>&nbsp;<\/p>\n<p>&nbsp;<\/p>\n<hr \/>\n<p>Aluno: \u00c9rica Mirre Pereira<br \/>\nOrientador: Prof. Jos\u00e9 Tarc\u00edsio Lima Thi\u00e9baut<br \/>\nData de In\u00edcio: 03\/2008<br \/>\nData de Defesa de Tese: 28\/06\/2011<br \/>\nT\u00edtulo da Tese: <a href=\"https:\/\/uenf.br\/posgraduacao\/producao-vegetal\/wp-content\/uploads\/sites\/10\/2017\/10\/Erica-Mirre.pdf\" target=\"_blank\" rel=\"noopener\">Aplica\u00e7\u00f5es dos modelos lineares mistos na pesquisa agropecu\u00e1ria<\/a>.<a title=\"Disserta\u00e7\u00f5es 2011 - Conclu\u00eddas\" href=\"https:\/\/uenf.br\/posgraduacao\/producao-vegetal\/wp-content\/uploads\/sites\/10\/2014\/08\/%C3%89rica-Mirre.pdf\"><\/a><\/p>\n<p>&nbsp;<\/p>\n<hr \/>\n<p>&nbsp;<\/p>\n<p>Aluno: Gabriela Domingos de Figueiredo Tatagiba Ara\u00fajo<br \/>\nOrientador: Prof. Omar Eduardo Bailez<br \/>\nData de In\u00edcio: 03\/2009<br \/>\nData de Defesa de Tese: 05\/07\/2011<br \/>\nT\u00edtulo da Tese: <a title=\"Disserta\u00e7\u00f5es 2011 - Conclu\u00eddas\" href=\"https:\/\/uenf.br\/posgraduacao\/producao-vegetal\/wp-content\/uploads\/sites\/10\/2014\/08\/Gabriela.pdf\">Incremento da efici\u00eancia de iscas destinadas ao controle da formiga cortadeira <em>Atta sexdens rubropilosa<\/em> (Hymenoptera: Formicidae) mediante o uso de extrato de gl\u00e2ndula de veneno e farinha foliar de gergelim.<\/a><\/p>\n<hr \/>\n<p>&nbsp;<\/p>\n<p>Aluno: Danielle Aparecida Duarte Nunes<br \/>\nOrientador: Prof. Antonio Carlos da Gama-Rodrigues<br \/>\nData de In\u00edcio: 03\/2009<br \/>\nData de Defesa de Tese: 06\/07\/2011<br \/>\nT\u00edtulo da Tese: <a title=\"Disserta\u00e7\u00f5es 2011 - Conclu\u00eddas\" href=\"https:\/\/uenf.br\/posgraduacao\/producao-vegetal\/wp-content\/uploads\/sites\/10\/2014\/08\/Danielle-aparecida.pdf\">Mineraliza\u00e7\u00e3o de f\u00f3sforo org\u00e2nico em solos sob leguminosas florestais, floresta secund\u00e1ria e pastagem.<\/a><\/p>\n<p>&nbsp;<\/p>\n<p>&nbsp;<\/p>\n<hr \/>\n<p>Aluno: Cristobal Soto Solano<br \/>\nOrientador: Prof. Niraldo Jos\u00e9 Ponciano<br \/>\nData de In\u00edcio: 03\/2009<br \/>\nData de Defesa de Tese: 11\/07\/2011<br \/>\nT\u00edtulo da Tese: <a title=\"Disserta\u00e7\u00f5es 2011 - Conclu\u00eddas\" href=\"https:\/\/uenf.br\/posgraduacao\/producao-vegetal\/wp-content\/uploads\/sites\/10\/2014\/08\/Crist%C3%B3bal.pdf\">Avalia\u00e7\u00e3o t\u00e9cnica e econ\u00f4mica dos sistemas de colheita da cana-de-a\u00e7\u00facar no munic\u00edpio de Campos dos Goytacazes.<\/a><\/p>\n<p>&nbsp;<\/p>\n<hr \/>\n<p>&nbsp;<\/p>\n<p>Aluno: Juliana Ara\u00fajo Rangel de Almeida<br \/>\nOrientador: Prof\u00aa N\u00e1dia Rosa Pereira<br \/>\nData de In\u00edcio: 03\/2009<br \/>\nData de Defesa de Tese: 25\/08\/2011<br \/>\nT\u00edtulo da Tese: <a title=\"Disserta\u00e7\u00f5es 2011 - Conclu\u00eddas\" href=\"https:\/\/uenf.br\/posgraduacao\/producao-vegetal\/wp-content\/uploads\/sites\/10\/2014\/09\/Juliana-almeida.pdf\">Desidrata\u00e7\u00e3o osm\u00f3tica de banana (<em>Musa<\/em> spp.): cin\u00e9tica de desidrata\u00e7\u00e3o e avalia\u00e7\u00e3o de compostos bioativos.<\/a><\/p>\n<p>&nbsp;<\/p>\n<p>&nbsp;<\/p>\n<hr \/>\n<p>Aluno: Jos\u00e9 Geraldo Assis Nunes<br \/>\nOrientador: Prof. Ricardo Ferreira Garcia<br \/>\nData de In\u00edcio: 03\/2009<br \/>\nData de Defesa de Tese: 06\/09\/2011<br \/>\nT\u00edtulo da Tese: Desempenho de uma semeadura-adubadora em sistema de plantio direto da cultura de girassol em lambissolo no Norte Fluminense.<\/p>\n<p>&nbsp;<\/p>\n<hr \/>\n<p>&nbsp;<\/p>\n<p>Aluno: Nat\u00e1lia de Oliveira Aguiar<br \/>\nOrientador: Prof. Luciano Pasqualoto Canellas<br \/>\nData de In\u00edcio: 03\/2010<br \/>\nData de Defesa de Tese: 11\/10\/2011<br \/>\nT\u00edtulo da Tese: <a title=\"Disserta\u00e7\u00f5es 2011 - Conclu\u00eddas\" href=\"https:\/\/uenf.br\/posgraduacao\/producao-vegetal\/wp-content\/uploads\/sites\/10\/2014\/09\/Nat%C3%A1lia-Aguiar.pdf\">Caracter\u00edsticas qu\u00edmicas e bioatividade de \u00e1cidos h\u00famicos isolados de vermicompostos em diferentes est\u00e1dios de matura\u00e7\u00e3o.<\/a><\/p>\n<p>&nbsp;<\/p>\n<hr \/>\n<p>Aluno: Neila Faber da Silva<br \/>\nOrientador: Prof\u00aa Karla Silva Ferreira<br \/>\nData de In\u00edcio: 03\/2009<br \/>\nData de Defesa de Tese: 15\/12\/2011<br \/>\nT\u00edtulo da Tese: Insufici\u00eancia renal &#8211; alimenta\u00e7\u00e3o adequada e qualidade de vida.<\/p>\n<p>&nbsp;<\/p>\n<hr \/>\n<p>Aluno: Sebasti\u00e3o Ney Costa de Almeida<br \/>\nOrientador: Prof. Jos\u00e9 Tarc\u00edsio Lima Thi\u00e9baut<br \/>\nData de In\u00edcio: 03\/2010<br \/>\nData de Defesa de Tese: 16\/12\/2011<br \/>\nT\u00edtulo da Tese: <a title=\"Disserta\u00e7\u00f5es 2011 - Conclu\u00eddas\" href=\"https:\/\/uenf.br\/posgraduacao\/producao-vegetal\/wp-content\/uploads\/sites\/10\/2014\/09\/Sebasti%C3%A3o-Ney.pdf\">Avalia\u00e7\u00e3o de caracter\u00edsticas morfol\u00f3gicas e agron\u00f4micas de linhagens de feij\u00e3o de vagem em Bom Jesus do Itabapoana-RJ, com potencial de recomenda\u00e7\u00e3o.<\/a><\/p>\n<div id=\"divisor\">\n<hr \/>\n<\/div>\n<div id=\"Caixa_Indice\"><\/div>\n","protected":false},"excerpt":{"rendered":"<p>&nbsp; Aluno: Carmen Maria Coimbra Manh\u00e3es Orientador: Prof\u00aa Emanuela Forestieri da Gama-Rodrigues Data de In\u00edcio: 03\/2009 Data de Defesa de&#8230;<\/p>\n","protected":false},"author":21,"featured_media":0,"parent":30,"menu_order":3,"comment_status":"closed","ping_status":"open","template":"","meta":{"footnotes":""},"class_list":["post-60","page","type-page","status-publish","hentry"],"_links":{"self":[{"href":"https:\/\/uenf.br\/posgraduacao\/producao-vegetal\/wp-json\/wp\/v2\/pages\/60","targetHints":{"allow":["GET"]}}],"collection":[{"href":"https:\/\/uenf.br\/posgraduacao\/producao-vegetal\/wp-json\/wp\/v2\/pages"}],"about":[{"href":"https:\/\/uenf.br\/posgraduacao\/producao-vegetal\/wp-json\/wp\/v2\/types\/page"}],"author":[{"embeddable":true,"href":"https:\/\/uenf.br\/posgraduacao\/producao-vegetal\/wp-json\/wp\/v2\/users\/21"}],"replies":[{"embeddable":true,"href":"https:\/\/uenf.br\/posgraduacao\/producao-vegetal\/wp-json\/wp\/v2\/comments?post=60"}],"version-history":[{"count":0,"href":"https:\/\/uenf.br\/posgraduacao\/producao-vegetal\/wp-json\/wp\/v2\/pages\/60\/revisions"}],"up":[{"embeddable":true,"href":"https:\/\/uenf.br\/posgraduacao\/producao-vegetal\/wp-json\/wp\/v2\/pages\/30"}],"wp:attachment":[{"href":"https:\/\/uenf.br\/posgraduacao\/producao-vegetal\/wp-json\/wp\/v2\/media?parent=60"}],"curies":[{"name":"wp","href":"https:\/\/api.w.org\/{rel}","templated":true}]}}