{"id":679,"date":"2024-09-06T11:08:48","date_gmt":"2024-09-06T14:08:48","guid":{"rendered":"https:\/\/uenf.br\/posgraduacao\/setimp\/?page_id=679"},"modified":"2026-01-20T15:42:42","modified_gmt":"2026-01-20T18:42:42","slug":"operacoes-dispensadas-de-habilitacao-no-siscomex-pessoa-fisica","status":"publish","type":"page","link":"https:\/\/uenf.br\/posgraduacao\/setimp\/procedimentos-para-importacao-pelo-pesquisador\/operacoes-dispensadas-de-habilitacao-no-siscomex-pessoa-fisica\/","title":{"rendered":"Opera\u00e7\u00f5es Dispensadas de Habilita\u00e7\u00e3o no Siscomex \u2013 Pessoa F\u00edsica"},"content":{"rendered":"\r\n<p>A pessoa f\u00edsica est\u00e1\u00a0dispensada\u00a0da habilita\u00e7\u00e3o no\u00a0<strong><a style=\"color: #0000ff\" href=\"https:\/\/www.gov.br\/receitafederal\/pt-br\/assuntos\/aduana-e-comercio-exterior\/importacao-e-exportacao\/sistema-integrado-de-comercio-exterior-siscomex\">Sistema\u202fIntegrado de Com\u00e9rcio Exterior\u00a0\u2013\u202f<\/a><a style=\"color: #0000ff\" href=\"https:\/\/www.gov.br\/receitafederal\/pt-br\/assuntos\/aduana-e-comercio-exterior\/importacao-e-exportacao\/sistema-integrado-de-comercio-exterior-siscomex\">Siscomex<\/a><\/strong>,\u00a0quando realizar opera\u00e7\u00f5es de com\u00e9rcio exterior em seu pr\u00f3prio nome, com exce\u00e7\u00e3o dos produtores rurais com inscri\u00e7\u00e3o no Cadastro Nacional da Pessoa Jur\u00eddica.\u00a0Portanto n\u00e3o h\u00e1 que se falar em comprovante de habilita\u00e7\u00e3o de pessoa f\u00edsica.<\/p>\r\n<p>\r\n\r\n<\/p>\r\n<p>\u00a0A pessoa f\u00edsica que operar no com\u00e9rcio exterior em seu pr\u00f3prio nome poder\u00e1 realizar, t\u00e3o somente:\u00a0<\/p>\r\n<p>\r\n\r\n<\/p>\r\n<p><img decoding=\"async\" src=\"https:\/\/www.gov.br\/receitafederal\/pt-br\/assuntos\/aduana-e-comercio-exterior\/manuais\/habilitacao\/Pessoa-Fisica\/Operacoes-Dispensadas\/copy_of_marcador.png\" alt=\"\" \/>\u00a0opera\u00e7\u00f5es de com\u00e9rcio exterior para a realiza\u00e7\u00e3o de suas atividades profissionais, inclusive na condi\u00e7\u00e3o de produtor rural, artes\u00e3o, artista ou assemelhado;\u00a0<\/p>\r\n<p>\r\n\r\n<\/p>\r\n<p><img decoding=\"async\" src=\"https:\/\/www.gov.br\/receitafederal\/pt-br\/assuntos\/aduana-e-comercio-exterior\/manuais\/habilitacao\/Pessoa-Fisica\/Operacoes-Dispensadas\/copy_of_marcador.png\" alt=\"\" \/>\u00a0importa\u00e7\u00f5es para seu uso e consumo pr\u00f3prio;\u00a0\u00a0e<\/p>\r\n<p>\r\n\r\n<\/p>\r\n<p><img decoding=\"async\" src=\"https:\/\/www.gov.br\/receitafederal\/pt-br\/assuntos\/aduana-e-comercio-exterior\/manuais\/habilitacao\/Pessoa-Fisica\/Operacoes-Dispensadas\/copy_of_marcador.png\" alt=\"\" \/>\u00a0importa\u00e7\u00f5es para suas cole\u00e7\u00f5es pessoais.<\/p>\r\n<p>\r\n\r\n<\/p>\r\n<p>O\u00a0despachante aduaneiro\u00a0poder\u00e1 ser credenciado como <strong><a style=\"color: #0000ff\" href=\"https:\/\/www.gov.br\/receitafederal\/pt-br\/assuntos\/aduana-e-comercio-exterior\/manuais\/habilitacao\/representante-orientacoes-validas-a-partir-do-dia-01-12-2020-inicio-da-vigencia-da-in-rfb-no1984-2020\">representante<\/a><\/strong> da pessoa f\u00edsica para a pr\u00e1tica das atividades relacionadas com o despacho aduaneiro.<\/p>\r\n<p>\r\n\r\n<\/p>\r\n<p>Em regra, o\u00a0<strong><a style=\"color: #0000ff\" href=\"https:\/\/www.gov.br\/receitafederal\/pt-br\/assuntos\/aduana-e-comercio-exterior\/manuais\/habilitacao\/Pessoa-Fisica\">credenciamento e descredenciamento<\/a><\/strong>\u00a0de representantes\u00a0ser\u00e3o efetuados no m\u00f3dulo \u201cCadastro de Intervenientes\u201d do Portal Siscomex na Internet (Portal Habilita), mediante a utiliza\u00e7\u00e3o de certificado digital v\u00e1lido emitido por autoridade certificadora integrante da Infraestrutura de Chaves P\u00fablicas Brasileira (ICP-Brasil).\u00a0<\/p>\r\n<p>\r\n\r\n<\/p>\r\n<p>No entanto, o\u00a0credenciamento e o descredenciamento de representantes\u00a0poder\u00e3o ser requeridos \u00e0 RFB pelo\u00a0<strong><a style=\"color: #0000ff\" href=\"https:\/\/www.gov.br\/receitafederal\/pt-br\/assuntos\/aduana-e-comercio-exterior\/manuais\/habilitacao\/declarantes-de-mercadorias-orientacoes-validas-a-partir-do-dia-01-12-2020-inicio-da-vigencia-da-in-rfb-no1984-2020\">declarante de mercadorias<\/a><\/strong>\u00a0pessoa f\u00edsica que n\u00e3o possuir Certificado Digital quando:<\/p>\r\n<p>\r\n\r\n<\/p>\r\n<p><img decoding=\"async\" src=\"https:\/\/www.gov.br\/receitafederal\/pt-br\/assuntos\/aduana-e-comercio-exterior\/manuais\/habilitacao\/Pessoa-Fisica\/Operacoes-Dispensadas\/copy_of_marcador.png\" alt=\"\" \/>\u00a0realizar opera\u00e7\u00f5es de com\u00e9rcio exterior relativas a bens integrantes de bagagem desacompanhada;<\/p>\r\n<p>\r\n\r\n<\/p>\r\n<p><img decoding=\"async\" src=\"https:\/\/www.gov.br\/receitafederal\/pt-br\/assuntos\/aduana-e-comercio-exterior\/manuais\/habilitacao\/Pessoa-Fisica\/Operacoes-Dispensadas\/copy_of_marcador.png\" alt=\"\" \/>\u00a0realizar importa\u00e7\u00e3o de medicamentos, sob prescri\u00e7\u00e3o m\u00e9dica,\u00a0ou;<\/p>\r\n<p>\r\n\r\n<\/p>\r\n<p><img decoding=\"async\" src=\"https:\/\/www.gov.br\/receitafederal\/pt-br\/assuntos\/aduana-e-comercio-exterior\/manuais\/habilitacao\/Pessoa-Fisica\/Operacoes-Dispensadas\/copy_of_marcador.png\" alt=\"\" \/>\u00a0em situa\u00e7\u00f5es excepcionais, estiver impossibilitado de providenciar o certificado digital, desde que, nesse \u00faltimo caso, sejam comprovados cumulativamente, mediante documenta\u00e7\u00f5es, os seguintes requisitos:<\/p>\r\n<p>\r\n\r\n<\/p>\r\n<p>I &#8211; o motivo de for\u00e7a maior que justifique a impossibilidade de o declarante pessoa f\u00edsica obter seu certificado digital; e<\/p>\r\n<p>\r\n\r\n<\/p>\r\n<p>II &#8211; a exist\u00eancia de carga do declarante de mercadorias dispon\u00edvel para registro de declara\u00e7\u00e3o de importa\u00e7\u00e3o ou de exporta\u00e7\u00e3o.<\/p>\r\n<p>\r\n\r\n<\/p>\r\n<p><strong><a style=\"color: #0000ff\" href=\"https:\/\/www.gov.br\/receitafederal\/pt-br\/assuntos\/aduana-e-comercio-exterior\/manuais\/habilitacao\/credenciamento-de-representante-pessoa-fisica\">Clique aqui para mais informa\u00e7\u00f5es a respeito<\/a><\/strong>.<\/p>\r\n<p>\r\n\r\n<\/p>\r\n<p>Caso a pessoa f\u00edsica deseje operar o sistema diretamente, sem a interfer\u00eancia de um representante (despachante aduaneiro),\u00a0\u00e9 necess\u00e1rio observar os procedimentos relativos ao\u00a0<strong><a style=\"color: #0000ff\" href=\"https:\/\/www.gov.br\/receitafederal\/pt-br\/assuntos\/aduana-e-comercio-exterior\/manuais\/habilitacao\/Pessoa-Juridica\/instrucoes-de-preenchimento-do-formulario-de-controle-de-acesso-aos-sistemas-informatizados-da-rfb\">controle de acesso aos sistemas de com\u00e9rcio exterior<\/a><\/strong>.\u00a0<\/p>\r\n","protected":false},"excerpt":{"rendered":"<p>A pessoa f\u00edsica est\u00e1\u00a0dispensada\u00a0da habilita\u00e7\u00e3o no\u00a0Sistema\u202fIntegrado de Com\u00e9rcio Exterior\u00a0\u2013\u202fSiscomex,\u00a0quando realizar opera\u00e7\u00f5es de com\u00e9rcio exterior em seu pr\u00f3prio nome, com exce\u00e7\u00e3o&#8230;<\/p>\n","protected":false},"author":54,"featured_media":0,"parent":548,"menu_order":0,"comment_status":"closed","ping_status":"closed","template":"","meta":{"footnotes":""},"class_list":["post-679","page","type-page","status-publish","hentry"],"_links":{"self":[{"href":"https:\/\/uenf.br\/posgraduacao\/setimp\/wp-json\/wp\/v2\/pages\/679","targetHints":{"allow":["GET"]}}],"collection":[{"href":"https:\/\/uenf.br\/posgraduacao\/setimp\/wp-json\/wp\/v2\/pages"}],"about":[{"href":"https:\/\/uenf.br\/posgraduacao\/setimp\/wp-json\/wp\/v2\/types\/page"}],"author":[{"embeddable":true,"href":"https:\/\/uenf.br\/posgraduacao\/setimp\/wp-json\/wp\/v2\/users\/54"}],"replies":[{"embeddable":true,"href":"https:\/\/uenf.br\/posgraduacao\/setimp\/wp-json\/wp\/v2\/comments?post=679"}],"version-history":[{"count":0,"href":"https:\/\/uenf.br\/posgraduacao\/setimp\/wp-json\/wp\/v2\/pages\/679\/revisions"}],"up":[{"embeddable":true,"href":"https:\/\/uenf.br\/posgraduacao\/setimp\/wp-json\/wp\/v2\/pages\/548"}],"wp:attachment":[{"href":"https:\/\/uenf.br\/posgraduacao\/setimp\/wp-json\/wp\/v2\/media?parent=679"}],"curies":[{"name":"wp","href":"https:\/\/api.w.org\/{rel}","templated":true}]}}