{"id":886,"date":"2019-10-01T10:16:08","date_gmt":"2019-10-01T13:16:08","guid":{"rendered":"http:\/\/uenf.br\/projetos\/arvoresdauenf\/?page_id=886"},"modified":"2021-05-01T12:44:59","modified_gmt":"2021-05-01T15:44:59","slug":"pata-de-vaca","status":"publish","type":"page","link":"https:\/\/uenf.br\/projetos\/arvoresdauenf\/especie-2\/pata-de-vaca\/","title":{"rendered":"Pata de vaca"},"content":{"rendered":"<h2><em>Bauhinia variegata<\/em> Link.<\/h2>\n<h3><strong><span style=\"color: #000000\">Fam\u00edlia: Fabaceae\u00a0<\/span><\/strong><\/h3>\n<h3><strong><span style=\"color: #000000\">Nomes populares: P<b>ata-de-vaca<\/b>,\u00a0<b>casco-de-vaca<\/b>,\u00a0<b>pata-de-boi<\/b>,\u00a0<b>pata-de-vaca-branca<\/b>,\u00a0<b>unha-de-boi<\/b>\u00a0e\u00a0<b>unha-de-vaca.<\/b><\/span><\/strong><\/h3>\n<h3>Origem: China e \u00cdndia<\/h3>\n<h3 id=\"distribuicaoGeografica\" class=\"label\"><strong>Distribui\u00e7\u00e3o Geogr\u00e1fica<\/strong><\/h3>\n<div class=\"tabelamapa\">\n<div id=\"ocorrencia_confirmada\" class=\"label\"><strong>Ocorr\u00eancias confirmadas:<\/strong><\/div>\n<div id=\"tr-carregaTaxonGrupoDistribuicaoGeograficaCertezaNordeste\" class=\"distribuicaoGeograficaCertezaNordeste\"><\/div>\n<div id=\"tr-carregaTaxonGrupoDistribuicaoGeograficaCertezaSudeste\" class=\"distribuicaoGeograficaCertezaSudeste\">\n<div id=\"tr-carregaTaxonGrupoDistribuicaoGeograficaCertezaNordeste\" class=\"distribuicaoGeograficaCertezaNordeste\">\n<ul>\n<li><b>Centro-0este<\/b>\u00a0(Distrito Federal, Goi\u00e1s, Mato Grosso do Sul)<\/li>\n<li id=\"idFieldCertezaNordeste\" class=\"field\"><b>Nordeste<\/b> (Alagoas, Bahia, Cear\u00e1, Pernambuco, Piau\u00ed, Sergipe)<\/li>\n<li><strong>Norte<\/strong> (Acre, Par\u00e1)<\/li>\n<li><b>Sudeste<\/b> (Esp\u00edrito Santo, Minas Gerais, Rio de Janeiro, S\u00e3o Paulo)<\/li>\n<li class=\"field\"><b>Sul<\/b>\u00a0(Paran\u00e1, Rio Grande do Sul, Santa Catarina)<\/li>\n<\/ul>\n<\/div>\n<div id=\"tr-carregaTaxonGrupoDistribuicaoGeograficaCertezaSul\" class=\"distribuicaoGeograficaCertezaSul\"><strong>Ocorr\u00eancia poss\u00edvel:<\/strong><\/div>\n<\/div>\n<div>\n<div class=\"dominiosFitogeograficos\">\n<ul>\n<li><b>Nordeste<\/b> (Para\u00edba)<\/li>\n<\/ul>\n<\/div>\n<\/div>\n<\/div>\n<div>\n<div class=\"tabelamapa\">\n<div>\n<div id=\"tr-carregaTaxonGrupoTipoVegetacao\" class=\"tipoVegetacao\">\n<div id=\"idFieldTiposVegetacao\" class=\"field\"><\/div>\n<\/div>\n<\/div>\n<\/div>\n<\/div>\n<div><img loading=\"lazy\" decoding=\"async\" class=\" wp-image-1466 aligncenter\" src=\"http:\/\/uenf.br\/projetos\/arvoresdauenf\/files\/2020\/07\/bauhinia-variegata-300x296.jpg\" alt=\"\" width=\"357\" height=\"352\" srcset=\"https:\/\/uenf.br\/projetos\/arvoresdauenf\/files\/2020\/07\/bauhinia-variegata-300x296.jpg 300w, https:\/\/uenf.br\/projetos\/arvoresdauenf\/files\/2020\/07\/bauhinia-variegata.jpg 674w\" sizes=\"auto, (max-width: 357px) 100vw, 357px\" \/><\/div>\n<div><\/div>\n<div>Fonte:\u00a0Flora do Brasil, 2020 (<a href=\"http:\/\/floradobrasil.jbrj.gov.br\/reflora\/listaBrasil\/ConsultaPublicaUC\/BemVindoConsultaPublicaConsultar.do?invalidatePageControlCounter=1&amp;idsFilhosAlgas=%5B2%5D&amp;idsFilhosFungos=%5B1%2C10%2C11%5D&amp;lingua=&amp;grupo=5&amp;familia=null&amp;genero=&amp;especie=&amp;autor=&amp;nomeVernaculo=&amp;nomeCompleto=Fabaceae+Bauhinia+variegata+L.&amp;formaVida=null&amp;substrato=null&amp;ocorreBrasil=QUALQUER&amp;ocorrencia=OCORRE&amp;endemismo=TODOS&amp;origem=TODOS&amp;regiao=QUALQUER&amp;estado=QUALQUER&amp;ilhaOceanica=32767&amp;domFitogeograficos=QUALQUER&amp;bacia=QUALQUER&amp;vegetacao=TODOS&amp;mostrarAte=SUBESP_VAR&amp;opcoesBusca=TODOS_OS_NOMES&amp;loginUsuario=Visitante&amp;senhaUsuario=&amp;contexto=consulta-publica\">clique aqui<\/a>)<\/div>\n<h3>H\u00e1 matrizes plantadas no <em>campus<\/em> Leonel Brizola e no <em>campus<\/em> de Maca\u00e9, conferindo boa sombra em fun\u00e7\u00e3o de sua copa densa, em especial na primavera e no ver\u00e3o.<\/h3>\n<div id=\"attachment_1503\" style=\"width: 310px\" class=\"wp-caption aligncenter\"><img loading=\"lazy\" decoding=\"async\" aria-describedby=\"caption-attachment-1503\" class=\"wp-image-1503 size-medium\" src=\"http:\/\/uenf.br\/projetos\/arvoresdauenf\/files\/2020\/07\/IMG_1447-300x225.jpg\" alt=\"\" width=\"300\" height=\"225\" srcset=\"https:\/\/uenf.br\/projetos\/arvoresdauenf\/files\/2020\/07\/IMG_1447-300x225.jpg 300w, https:\/\/uenf.br\/projetos\/arvoresdauenf\/files\/2020\/07\/IMG_1447-1024x768.jpg 1024w, https:\/\/uenf.br\/projetos\/arvoresdauenf\/files\/2020\/07\/IMG_1447-768x576.jpg 768w, https:\/\/uenf.br\/projetos\/arvoresdauenf\/files\/2020\/07\/IMG_1447-1536x1152.jpg 1536w, https:\/\/uenf.br\/projetos\/arvoresdauenf\/files\/2020\/07\/IMG_1447-2048x1536.jpg 2048w\" sizes=\"auto, (max-width: 300px) 100vw, 300px\" \/><p id=\"caption-attachment-1503\" class=\"wp-caption-text\">Bauhinia variegata no campus de Maca\u00e9. Foto: Christian Ribeiro<\/p><\/div>\n<h3 style=\"text-align: center\">As folhas, em formato de pata de vaca, o que lhe confere o nome popular, s\u00e3o alternas, simples, cori\u00e1ceas, apresentam nervura clara e l\u00f3bulos arredondados. Caem parcialmente no outono.<\/h3>\n<h3><img loading=\"lazy\" decoding=\"async\" class=\"wp-image-1468 aligncenter\" src=\"http:\/\/uenf.br\/projetos\/arvoresdauenf\/files\/2020\/07\/20200628_170055-min-225x300.jpg\" alt=\"\" width=\"250\" height=\"333\" srcset=\"https:\/\/uenf.br\/projetos\/arvoresdauenf\/files\/2020\/07\/20200628_170055-min-225x300.jpg 225w, https:\/\/uenf.br\/projetos\/arvoresdauenf\/files\/2020\/07\/20200628_170055-min-768x1024.jpg 768w, https:\/\/uenf.br\/projetos\/arvoresdauenf\/files\/2020\/07\/20200628_170055-min-1152x1536.jpg 1152w, https:\/\/uenf.br\/projetos\/arvoresdauenf\/files\/2020\/07\/20200628_170055-min-1536x2048.jpg 1536w\" sizes=\"auto, (max-width: 250px) 100vw, 250px\" \/><\/h3>\n<h3>O florescimento se inicia em meados do inverno e permanece na primavera. As flores s\u00e3o vistosas, p\u00eantameras, com uma p\u00e9tala superior modificada e\u00a0 longos estames . As p\u00e9talas podem apresentar colora\u00e7\u00e3o branca, rosada ou lil\u00e1s.<\/h3>\n<div id=\"attachment_1467\" style=\"width: 253px\" class=\"wp-caption aligncenter\"><img loading=\"lazy\" decoding=\"async\" aria-describedby=\"caption-attachment-1467\" class=\"wp-image-1467\" src=\"http:\/\/uenf.br\/projetos\/arvoresdauenf\/files\/2020\/07\/IMG-20200715-WA0014-Maca\u00e9-min-169x300.jpg\" alt=\"\" width=\"243\" height=\"431\" srcset=\"https:\/\/uenf.br\/projetos\/arvoresdauenf\/files\/2020\/07\/IMG-20200715-WA0014-Maca\u00e9-min-169x300.jpg 169w, https:\/\/uenf.br\/projetos\/arvoresdauenf\/files\/2020\/07\/IMG-20200715-WA0014-Maca\u00e9-min-576x1024.jpg 576w, https:\/\/uenf.br\/projetos\/arvoresdauenf\/files\/2020\/07\/IMG-20200715-WA0014-Maca\u00e9-min.jpg 581w\" sizes=\"auto, (max-width: 243px) 100vw, 243px\" \/><p id=\"caption-attachment-1467\" class=\"wp-caption-text\">Flores e bot\u00e3o floral de <em>Bauhinia variegata<\/em>. Foto: Carlos Pereira Oliveira<\/p><\/div>\n<div id=\"attachment_1470\" style=\"width: 253px\" class=\"wp-caption aligncenter\"><img loading=\"lazy\" decoding=\"async\" aria-describedby=\"caption-attachment-1470\" class=\"wp-image-1470\" src=\"http:\/\/uenf.br\/projetos\/arvoresdauenf\/files\/2020\/07\/20200628_165942-min-225x300.jpg\" alt=\"\" width=\"243\" height=\"324\" srcset=\"https:\/\/uenf.br\/projetos\/arvoresdauenf\/files\/2020\/07\/20200628_165942-min-225x300.jpg 225w, https:\/\/uenf.br\/projetos\/arvoresdauenf\/files\/2020\/07\/20200628_165942-min-768x1024.jpg 768w, https:\/\/uenf.br\/projetos\/arvoresdauenf\/files\/2020\/07\/20200628_165942-min-1152x1536.jpg 1152w, https:\/\/uenf.br\/projetos\/arvoresdauenf\/files\/2020\/07\/20200628_165942-min-1536x2048.jpg 1536w\" sizes=\"auto, (max-width: 243px) 100vw, 243px\" \/><p id=\"caption-attachment-1470\" class=\"wp-caption-text\">Flor em detalhe. Foto: Deborah G. Barroso<\/p><\/div>\n<p>&nbsp;<\/p>\n<div id=\"attachment_1505\" style=\"width: 256px\" class=\"wp-caption aligncenter\"><img loading=\"lazy\" decoding=\"async\" aria-describedby=\"caption-attachment-1505\" class=\"wp-image-1505\" style=\"font-size: 16px\" src=\"http:\/\/uenf.br\/projetos\/arvoresdauenf\/files\/2020\/07\/8fd8e7c6-679d-4567-af31-d8bf45c309d6-225x300.jpg\" alt=\"\" width=\"246\" height=\"328\" srcset=\"https:\/\/uenf.br\/projetos\/arvoresdauenf\/files\/2020\/07\/8fd8e7c6-679d-4567-af31-d8bf45c309d6-225x300.jpg 225w, https:\/\/uenf.br\/projetos\/arvoresdauenf\/files\/2020\/07\/8fd8e7c6-679d-4567-af31-d8bf45c309d6-768x1024.jpg 768w, https:\/\/uenf.br\/projetos\/arvoresdauenf\/files\/2020\/07\/8fd8e7c6-679d-4567-af31-d8bf45c309d6.jpg 780w\" sizes=\"auto, (max-width: 246px) 100vw, 246px\" \/><p id=\"caption-attachment-1505\" class=\"wp-caption-text\">Detalhes da flor rosa da <em>B. variegata<\/em> no <em>campus<\/em> Leonel Brizola. Foto: Christian Ribeiro<\/p><\/div>\n<h3><strong>Curiosidades:<\/strong><\/h3>\n<ul>\n<li><em>A B. variegata\u00a0 var. candida<\/em> (Aiton) Buch-Ham, por possuir flores brancas, \u00e9 por vezes confundida com a <em>Bauhinia forficata <\/em>Link, utilizada no tratamento de diabetes. Entretanto, para diferenci\u00e1-las, deve-se observar que a <em>B. forticata<\/em> apresenta espinhos na base das folhas, fol\u00edolos com \u00e1pices pontiagudos e flores com p\u00e9talas lineares (<a href=\"http:\/\/www2.esalq.usp.br\/biblioteca\/file\/2562\/download?token=7Ow5LCxL\">clique aqui<\/a>).<\/li>\n<li>Tamb\u00e9m o extrato hidroalcoolico de sementes de <em>B. variegata<\/em> apresentou efeito hipoglicemiante em ratos, e a decoc\u00e7\u00e3o das folhas, efeito antidiab\u00e9tico. O extrato etan\u00f3lico apresenta atividade antitumoral e subst\u00e2ncias isoladas de suas raizes, atividade anti-inflamat\u00f3ria (<a href=\"http:\/\/www2.esalq.usp.br\/biblioteca\/file\/2562\/download?token=7Ow5LCxL\">clique aqui<\/a>).<\/li>\n<li>Apresenta potencial bioindicador para monitoramento da contamina\u00e7\u00e3o ambiental por diuron em \u00e1reas naturais. (<a href=\"https:\/\/www.sciencedirect.com\/science\/article\/abs\/pii\/S0147651317301793\">clique aqui<\/a>)<\/li>\n<li>A <em>Bauhinia variegata<\/em> Link, \u00e9 uma \u00f3tima forrageira arb\u00f3rea, muito rica em prote\u00edna e em hidratos de carbono. <a href=\"https:\/\/www.infoteca.cnptia.embrapa.br\/infoteca\/bitstream\/doc\/314128\/1\/CT0074.pdf\">(Clique aqui)<\/a><\/li>\n<\/ul>\n","protected":false},"excerpt":{"rendered":"<p>Bauhinia variegata Link. Fam\u00edlia: Fabaceae\u00a0 Nomes populares: Pata-de-vaca,\u00a0casco-de-vaca,\u00a0pata-de-boi,\u00a0pata-de-vaca-branca,\u00a0unha-de-boi\u00a0e\u00a0unha-de-vaca. Origem: China e \u00cdndia Distribui\u00e7\u00e3o Geogr\u00e1fica Ocorr\u00eancias confirmadas: Centro-0este\u00a0(Distrito Federal, Goi\u00e1s, Mato&#8230;<\/p>\n","protected":false},"author":24,"featured_media":0,"parent":27,"menu_order":0,"comment_status":"closed","ping_status":"closed","template":"","meta":{"footnotes":""},"class_list":["post-886","page","type-page","status-publish","hentry"],"_links":{"self":[{"href":"https:\/\/uenf.br\/projetos\/arvoresdauenf\/wp-json\/wp\/v2\/pages\/886","targetHints":{"allow":["GET"]}}],"collection":[{"href":"https:\/\/uenf.br\/projetos\/arvoresdauenf\/wp-json\/wp\/v2\/pages"}],"about":[{"href":"https:\/\/uenf.br\/projetos\/arvoresdauenf\/wp-json\/wp\/v2\/types\/page"}],"author":[{"embeddable":true,"href":"https:\/\/uenf.br\/projetos\/arvoresdauenf\/wp-json\/wp\/v2\/users\/24"}],"replies":[{"embeddable":true,"href":"https:\/\/uenf.br\/projetos\/arvoresdauenf\/wp-json\/wp\/v2\/comments?post=886"}],"version-history":[{"count":0,"href":"https:\/\/uenf.br\/projetos\/arvoresdauenf\/wp-json\/wp\/v2\/pages\/886\/revisions"}],"up":[{"embeddable":true,"href":"https:\/\/uenf.br\/projetos\/arvoresdauenf\/wp-json\/wp\/v2\/pages\/27"}],"wp:attachment":[{"href":"https:\/\/uenf.br\/projetos\/arvoresdauenf\/wp-json\/wp\/v2\/media?parent=886"}],"curies":[{"name":"wp","href":"https:\/\/api.w.org\/{rel}","templated":true}]}}