{"id":893,"date":"2019-10-01T10:19:42","date_gmt":"2019-10-01T13:19:42","guid":{"rendered":"http:\/\/uenf.br\/projetos\/arvoresdauenf\/?page_id=893"},"modified":"2022-06-02T11:30:06","modified_gmt":"2022-06-02T14:30:06","slug":"algodao-da-praia","status":"publish","type":"page","link":"https:\/\/uenf.br\/projetos\/arvoresdauenf\/especie-2\/algodao-da-praia\/","title":{"rendered":"Algodoeiro-da-praia"},"content":{"rendered":"<h2><em>Hibiscus tiliaceus <\/em>L.<\/h2>\n<h3><span style=\"color: #000000\">Fam\u00edlia:<strong> Malvaceae<\/strong><\/span><\/h3>\n<p>&nbsp;<\/p>\n<div id=\"attachment_1247\" style=\"width: 562px\" class=\"wp-caption aligncenter\"><img loading=\"lazy\" decoding=\"async\" aria-describedby=\"caption-attachment-1247\" class=\"wp-image-1247\" src=\"http:\/\/uenf.br\/projetos\/arvoresdauenf\/files\/2020\/03\/IMG_1436-1024x768.jpg\" alt=\"\" width=\"552\" height=\"414\" srcset=\"https:\/\/uenf.br\/projetos\/arvoresdauenf\/files\/2020\/03\/IMG_1436-1024x768.jpg 1024w, https:\/\/uenf.br\/projetos\/arvoresdauenf\/files\/2020\/03\/IMG_1436-300x225.jpg 300w, https:\/\/uenf.br\/projetos\/arvoresdauenf\/files\/2020\/03\/IMG_1436-768x576.jpg 768w, https:\/\/uenf.br\/projetos\/arvoresdauenf\/files\/2020\/03\/IMG_1436.jpg 1151w\" sizes=\"auto, (max-width: 552px) 100vw, 552px\" \/><p id=\"caption-attachment-1247\" class=\"wp-caption-text\">Algodoeiro da praia no campus de Maca\u00e9. Foto: Christian Ribeiro<\/p><\/div>\n<p>&nbsp;<\/p>\n<h3><strong><span style=\"color: #000000\">Nomes populares: algodoeiro da praia, a<b>lgodoeiro-da-\u00edndia, <\/b><b>majagua, aguaxima-do-mangue, baru, embira, embira-do-mangue, guaxima-do-mangue, ibaxama, manhoco, quiabo-do-mangue e uacima-da-praia.<\/b><\/span><\/strong><\/h3>\n<h3><strong>Origem: \u00a0Ilhas do Pac\u00edfico<\/strong><\/h3>\n<h3 id=\"distribuicaoGeografica\" class=\"label\"><strong>Distribui\u00e7\u00e3o Geogr\u00e1fica<\/strong><\/h3>\n<p><strong>Ocorr\u00eancias:<\/strong><\/p>\n<div class=\"tabelamapa\">\n<div id=\"tr-carregaTaxonGrupoDistribuicaoGeograficaCertezaNorte\" class=\"distribuicaoGeograficaCertezaNorte\">\n<ul>\n<li id=\"idFieldCertezaNorte\" class=\"field\"><b>Norte<\/b> (Acre, Amazonas, Amap\u00e1, Par\u00e1, Rond\u00f4nia, Roraima, Tocantins)<\/li>\n<li class=\"field\"><b>Nordeste<\/b> (Alagoas, Bahia, Maranh\u00e3o, Para\u00edba, Piau\u00ed)<\/li>\n<li class=\"field\"><b>Centro-Oeste<\/b> (Distrito Federal, Goi\u00e1s, Mato Grosso do Sul, Mato Grosso)<\/li>\n<li class=\"field\"><b>Sudeste<\/b> (Esp\u00edrito Santo, Minas Gerais, Rio de Janeiro, S\u00e3o Paulo)<\/li>\n<li class=\"field\"><b>Sul<\/b>\u00a0(Paran\u00e1, Rio Grande do Sul, Santa Catarina)<\/li>\n<\/ul>\n<\/div>\n<div>\n<div class=\"dominiosFitogeograficos\">\n<h3 class=\"label\"><strong>Dom\u00ednios Fitogeogr\u00e1ficos\u00a0<\/strong><i class=\"icon-question-sign\"><\/i><\/h3>\n<\/div>\n<div id=\"tr-carregaTaxonGrupoDominiosFitogeograficos\" class=\"dominiosFitogeograficos\">\n<ul>\n<li id=\"idFieldDominiosFitogeograficos\" class=\"field\">Amaz\u00f4nia, Caatinga, Cerrado, Mata Atl\u00e2ntica<\/li>\n<\/ul>\n<p><img loading=\"lazy\" decoding=\"async\" class=\"size-full wp-image-1729 aligncenter\" src=\"http:\/\/uenf.br\/projetos\/arvoresdauenf\/files\/2020\/08\/Algodoeiro-da-praia-min.jpg\" alt=\"\" width=\"406\" height=\"370\" srcset=\"https:\/\/uenf.br\/projetos\/arvoresdauenf\/files\/2020\/08\/Algodoeiro-da-praia-min.jpg 406w, https:\/\/uenf.br\/projetos\/arvoresdauenf\/files\/2020\/08\/Algodoeiro-da-praia-min-300x273.jpg 300w\" sizes=\"auto, (max-width: 406px) 100vw, 406px\" \/><\/p>\n<p>&nbsp;<\/p>\n<p>Fonte: Flora do Brasil, 2020 (<a href=\"http:\/\/reflora.jbrj.gov.br\/reflora\/listaBrasil\/ConsultaPublicaUC\/BemVindoConsultaPublicaConsultar.do?invalidatePageControlCounter=1&amp;idsFilhosAlgas=%5B2%5D&amp;idsFilhosFungos=%5B1%2C11%2C10%5D&amp;lingua=&amp;grupo=5&amp;genero=Hibiscus&amp;especie=tiliaceus&amp;autor=&amp;nomeVernaculo=&amp;nomeCompleto=&amp;formaVida=null&amp;substrato=null&amp;ocorreBrasil=QUALQUER&amp;ocorrencia=OCORRE&amp;endemismo=TODOS&amp;origem=TODOS&amp;regiao=QUALQUER&amp;estado=QUALQUER&amp;ilhaOceanica=32767&amp;domFitogeograficos=QUALQUER&amp;bacia=QUALQUER&amp;vegetacao=TODOS&amp;mostrarAte=SUBESP_VAR&amp;opcoesBusca=TODOS_OS_NOMES&amp;loginUsuario=Visitante&amp;senhaUsuario=&amp;contexto=consulta-publica\">clique aqui<\/a>)<\/p>\n<\/div>\n<\/div>\n<\/div>\n<h4><strong>\u00c9 uma esp\u00e9cie pantropical\u00a0<\/strong><\/h4>\n<p>O Algodoeiro da praia floresce e frutifica o ano inteiro, suas flores ocorrem isoladas ou em infloresc\u00eancias terminais. Abrem pela manh\u00e3 e caem ao longo do dia, avermelhando-se no processo de senesc\u00eancia.<\/p>\n<div id=\"attachment_1265\" style=\"width: 368px\" class=\"wp-caption aligncenter\"><img loading=\"lazy\" decoding=\"async\" aria-describedby=\"caption-attachment-1265\" class=\"wp-image-1265\" src=\"http:\/\/uenf.br\/projetos\/arvoresdauenf\/files\/2020\/06\/flores-300x201.jpg\" alt=\"\" width=\"358\" height=\"240\" srcset=\"https:\/\/uenf.br\/projetos\/arvoresdauenf\/files\/2020\/06\/flores-300x201.jpg 300w, https:\/\/uenf.br\/projetos\/arvoresdauenf\/files\/2020\/06\/flores-1024x685.jpg 1024w, https:\/\/uenf.br\/projetos\/arvoresdauenf\/files\/2020\/06\/flores-768x513.jpg 768w, https:\/\/uenf.br\/projetos\/arvoresdauenf\/files\/2020\/06\/flores.jpg 1252w\" sizes=\"auto, (max-width: 358px) 100vw, 358px\" \/><p id=\"caption-attachment-1265\" class=\"wp-caption-text\">Algodoeiro da praia florido, e em detalhe, a flor avermelhada, ap\u00f3s a queda. Foto: Deborah G. Barroso<\/p><\/div>\n<p>&nbsp;<\/p>\n<p>As flores apresentam androceu com por numerosos estames, cujos filetes acham-se soldados, formando um tubo estaminal. O estilete \u00e9 terminal, envolvido pelo tubo estaminal, o qual \u00e9 ultrapassado por cinco estigmas papilosos, de colora\u00e7\u00e3o p\u00farpura.\u00a0 (<a href=\"https:\/\/rodriguesia.jbrj.gov.br\/FASCICULOS\/rodrig51\/5_malv1.pdf\">Rocha e Neves, 2000<\/a>)<\/p>\n<div id=\"attachment_1267\" style=\"width: 339px\" class=\"wp-caption aligncenter\"><img loading=\"lazy\" decoding=\"async\" aria-describedby=\"caption-attachment-1267\" class=\"wp-image-1267\" src=\"http:\/\/uenf.br\/projetos\/arvoresdauenf\/files\/2020\/06\/20200628_164737-min-300x225.jpg\" alt=\"\" width=\"329\" height=\"247\" srcset=\"https:\/\/uenf.br\/projetos\/arvoresdauenf\/files\/2020\/06\/20200628_164737-min-300x225.jpg 300w, https:\/\/uenf.br\/projetos\/arvoresdauenf\/files\/2020\/06\/20200628_164737-min-1024x768.jpg 1024w, https:\/\/uenf.br\/projetos\/arvoresdauenf\/files\/2020\/06\/20200628_164737-min-768x576.jpg 768w, https:\/\/uenf.br\/projetos\/arvoresdauenf\/files\/2020\/06\/20200628_164737-min-1536x1152.jpg 1536w, https:\/\/uenf.br\/projetos\/arvoresdauenf\/files\/2020\/06\/20200628_164737-min-2048x1536.jpg 2048w\" sizes=\"auto, (max-width: 329px) 100vw, 329px\" \/><p id=\"caption-attachment-1267\" class=\"wp-caption-text\">Detalhe do tubo estaminal, envolvendo o estilete. Foto: Deborah G. Barroso<\/p><\/div>\n<h4><\/h4>\n<h3><strong>Curiosidades:<\/strong><\/h3>\n<ul>\n<li>O extrato etan\u00f3lico das flores de <em>Hibiscus tiliaceus<\/em> L. apresentam\u00a0propriedades antioxidantes e antimutag\u00eanicas (<a href=\"http:\/\/www.dominiopublico.gov.br\/pesquisa\/DetalheObraForm.do?select_action=&amp;co_obra=144834\">Maganha, 2009<\/a>)<\/li>\n<li>O extrato aquoso da madeira apresen\u00e7a a\u00e7\u00e3o espermicida, por ingest\u00e3o oral (<a href=\"https:\/\/www.lume.ufrgs.br\/bitstream\/handle\/10183\/6036\/000524022.pdf\">clique aqui<\/a>).<\/li>\n<\/ul>\n","protected":false},"excerpt":{"rendered":"<p>Hibiscus tiliaceus L. Fam\u00edlia: Malvaceae &nbsp; &nbsp; Nomes populares: algodoeiro da praia, algodoeiro-da-\u00edndia, majagua, aguaxima-do-mangue, baru, embira, embira-do-mangue, guaxima-do-mangue, ibaxama,&#8230;<\/p>\n","protected":false},"author":24,"featured_media":0,"parent":27,"menu_order":0,"comment_status":"closed","ping_status":"closed","template":"","meta":{"footnotes":""},"class_list":["post-893","page","type-page","status-publish","hentry"],"_links":{"self":[{"href":"https:\/\/uenf.br\/projetos\/arvoresdauenf\/wp-json\/wp\/v2\/pages\/893","targetHints":{"allow":["GET"]}}],"collection":[{"href":"https:\/\/uenf.br\/projetos\/arvoresdauenf\/wp-json\/wp\/v2\/pages"}],"about":[{"href":"https:\/\/uenf.br\/projetos\/arvoresdauenf\/wp-json\/wp\/v2\/types\/page"}],"author":[{"embeddable":true,"href":"https:\/\/uenf.br\/projetos\/arvoresdauenf\/wp-json\/wp\/v2\/users\/24"}],"replies":[{"embeddable":true,"href":"https:\/\/uenf.br\/projetos\/arvoresdauenf\/wp-json\/wp\/v2\/comments?post=893"}],"version-history":[{"count":0,"href":"https:\/\/uenf.br\/projetos\/arvoresdauenf\/wp-json\/wp\/v2\/pages\/893\/revisions"}],"up":[{"embeddable":true,"href":"https:\/\/uenf.br\/projetos\/arvoresdauenf\/wp-json\/wp\/v2\/pages\/27"}],"wp:attachment":[{"href":"https:\/\/uenf.br\/projetos\/arvoresdauenf\/wp-json\/wp\/v2\/media?parent=893"}],"curies":[{"name":"wp","href":"https:\/\/api.w.org\/{rel}","templated":true}]}}