{"id":953,"date":"2019-12-13T14:49:47","date_gmt":"2019-12-13T17:49:47","guid":{"rendered":"http:\/\/uenf.br\/projetos\/arvoresdauenf\/?page_id=953"},"modified":"2024-03-26T14:24:22","modified_gmt":"2024-03-26T17:24:22","slug":"amora","status":"publish","type":"page","link":"https:\/\/uenf.br\/projetos\/arvoresdauenf\/especie-2\/amora\/","title":{"rendered":"Amora"},"content":{"rendered":"<h2><strong><em>Morus nigra\u00a0<\/em><\/strong>L.<\/h2>\n<div id=\"attachment_1616\" style=\"width: 428px\" class=\"wp-caption aligncenter\"><img loading=\"lazy\" decoding=\"async\" aria-describedby=\"caption-attachment-1616\" class=\"wp-image-1616\" src=\"http:\/\/uenf.br\/projetos\/arvoresdauenf\/files\/2020\/08\/IMG_20200724_092507426_HDR-768x1024.jpg\" alt=\"\" width=\"418\" height=\"557\" srcset=\"https:\/\/uenf.br\/projetos\/arvoresdauenf\/files\/2020\/08\/IMG_20200724_092507426_HDR-768x1024.jpg 768w, https:\/\/uenf.br\/projetos\/arvoresdauenf\/files\/2020\/08\/IMG_20200724_092507426_HDR-225x300.jpg 225w, https:\/\/uenf.br\/projetos\/arvoresdauenf\/files\/2020\/08\/IMG_20200724_092507426_HDR-1152x1536.jpg 1152w, https:\/\/uenf.br\/projetos\/arvoresdauenf\/files\/2020\/08\/IMG_20200724_092507426_HDR-1536x2048.jpg 1536w\" sizes=\"auto, (max-width: 418px) 100vw, 418px\" \/><p id=\"caption-attachment-1616\" class=\"wp-caption-text\">Amoreiras no campus Leonel Brizola. Foto: Christian Ribeiro<span style=\"font-size: 16px\">\u00a0<\/span><\/p><\/div>\n<div id=\"attachment_1617\" style=\"width: 428px\" class=\"wp-caption aligncenter\"><img loading=\"lazy\" decoding=\"async\" aria-describedby=\"caption-attachment-1617\" class=\"wp-image-1617\" src=\"http:\/\/uenf.br\/projetos\/arvoresdauenf\/files\/2020\/08\/IMG_4673-768x1024.jpg\" alt=\"\" width=\"418\" height=\"557\" srcset=\"https:\/\/uenf.br\/projetos\/arvoresdauenf\/files\/2020\/08\/IMG_4673-768x1024.jpg 768w, https:\/\/uenf.br\/projetos\/arvoresdauenf\/files\/2020\/08\/IMG_4673-225x300.jpg 225w, https:\/\/uenf.br\/projetos\/arvoresdauenf\/files\/2020\/08\/IMG_4673-1152x1536.jpg 1152w, https:\/\/uenf.br\/projetos\/arvoresdauenf\/files\/2020\/08\/IMG_4673-1536x2048.jpg 1536w\" sizes=\"auto, (max-width: 418px) 100vw, 418px\" \/><p id=\"caption-attachment-1617\" class=\"wp-caption-text\">Foto: Yara Pereira<\/p><\/div>\n<div id=\"attachment_1656\" style=\"width: 420px\" class=\"wp-caption aligncenter\"><img loading=\"lazy\" decoding=\"async\" aria-describedby=\"caption-attachment-1656\" class=\"wp-image-1656\" src=\"http:\/\/uenf.br\/projetos\/arvoresdauenf\/files\/2020\/08\/IMG_4985-e1596670991221-768x1024.jpg\" alt=\"\" width=\"410\" height=\"547\" srcset=\"https:\/\/uenf.br\/projetos\/arvoresdauenf\/files\/2020\/08\/IMG_4985-e1596670991221-768x1024.jpg 768w, https:\/\/uenf.br\/projetos\/arvoresdauenf\/files\/2020\/08\/IMG_4985-e1596670991221-225x300.jpg 225w, https:\/\/uenf.br\/projetos\/arvoresdauenf\/files\/2020\/08\/IMG_4985-e1596670991221-1152x1536.jpg 1152w, https:\/\/uenf.br\/projetos\/arvoresdauenf\/files\/2020\/08\/IMG_4985-e1596670991221-1536x2048.jpg 1536w\" sizes=\"auto, (max-width: 410px) 100vw, 410px\" \/><p id=\"caption-attachment-1656\" class=\"wp-caption-text\">Foto: Yara Pereira<\/p><\/div>\n<h3><span style=\"color: #000000\">Fam\u00edlia: Moraceae\u00a0<\/span><\/h3>\n<h3><strong><span style=\"color: #000000\">Nomes populares: \u00a0amoreira-negra, amora-negra, amora-preta, amoreira, amoreira-do-bicho-da-seda, amoreira-preta<\/span><\/strong><\/h3>\n<h3>Origem: China<\/h3>\n<h3 id=\"distribuicaoGeografica\" class=\"label\"><strong>Distribui\u00e7\u00e3o Geogr\u00e1fica<\/strong><\/h3>\n<h4 id=\"distribuicaoGeografica\" class=\"label\"><strong>Ocorr\u00eancias Confirmadas<\/strong><\/h4>\n<ul>\n<li><b>Norte<\/b> (Amazonas, Par\u00e1)<\/li>\n<li><b>Nordeste<\/b> (Bahia, Para\u00edba, Pernambuco)<\/li>\n<li><b>Centro-oeste<\/b> (Mato Grosso do Sul)<\/li>\n<li><b>Sudeste<\/b>\u00a0(Esp\u00edrito Santo, Minas Gerais, Rio de Janeiro, S\u00e3o Paulo)<\/li>\n<li><b>Sul<\/b> (Paran\u00e1, Rio Grande do Sul, Santa Catarina)<\/li>\n<\/ul>\n<div id=\"ocorrencia_confirmada\" class=\"label\"><strong>Poss\u00edveis Ocorr\u00eancias:<\/strong><\/div>\n<ul>\n<li><b>Norte<\/b> (Acre, Rond\u00f4nia, Tocantins)<\/li>\n<li><b>Nordeste<\/b> (Alagoas, Cear\u00e1, Piau\u00ed, Sergipe)<\/li>\n<li><b>Centro-oeste<\/b> (Mato Grosso, Distrito Federal, Goi\u00e1s)<\/li>\n<\/ul>\n<p><img loading=\"lazy\" decoding=\"async\" class=\" wp-image-2658 aligncenter\" src=\"https:\/\/uenf.br\/projetos\/arvoresdauenf\/files\/2024\/03\/Amora-284x300.png\" alt=\"\" width=\"361\" height=\"381\" srcset=\"https:\/\/uenf.br\/projetos\/arvoresdauenf\/files\/2024\/03\/Amora-284x300.png 284w, https:\/\/uenf.br\/projetos\/arvoresdauenf\/files\/2024\/03\/Amora.png 351w\" sizes=\"auto, (max-width: 361px) 100vw, 361px\" \/><\/p>\n<h3><strong>Curiosidades:<\/strong><\/h3>\n<ul>\n<li>Na medicina popular \u00e9 empregada nos casos de ondas de calor da menopausa e indicada como terapia de reposi\u00e7\u00e3o hormonal. (<a href=\"http:\/\/www.scielo.br\/scielo.php?script=sci_arttext&amp;pid=S0102-695X2010000400024\">clique aqui<\/a>)<\/li>\n<li>Possui atividade antioxidante, hipoglicemiante, antiinflamat\u00f3ria e antimicrobiana. (<a href=\"http:\/\/www.scielo.br\/scielo.php?script=sci_arttext&amp;pid=S0102-695X2010000400024\">clique aqui<\/a>)<\/li>\n<li>O ch\u00e1 das folhas (decocto) \u00e9 bastante utilizado pela popula\u00e7\u00e3o local para o tratamento de diabetes, colesterol, problemas cardiovasculares, obesidade e gota. (<a href=\"http:\/\/www.scielo.br\/scielo.php?pid=S1516-05722013000200012&amp;script=sci_arttext\">clique aqui<\/a>)<\/li>\n<li>Suas folhas servem como alimento para o bicho-da-seda (Nomura, 1988). (<a href=\"http:\/\/www.scielo.br\/scielo.php?pid=S1516-05722013000200012&amp;script=sci_arttext\">clique aqui<\/a>)<\/li>\n<li>Indicada para tratamento da Bronquite (Infus\u00e3o da casca da raiz); da Pneumonia (folhas e xarope), Infec\u00e7\u00f5es e reumatismo (ch\u00e1s de ra\u00edzes e folhas), expectorante (gargarejo com o ch\u00e1 morno das folhas), diarr\u00e9ia (xarope) (<a href=\"http:\/\/www.aems.com.br\/conexao\/edicaoanterior\/Sumario\/downloads\/2012\/saude\/EFEITOS%20DAS%20FOLHAS,%20CASCAS,%20RA%C3%8DZES%20E%20FRUTOS%20DA%20AMOREIRA%20(Morus%20Nigra%20L.)%20UTILIZADOS%20COMO%20FITOTER%C3%81PICO%20NA%20MEDICINA%20POPULAR.pdf\">clique aqui<\/a>)<\/li>\n<li>Em regi\u00f5es do Brasil como Vale do S\u00e3o Francisco, o ch\u00e1 das folhas (decocto) \u00e9 bastante utilizado pela popula\u00e7\u00e3o local para o tratamento de diabetes, colesterol, problemas cardiovasculares, obesidade e gota (<a href=\"http:\/\/www.scielo.br\/scielo.php?pid=S1516-05722013000200012&amp;script=sci_arttext\">clique aqui<\/a>)<\/li>\n<\/ul>\n","protected":false},"excerpt":{"rendered":"<p>Morus nigra\u00a0L. Fam\u00edlia: Moraceae\u00a0 Nomes populares: \u00a0amoreira-negra, amora-negra, amora-preta, amoreira, amoreira-do-bicho-da-seda, amoreira-preta Origem: China Distribui\u00e7\u00e3o Geogr\u00e1fica Ocorr\u00eancias Confirmadas Norte (Amazonas,&#8230;<\/p>\n","protected":false},"author":24,"featured_media":0,"parent":27,"menu_order":0,"comment_status":"closed","ping_status":"closed","template":"","meta":{"footnotes":""},"class_list":["post-953","page","type-page","status-publish","hentry"],"_links":{"self":[{"href":"https:\/\/uenf.br\/projetos\/arvoresdauenf\/wp-json\/wp\/v2\/pages\/953","targetHints":{"allow":["GET"]}}],"collection":[{"href":"https:\/\/uenf.br\/projetos\/arvoresdauenf\/wp-json\/wp\/v2\/pages"}],"about":[{"href":"https:\/\/uenf.br\/projetos\/arvoresdauenf\/wp-json\/wp\/v2\/types\/page"}],"author":[{"embeddable":true,"href":"https:\/\/uenf.br\/projetos\/arvoresdauenf\/wp-json\/wp\/v2\/users\/24"}],"replies":[{"embeddable":true,"href":"https:\/\/uenf.br\/projetos\/arvoresdauenf\/wp-json\/wp\/v2\/comments?post=953"}],"version-history":[{"count":0,"href":"https:\/\/uenf.br\/projetos\/arvoresdauenf\/wp-json\/wp\/v2\/pages\/953\/revisions"}],"up":[{"embeddable":true,"href":"https:\/\/uenf.br\/projetos\/arvoresdauenf\/wp-json\/wp\/v2\/pages\/27"}],"wp:attachment":[{"href":"https:\/\/uenf.br\/projetos\/arvoresdauenf\/wp-json\/wp\/v2\/media?parent=953"}],"curies":[{"name":"wp","href":"https:\/\/api.w.org\/{rel}","templated":true}]}}